{"id":1277,"date":"2017-10-20T15:45:45","date_gmt":"2017-10-20T18:45:45","guid":{"rendered":"http:\/\/jies.cse.udelar.edu.uy\/?page_id=1277"},"modified":"2017-10-20T15:45:45","modified_gmt":"2017-10-20T18:45:45","slug":"redes-de-investigacion-experiencias-en-la-region","status":"publish","type":"page","link":"https:\/\/www.cse.udelar.edu.uy\/jies2017\/redes-de-investigacion-experiencias-en-la-region\/","title":{"rendered":"Redes de investigaci\u00f3n. Experiencias en la regi\u00f3n"},"content":{"rendered":"<div class=\"fusion-fullwidth fullwidth-box fusion-builder-row-1 nonhundred-percent-fullwidth non-hundred-percent-height-scrolling\" style=\"background-color: rgba(255,255,255,0);background-position: center center;background-repeat: no-repeat;padding-top:0px;padding-right:0px;padding-bottom:0px;padding-left:0px;margin-bottom: 0px;margin-top: 0px;border-width: 0px 0px 0px 0px;border-color:#eaeaea;border-style:solid;\" ><div class=\"fusion-builder-row fusion-row\"><div class=\"fusion-layout-column fusion_builder_column fusion-builder-column-0 fusion_builder_column_1_1 1_1 fusion-one-full fusion-column-first fusion-column-last\" style=\"margin-top:0px;margin-bottom:0px;\"><div class=\"fusion-column-wrapper fusion-flex-column-wrapper-legacy\" style=\"background-position:left top;background-repeat:no-repeat;-webkit-background-size:cover;-moz-background-size:cover;-o-background-size:cover;background-size:cover;padding: 0px 0px 0px 0px;\"><style type=\"text\/css\"><\/style><div class=\"fusion-title title fusion-title-1 fusion-title-text fusion-title-size-two\" style=\"margin-top:0%;margin-bottom:30px;\"><h2 class=\"title-heading-left\" style=\"margin:0;\"><span style=\"color: #5e4aad\">26 de octubre | 14:15 a 16:15 hs.<\/span><\/h2><div class=\"title-sep-container\"><div class=\"title-sep sep-single sep-dotted\" style=\"border-color:#5e4aad;\"><\/div><\/div><\/div><div class=\"fusion-text fusion-text-1\"><p>En los nuevos contextos de internacionalizaci\u00f3n de la educaci\u00f3n superior en los que se desenvuelve el trabajo acad\u00e9mico y la investigaci\u00f3n, en particular, las redes acad\u00e9micas han asumido una din\u00e1mica que ampl\u00eda y fortalece nuevas formas de producci\u00f3n y difusi\u00f3n del conocimiento. Las nuevas tecnolog\u00edas de la comunicaci\u00f3n y de la informaci\u00f3n contribuyeron, en gran medida, en la vinculaci\u00f3n de comunidades acad\u00e9micas preocupadas en aunar esfuerzos y compartir experiencias, perspectivas y enfoques de abordaje en la investigaci\u00f3n de problem\u00e1ticas clave sobre la educaci\u00f3n superior de la regi\u00f3n. Entre otras experiencias promovidas en los \u00faltimos a\u00f1os se destacan dos convocatorias (y una tercera en preparaci\u00f3n) realizadas por el N\u00facleo de Estudios e Investigaciones en Educaci\u00f3n Superior del Sector Educativo del Mercosur destinadas a la conformaci\u00f3n de redes de investigaci\u00f3n sobre temas que fueron identificados por los pa\u00edses como \u00e1reas de vacancia o que requer\u00edan actualizaci\u00f3n, atendiendo a la expansi\u00f3n y complejidad que adquiri\u00f3 la ES en las \u00faltimas d\u00e9cadas.<\/p>\n<p>En el marco de las Jornadas de Investigaci\u00f3n en Educaci\u00f3n Superior organizadas por UDELAR el panel sobre Redes de investigaci\u00f3n. Experiencias en la regi\u00f3n fue pensado como un espacio de reflexi\u00f3n y debate sobre el papel de las redes de investigaci\u00f3n. A modo de sugerencia acercamos a los panelistas algunos t\u00f3picos que podr\u00edan ser de inter\u00e9s abordar sobre todo en el debate posterior a las exposiciones, en relaci\u00f3n con la importancia de las redes en: 1) la producci\u00f3n y diseminaci\u00f3n de conocimiento sobre temas prioritarios para los pa\u00edses de la regi\u00f3n; 2) la integraci\u00f3n acad\u00e9mica solidaria de la regi\u00f3n, en lo vinculado a la conformaci\u00f3n de un Espacio de Educaci\u00f3n Superior Com\u00fan latinoamericano; 3) el desarrollo y mejoramiento de la formaci\u00f3n acad\u00e9mica(grado\/postgrado) en las universidades de la regi\u00f3n, desde una perspectiva comparada; 4) su contribuci\u00f3n en los procesos de formulaci\u00f3n de pol\u00edticas p\u00fablicas y toma de decisiones en educaci\u00f3n superior para los pa\u00edses.<\/p>\n<\/div><style type=\"text\/css\"><\/style><div class=\"fusion-title title fusion-title-2 fusion-title-text fusion-title-size-two\" style=\"margin-top:0%;margin-bottom:30px;\"><h2 class=\"title-heading-left\" style=\"margin:0;\"><span style=\"color: #5e4aad\">Panelistas<\/span><\/h2><div class=\"title-sep-container\"><div class=\"title-sep sep-single sep-dotted\" style=\"border-color:#5e4aad;\"><\/div><\/div><\/div><div class=\"fusion-text fusion-text-2\"><p><img loading=\"lazy\" class=\"size-thumbnail wp-image-1302 alignleft\" src=\"http:\/\/www.cse.udelar.edu.uy\/jies2017\/wp-content\/uploads\/sites\/5\/2017\/10\/pe\u0301rez_centeno-150x150.jpg\" alt=\"\" width=\"150\" height=\"150\" srcset=\"https:\/\/www.cse.udelar.edu.uy\/jies2017\/wp-content\/uploads\/sites\/5\/2017\/10\/pe\u0301rez_centeno-66x66.jpg 66w, https:\/\/www.cse.udelar.edu.uy\/jies2017\/wp-content\/uploads\/sites\/5\/2017\/10\/pe\u0301rez_centeno-150x150.jpg 150w, https:\/\/www.cse.udelar.edu.uy\/jies2017\/wp-content\/uploads\/sites\/5\/2017\/10\/pe\u0301rez_centeno.jpg 215w\" sizes=\"(max-width: 150px) 100vw, 150px\" \/><\/p>\n<p><strong>Cristian P\u00e9rez Centeno. Universidad Tres de Febrero, Argentina<br \/>\n<\/strong><\/p>\n<p><span class=\"m_-2370654802097582742gmail-g\"><span class=\"m_-2370654802097582742gmail-a\">Especialista en Gesti\u00f3n Universitaria. <\/span><\/span><span class=\"m_-2370654802097582742gmail-a\">Licenciado en Ciencias de la Educaci\u00f3n. <\/span><span class=\"m_-2370654802097582742gmail-a\">Profesor para la Ense\u00f1anza Primaria<\/span><\/p>\n<\/div><div class=\"fusion-sep-clear\"><\/div><div class=\"fusion-separator fusion-full-width-sep\" style=\"margin-left: auto;margin-right: auto;margin-top:10px;margin-bottom:10px;width:100%;\"><div class=\"fusion-separator-border sep-single sep-dotted\" style=\"border-color:#adadad;border-top-width:1px;\"><\/div><\/div><div class=\"fusion-sep-clear\"><\/div><div class=\"fusion-text fusion-text-3\"><h3><strong><img loading=\"lazy\" class=\"size-thumbnail wp-image-1280 alignleft\" src=\"http:\/\/www.cse.udelar.edu.uy\/jies2017\/wp-content\/uploads\/sites\/5\/2017\/10\/celio_cunha_606_455-150x150.jpg\" alt=\"\" width=\"150\" height=\"150\" srcset=\"https:\/\/www.cse.udelar.edu.uy\/jies2017\/wp-content\/uploads\/sites\/5\/2017\/10\/celio_cunha_606_455-66x66.jpg 66w, https:\/\/www.cse.udelar.edu.uy\/jies2017\/wp-content\/uploads\/sites\/5\/2017\/10\/celio_cunha_606_455-150x150.jpg 150w, https:\/\/www.cse.udelar.edu.uy\/jies2017\/wp-content\/uploads\/sites\/5\/2017\/10\/celio_cunha_606_455.jpg 606w\" sizes=\"(max-width: 150px) 100vw, 150px\" \/><\/strong><\/h3>\n<p><strong>C\u00e9lio Da Cunha. Universidad Cat\u00f3lica de Brasilia, Brasil<br \/>\n<\/strong><\/p>\n<p>Bachiller y Licenciado en Pedagog\u00eda por la Universidad Presbiteriana Mackenzie (1968), Magister en Educaci\u00f3n por la Universidad de Brasilia (1980) y Doctor en Educaci\u00f3n por la Universidad Estatal de Campinas (1987).<\/p>\n<\/div><div class=\"fusion-sep-clear\"><\/div><div class=\"fusion-separator fusion-full-width-sep\" style=\"margin-left: auto;margin-right: auto;margin-top:10px;margin-bottom:10px;width:100%;\"><div class=\"fusion-separator-border sep-single sep-dotted\" style=\"border-color:#adadad;border-top-width:1px;\"><\/div><\/div><div class=\"fusion-sep-clear\"><\/div><div class=\"fusion-text fusion-text-4\"><p><strong>Lincoln B<img loading=\"lazy\" class=\"size-thumbnail wp-image-1289 alignleft\" src=\"http:\/\/www.cse.udelar.edu.uy\/jies2017\/wp-content\/uploads\/sites\/5\/2017\/10\/linbiz-150x150.jpg\" alt=\"\" width=\"150\" height=\"150\" srcset=\"https:\/\/www.cse.udelar.edu.uy\/jies2017\/wp-content\/uploads\/sites\/5\/2017\/10\/linbiz-66x66.jpg 66w, https:\/\/www.cse.udelar.edu.uy\/jies2017\/wp-content\/uploads\/sites\/5\/2017\/10\/linbiz-150x150.jpg 150w, https:\/\/www.cse.udelar.edu.uy\/jies2017\/wp-content\/uploads\/sites\/5\/2017\/10\/linbiz.jpg 480w\" sizes=\"(max-width: 150px) 100vw, 150px\" \/>izzozero. Universidad de la Rep\u00fablica, Uruguay<br \/>\n<\/strong><\/p>\n<div>\n<div>Unidad Multidisciplinaria &#8211; Programa Estudios Internacionales de Facultad de Ciencias Sociales. Universidad de la Rep\u00fablica, Uruguay. Doctor en Ciencia Pol\u00edtica (Universite Libre de Bruxelles , B\u00e9lgica).<\/div>\n<\/div>\n<\/div><div class=\"fusion-sep-clear\"><\/div><div class=\"fusion-separator fusion-full-width-sep\" style=\"margin-left: auto;margin-right: auto;margin-top:10px;margin-bottom:10px;width:100%;\"><\/div><div class=\"fusion-sep-clear\"><\/div><style type=\"text\/css\"><\/style><div class=\"fusion-title title fusion-title-3 fusion-title-text fusion-title-size-three\" style=\"margin-top:0%;margin-bottom:30px;\"><h3 class=\"title-heading-left\" style=\"margin:0;\">Modera<\/h3><div class=\"title-sep-container\"><div class=\"title-sep sep-single sep-dotted\" style=\"border-color:#5e4aad;\"><\/div><\/div><\/div><div class=\"fusion-text fusion-text-5\"><p><img loading=\"lazy\" class=\"size-thumbnail wp-image-1348 alignleft\" src=\"http:\/\/www.cse.udelar.edu.uy\/jies2017\/wp-content\/uploads\/sites\/5\/2017\/10\/Estela_Miranda-150x150.png\" alt=\"\" width=\"150\" height=\"150\" srcset=\"https:\/\/www.cse.udelar.edu.uy\/jies2017\/wp-content\/uploads\/sites\/5\/2017\/10\/Estela_Miranda-66x66.png 66w, https:\/\/www.cse.udelar.edu.uy\/jies2017\/wp-content\/uploads\/sites\/5\/2017\/10\/Estela_Miranda-150x150.png 150w, https:\/\/www.cse.udelar.edu.uy\/jies2017\/wp-content\/uploads\/sites\/5\/2017\/10\/Estela_Miranda.png 383w\" sizes=\"(max-width: 150px) 100vw, 150px\" \/><strong><span class=\"m_-1547809805913726707gmail-st\">Estela Miranda. Universidad Nacional de C\u00f3rdoba, Argentina<\/span><br \/>\n<\/strong><\/p>\n<div>\n<div>Representante NEIES-MERCOSUR, Universidad Nacional de C\u00f3rdoba. Directora del Doctorado en Ciencias de la Educaci\u00f3n<\/div>\n<\/div>\n<\/div><div class=\"fusion-clearfix\"><\/div><\/div><\/div><\/div><\/div>\n","protected":false},"excerpt":{"rendered":"","protected":false},"author":2,"featured_media":0,"parent":0,"menu_order":0,"comment_status":"closed","ping_status":"closed","template":"","meta":[],"_links":{"self":[{"href":"https:\/\/www.cse.udelar.edu.uy\/jies2017\/wp-json\/wp\/v2\/pages\/1277"}],"collection":[{"href":"https:\/\/www.cse.udelar.edu.uy\/jies2017\/wp-json\/wp\/v2\/pages"}],"about":[{"href":"https:\/\/www.cse.udelar.edu.uy\/jies2017\/wp-json\/wp\/v2\/types\/page"}],"author":[{"embeddable":true,"href":"https:\/\/www.cse.udelar.edu.uy\/jies2017\/wp-json\/wp\/v2\/users\/2"}],"replies":[{"embeddable":true,"href":"https:\/\/www.cse.udelar.edu.uy\/jies2017\/wp-json\/wp\/v2\/comments?post=1277"}],"version-history":[{"count":0,"href":"https:\/\/www.cse.udelar.edu.uy\/jies2017\/wp-json\/wp\/v2\/pages\/1277\/revisions"}],"wp:attachment":[{"href":"https:\/\/www.cse.udelar.edu.uy\/jies2017\/wp-json\/wp\/v2\/media?parent=1277"}],"curies":[{"name":"wp","href":"https:\/\/api.w.org\/{rel}","templated":true}]}}