{"id":14941,"date":"2016-11-25T13:17:25","date_gmt":"2016-11-25T13:17:25","guid":{"rendered":"http:\/\/www.cse.udelar.edu.uy\/?page_id=14941"},"modified":"2016-11-25T13:17:25","modified_gmt":"2016-11-25T13:17:25","slug":"proyectos-concursables-2017","status":"publish","type":"page","link":"https:\/\/www.cse.udelar.edu.uy\/jornadas\/proyectos-concursables-2017\/","title":{"rendered":"Llamados a proyectos concursables 2017"},"content":{"rendered":"<p><div class=\"fusion-fullwidth fullwidth-box fusion-builder-row-1 nonhundred-percent-fullwidth non-hundred-percent-height-scrolling\" style=\"background-color: rgba(255,255,255,0);background-position: center center;background-repeat: no-repeat;padding-top:0px;padding-right:0px;padding-bottom:0px;padding-left:0px;margin-bottom: 0px;margin-top: 0px;border-width: 0px 0px 0px 0px;border-color:#eae9e9;border-style:solid;\" ><div class=\"fusion-builder-row fusion-row\"><div class=\"fusion-layout-column fusion_builder_column fusion-builder-column-0 fusion_builder_column_1_1 1_1 fusion-one-full fusion-column-first fusion-column-last\" style=\"margin-top:0px;margin-bottom:0px;\"><div class=\"fusion-column-wrapper fusion-flex-column-wrapper-legacy\" style=\"background-position:left top;background-repeat:no-repeat;-webkit-background-size:cover;-moz-background-size:cover;-o-background-size:cover;background-size:cover;padding: 0px 0px 0px 0px;\"><div class=\"fusion-text fusion-text-1\"><\/div><div class=\"fusion-modal modal fade modal-1 manuales\" tabindex=\"-1\" role=\"dialog\" aria-labelledby=\"modal-heading-1\" aria-hidden=\"true\"><style type=\"text\/css\">.modal-1 .modal-header, .modal-1 .modal-footer{border-color:#ebebeb;}<\/style><div class=\"modal-dialog modal-lg\"><div class=\"modal-content fusion-modal-content\" style=\"background-color:#f6f6f6\"><div class=\"modal-header\"><button class=\"close\" type=\"button\" data-dismiss=\"modal\" aria-hidden=\"true\">&times;<\/button><h3 class=\"modal-title\" id=\"modal-heading-1\" data-dismiss=\"modal\" aria-hidden=\"true\">Elaboraci\u00f3n de Manuales Did\u00e1cticos para la ense\u00f1anza de grado<\/h3><\/div><div class=\"modal-body fusion-clearfix\">La Comisi\u00f3n Sectorial de Ense\u00f1anza llama a docentes universitarios a presentar propuestas de elaboraci\u00f3n de manuales did\u00e1cticos dirigidos a estudiantes que cursan unidades curriculares de los Planes de Estudios de la Universidad de la Rep\u00fablica.<\/p>\n<p>Se entiende por manual did\u00e1ctico una publicaci\u00f3n en el que la presentaci\u00f3n de los contenidos de la disciplina est\u00e1 orientado por su uso para la ense\u00f1anza y el aprendizaje. En este llamado el Manual ser\u00e1 digital y deber\u00e1 estar disponible para su descarga gratuita en la web, pudi\u00e9ndose utilizar adicionalmente otros soportes como CD, DVD, Pendrive, etc.<\/p>\n<p>Tiene por objetivos:<\/p>\n<p>a) Promover la elaboraci\u00f3n de manuales did\u00e1cticos en soporte digital, creados espec\u00edficamente para una o m\u00e1s unidades curriculares de Planes de Estudios de la Udelar o partes sustanciales de ellas.<\/p>\n<p>b) Mejorar las condiciones de aprendizaje de los estudiantes.<\/p>\n<p>c) Propiciar la autoformaci\u00f3n docente a trav\u00e9s de la reflexi\u00f3n sobre sus pr\u00e1cticas y sobre el estado del arte en su disciplina. Secundariamente, esta actividad colaborar\u00e1 en la constituci\u00f3n de tradiciones disciplinares.<div class=\"fusion-alignleft\"><a class=\"fusion-button button-flat button-large button-orange button-1 fusion-button-default-span fusion-button-default-type\" target=\"_blank\" rel=\"noopener noreferrer\" title=\"Bases\" href=\"http:\/\/www.cse.udelar.edu.uy\/wp-content\/uploads\/2016\/11\/Bases-manuales-didacticos-2017-ultima.pdf\"><span class=\"fusion-button-icon-divider button-icon-divider-left\"><i class=\" fa fa-file-pdf-o\" aria-hidden=\"true\"><\/i><\/span><span class=\"fusion-button-text fusion-button-text-left\">Bases<\/span><\/a><\/div><div class=\"fusion-alignleft\"><a class=\"fusion-button button-flat button-large button-orange button-2 fusion-button-default-span fusion-button-default-type\" target=\"_blank\" rel=\"noopener noreferrer\" href=\"http:\/\/www.cse.udelar.edu.uy\/wp-content\/uploads\/2016\/11\/manuales2017_ul.pdf\"><span class=\"fusion-button-icon-divider button-icon-divider-left\"><i class=\" fa fa-file-pdf-o\" aria-hidden=\"true\"><\/i><\/span><span class=\"fusion-button-text fusion-button-text-left\">Formulario PDF Instructivo<\/span><\/a><\/div><div class=\"fusion-alignleft\"><a class=\"fusion-button button-flat button-large button-orange button-3 fusion-button-default-span fusion-button-default-type\" target=\"_blank\" rel=\"noopener noreferrer\" href=\"http:\/\/formularios.cse.edu.uy\/\"><span class=\"fusion-button-icon-divider button-icon-divider-left\"><i class=\" fa fa-file-text\" aria-hidden=\"true\"><\/i><\/span><span class=\"fusion-button-text fusion-button-text-left\">Formulario electr\u00f3nico<\/span><\/a><\/div><div class=\"fusion-sep-clear\"><\/div><div class=\"fusion-separator fusion-full-width-sep\" style=\"margin-left: auto;margin-right: auto;margin-top:5px;margin-bottom:5px;width:100%;\"><div class=\"fusion-separator-border sep-double\" style=\"border-color:#990000;border-top-width:0px;border-bottom-width:0px;\"><\/div><\/div><div class=\"fusion-sep-clear\"><\/div>\n<p><strong>Nota:<\/strong> Los formularios electr\u00f3nicos se habilitar\u00e1n en las fechas de apertura respectivas<\/p>\n<div class=\"fusion-sep-clear\"><\/div><div class=\"fusion-separator fusion-has-icon fusion-full-width-sep\" style=\"margin-left: auto;margin-right: auto;margin-top:30px;margin-bottom:20px;width:100%;\"><div class=\"fusion-separator-border sep-single sep-dotted\" style=\"border-color:#990000;border-top-width:1px;\"><\/div><span class=\"icon-wrapper\" style=\"border-color:transparent;font-size:14px;width: 1.75em; height: 1.75em;border-width:1px;padding:1px;margin-top:-0.5px\"><i class=\" fa fa-info-circle\" style=\"font-size: inherit;color:#990000;\" aria-hidden=\"true\"><\/i><\/span><div class=\"fusion-separator-border sep-single sep-dotted\" style=\"border-color:#990000;border-top-width:1px;\"><\/div><\/div><div class=\"fusion-sep-clear\"><\/div>\n<h3><strong>Referentes del llamado: Beatriz Diconca &#8211; Vanesa Sanguinetti<br \/>\n<\/strong><\/h3>\n<div class=\"fusion-sep-clear\"><\/div><div class=\"fusion-separator fusion-full-width-sep\" style=\"margin-left: auto;margin-right: auto;width:100%;\"><\/div><div class=\"fusion-sep-clear\"><\/div><div class=\"fusion-alignleft\"><a class=\"fusion-button button-flat button-large button-darkgray button-4 fusion-button-default-span fusion-button-default-type\" target=\"_blank\" rel=\"noopener noreferrer\" href=\"https:\/\/docs.google.com\/forms\/d\/e\/1FAIpQLSdEHWDaB-d16qt_vmVXIhXVbAqM-bjEIE9DikiDurIaUJ2nfw\/viewform\"><span class=\"fusion-button-icon-divider button-icon-divider-left\"><i class=\" fa fa-question-circle\" aria-hidden=\"true\"><\/i><\/span><span class=\"fusion-button-text fusion-button-text-left\">Realizar una consulta a los referentes<\/span><\/a><\/div><div class=\"fusion-sep-clear\"><\/div><div class=\"fusion-separator fusion-full-width-sep\" style=\"margin-left: auto;margin-right: auto;width:100%;\"><\/div><div class=\"fusion-sep-clear\"><\/div><\/div><\/div><\/div><\/div><div class=\"fusion-modal modal fade modal-2 manuales\" tabindex=\"-1\" role=\"dialog\" aria-labelledby=\"modal-heading-2\" aria-hidden=\"true\"><style type=\"text\/css\">.modal-2 .modal-header, .modal-2 .modal-footer{border-color:#ebebeb;}<\/style><div class=\"modal-dialog modal-lg\"><div class=\"modal-content fusion-modal-content\" style=\"background-color:#f6f6f6\"><div class=\"modal-header\"><button class=\"close\" type=\"button\" data-dismiss=\"modal\" aria-hidden=\"true\">&times;<\/button><h3 class=\"modal-title\" id=\"modal-heading-2\" data-dismiss=\"modal\" aria-hidden=\"true\">Elaboraci\u00f3n de Manuales Did\u00e1cticos para la ense\u00f1anza de grado<\/h3><\/div><div class=\"modal-body fusion-clearfix\">La Comisi\u00f3n Sectorial de Ense\u00f1anza llama a docentes universitarios a presentar propuestas de elaboraci\u00f3n de manuales did\u00e1cticos dirigidos a estudiantes que cursan unidades curriculares de los Planes de Estudios de la Universidad de la Rep\u00fablica.<\/p>\n<p>Se entiende por manual did\u00e1ctico una publicaci\u00f3n en el que la presentaci\u00f3n de los contenidos de la disciplina est\u00e1 orientado por su uso para la ense\u00f1anza y el aprendizaje. En este llamado el Manual ser\u00e1 digital y deber\u00e1 estar disponible para su descarga gratuita en la web, pudi\u00e9ndose utilizar adicionalmente otros soportes como CD, DVD, Pendrive, etc.<\/p>\n<p>Tiene por objetivos:<\/p>\n<p>a) Promover la elaboraci\u00f3n de manuales did\u00e1cticos en soporte digital, creados espec\u00edficamente para una o m\u00e1s unidades curriculares de Planes de Estudios de la Udelar o partes sustanciales de ellas.<\/p>\n<p>b) Mejorar las condiciones de aprendizaje de los estudiantes.<\/p>\n<p>c) Propiciar la autoformaci\u00f3n docente a trav\u00e9s de la reflexi\u00f3n sobre sus pr\u00e1cticas y sobre el estado del arte en su disciplina. Secundariamente, esta actividad colaborar\u00e1 en la constituci\u00f3n de tradiciones disciplinares.<div class=\"fusion-alignleft\"><a class=\"fusion-button button-flat button-large button-orange button-5 fusion-button-default-span fusion-button-default-type\" target=\"_blank\" rel=\"noopener noreferrer\" title=\"Bases\" href=\"http:\/\/www.cse.udelar.edu.uy\/wp-content\/uploads\/2016\/11\/Bases-manuales-didacticos-2017-ultima.pdf\"><span class=\"fusion-button-icon-divider button-icon-divider-left\"><i class=\" fa fa-file-pdf-o\" aria-hidden=\"true\"><\/i><\/span><span class=\"fusion-button-text fusion-button-text-left\">Bases<\/span><\/a><\/div><div class=\"fusion-alignleft\"><a class=\"fusion-button button-flat button-large button-orange button-6 fusion-button-default-span fusion-button-default-type\" target=\"_blank\" rel=\"noopener noreferrer\" href=\"http:\/\/www.cse.udelar.edu.uy\/wp-content\/uploads\/2016\/11\/manuales2017_ul.pdf\"><span class=\"fusion-button-icon-divider button-icon-divider-left\"><i class=\" fa fa-file-pdf-o\" aria-hidden=\"true\"><\/i><\/span><span class=\"fusion-button-text fusion-button-text-left\">Formulario PDF Instructivo<\/span><\/a><\/div><div class=\"fusion-alignleft\"><a class=\"fusion-button button-flat button-large button-orange button-7 fusion-button-default-span fusion-button-default-type\" target=\"_blank\" rel=\"noopener noreferrer\" href=\"http:\/\/formularios.cse.edu.uy\/\"><span class=\"fusion-button-icon-divider button-icon-divider-left\"><i class=\" fa fa-file-text\" aria-hidden=\"true\"><\/i><\/span><span class=\"fusion-button-text fusion-button-text-left\">Formulario electr\u00f3nico<\/span><\/a><\/div><div class=\"fusion-sep-clear\"><\/div><div class=\"fusion-separator fusion-full-width-sep\" style=\"margin-left: auto;margin-right: auto;margin-top:5px;margin-bottom:5px;width:100%;\"><div class=\"fusion-separator-border sep-double\" style=\"border-color:#990000;border-top-width:0px;border-bottom-width:0px;\"><\/div><\/div><div class=\"fusion-sep-clear\"><\/div>\n<p><strong>Nota:<\/strong> Los formularios electr\u00f3nicos se habilitar\u00e1n en las fechas de apertura respectivas<\/p>\n<div class=\"fusion-sep-clear\"><\/div><div class=\"fusion-separator fusion-has-icon fusion-full-width-sep\" style=\"margin-left: auto;margin-right: auto;margin-top:30px;margin-bottom:20px;width:100%;\"><div class=\"fusion-separator-border sep-single sep-dotted\" style=\"border-color:#990000;border-top-width:1px;\"><\/div><span class=\"icon-wrapper\" style=\"border-color:transparent;font-size:14px;width: 1.75em; height: 1.75em;border-width:1px;padding:1px;margin-top:-0.5px\"><i class=\" fa fa-info-circle\" style=\"font-size: inherit;color:#990000;\" aria-hidden=\"true\"><\/i><\/span><div class=\"fusion-separator-border sep-single sep-dotted\" style=\"border-color:#990000;border-top-width:1px;\"><\/div><\/div><div class=\"fusion-sep-clear\"><\/div>\n<h3><strong>Referentes del llamado: Beatriz Diconca &#8211; Vanesa Sanguinetti<br \/>\n<\/strong><\/h3>\n<div class=\"fusion-sep-clear\"><\/div><div class=\"fusion-separator fusion-full-width-sep\" style=\"margin-left: auto;margin-right: auto;width:100%;\"><\/div><div class=\"fusion-sep-clear\"><\/div><div class=\"fusion-alignleft\"><a class=\"fusion-button button-flat button-large button-darkgray button-8 fusion-button-default-span fusion-button-default-type\" target=\"_blank\" rel=\"noopener noreferrer\" href=\"https:\/\/docs.google.com\/forms\/d\/e\/1FAIpQLSdEHWDaB-d16qt_vmVXIhXVbAqM-bjEIE9DikiDurIaUJ2nfw\/viewform\"><span class=\"fusion-button-icon-divider button-icon-divider-left\"><i class=\" fa fa-question-circle\" aria-hidden=\"true\"><\/i><\/span><span class=\"fusion-button-text fusion-button-text-left\">Realizar una consulta a los referentes<\/span><\/a><\/div><div class=\"fusion-sep-clear\"><\/div><div class=\"fusion-separator fusion-full-width-sep\" style=\"margin-left: auto;margin-right: auto;width:100%;\"><\/div><div class=\"fusion-sep-clear\"><\/div><\/div><\/div><\/div><\/div><div class=\"fusion-modal modal fade modal-3 pimceu\" tabindex=\"-1\" role=\"dialog\" aria-labelledby=\"modal-heading-3\" aria-hidden=\"true\"><style type=\"text\/css\">.modal-3 .modal-header, .modal-3 .modal-footer{border-color:#ebebeb;}<\/style><div class=\"modal-dialog modal-lg\"><div class=\"modal-content fusion-modal-content\" style=\"background-color:#f6f6f6\"><div class=\"modal-header\"><button class=\"close\" type=\"button\" data-dismiss=\"modal\" aria-hidden=\"true\">&times;<\/button><h3 class=\"modal-title\" id=\"modal-heading-3\" data-dismiss=\"modal\" aria-hidden=\"true\">Proyectos de investigaci\u00f3n para la mejora de la calidad de la ense\u00f1anza universitaria (PIMCEU)<\/h3><\/div><div class=\"modal-body fusion-clearfix\">\n<p>El llamado se concibe como una instancia de generaci\u00f3n de conocimiento que se espera contribuya a la formulaci\u00f3n de propuestas de mejora de la ense\u00f1anza en un sentido amplio. De este modo, los docentes universitarios podr\u00e1n presentar propuestas junto con actores de otras ramas del sistema educativo.<\/p>\n<h4>Objetivos<\/h4>\n<p>&#8211; Promover la investigaci\u00f3n en el campo de la ense\u00f1anza universitaria de grado en la Udelar.<\/p>\n<p>&#8211; Avanzar en el conocimiento institucional de los procesos, din\u00e1micas e impactos de la ense\u00f1anza de grado.<\/p>\n<p>&#8211; Orientar y fortalecer los procesos de renovaci\u00f3n de la ense\u00f1anza que se llevan a cabo desde diversos \u00e1mbitos institucionales a fin de mejorar su implementaci\u00f3n.<\/p>\n<h4>Tem\u00e1ticas de inter\u00e9s<\/h4>\n<p>En relaci\u00f3n con el objetivo estrat\u00e9gico de \u201cresponder a la demanda creciente en educaci\u00f3n superior en todo el pa\u00eds\u201d y el proyecto transversal de \u201cacceso democr\u00e1tico a la ense\u00f1anza superior de calidad en todas las etapas del grado\u201d, se priorizar\u00e1n proyectos que aborden una o varias de las siguientes tem\u00e1ticas:<\/p>\n<p>A. Sobre aspectos institucionales: Articulaci\u00f3n de la ense\u00f1anza media y superior. Procesos de transformaci\u00f3n y evaluaci\u00f3n curricular.<\/p>\n<p>B. Sobre aspectos de ense\u00f1anza: Diversificaci\u00f3n de la ense\u00f1anza en sus diferentes dimensiones. Desarrollo de las did\u00e1cticas espec\u00edficas de las disciplinas y las profesiones. Innovaciones educativas. Vinculaci\u00f3n de los estudios universitarios con el mundo del trabajo. Formaci\u00f3n docente y evaluaci\u00f3n integral de la docencia y de los procesos de ense\u00f1anza.<\/p>\n<p>C. Sobre aspectos de aprendizaje: Procesos de aprendizaje universitario. Evaluaci\u00f3n de los aprendizajes. An\u00e1lisis de trayectorias acad\u00e9micas estudiantiles.<\/p>\n<div class=\"fusion-alignleft\"><a class=\"fusion-button button-flat button-large button-orange button-9 fusion-button-default-span fusion-button-default-type\" target=\"_blank\" rel=\"noopener noreferrer\" title=\"Bases\" href=\"http:\/\/www.cse.udelar.edu.uy\/wp-content\/uploads\/2016\/11\/bases_PIMCEU2017-1.pdf\"><span class=\"fusion-button-icon-divider button-icon-divider-left\"><i class=\" fa fa-file-pdf-o\" aria-hidden=\"true\"><\/i><\/span><span class=\"fusion-button-text fusion-button-text-left\">Bases<\/span><\/a><\/div><div class=\"fusion-alignleft\"><a class=\"fusion-button button-flat button-large button-orange button-10 fusion-button-default-span fusion-button-default-type\" target=\"_blank\" rel=\"noopener noreferrer\" title=\"Bases\" href=\"http:\/\/www.cse.udelar.edu.uy\/wp-content\/uploads\/2016\/11\/PIMCEU2017.pdf\"><span class=\"fusion-button-icon-divider button-icon-divider-left\"><i class=\" fa fa-file-pdf-o\" aria-hidden=\"true\"><\/i><\/span><span class=\"fusion-button-text fusion-button-text-left\">Formulario PDF Instructivo<\/span><\/a><\/div><div class=\"fusion-alignleft\"><a class=\"fusion-button button-flat button-large button-orange button-11 fusion-button-default-span fusion-button-default-type\" target=\"_blank\" rel=\"noopener noreferrer\" href=\"http:\/\/formularios.cse.edu.uy\/\"><span class=\"fusion-button-icon-divider button-icon-divider-left\"><i class=\" fa fa-file-text\" aria-hidden=\"true\"><\/i><\/span><span class=\"fusion-button-text fusion-button-text-left\">Formulario electr\u00f3nico<\/span><\/a><\/div><div class=\"fusion-sep-clear\"><\/div><div class=\"fusion-separator fusion-full-width-sep\" style=\"margin-left: auto;margin-right: auto;margin-top:5px;margin-bottom:5px;width:100%;\"><div class=\"fusion-separator-border sep-double\" style=\"border-color:#990000;border-top-width:0px;border-bottom-width:0px;\"><\/div><\/div><div class=\"fusion-sep-clear\"><\/div>\n<p><strong>Nota:<\/strong> Los formularios electr\u00f3nicos se habilitar\u00e1n en las fechas de apertura respectivas<\/p>\n<div class=\"fusion-sep-clear\"><\/div><div class=\"fusion-separator fusion-has-icon fusion-full-width-sep\" style=\"margin-left: auto;margin-right: auto;margin-top:30px;margin-bottom:20px;width:100%;\"><div class=\"fusion-separator-border sep-single sep-dotted\" style=\"border-color:#990000;border-top-width:1px;\"><\/div><span class=\"icon-wrapper\" style=\"border-color:transparent;font-size:14px;width: 1.75em; height: 1.75em;border-width:1px;padding:1px;margin-top:-0.5px\"><i class=\" fa fa-info-circle\" style=\"font-size: inherit;color:#990000;\" aria-hidden=\"true\"><\/i><\/span><div class=\"fusion-separator-border sep-single sep-dotted\" style=\"border-color:#990000;border-top-width:1px;\"><\/div><\/div><div class=\"fusion-sep-clear\"><\/div>\n<h3><strong>Referentes del llamado: Mercedes Collazo &#8211; Carolina Cabrera<\/strong><\/h3>\n<div class=\"fusion-sep-clear\"><\/div><div class=\"fusion-separator fusion-full-width-sep\" style=\"margin-left: auto;margin-right: auto;width:100%;\"><\/div><div class=\"fusion-sep-clear\"><\/div><div class=\"fusion-alignleft\"><a class=\"fusion-button button-flat button-large button-darkgray button-12 fusion-button-default-span fusion-button-default-type\" target=\"_blank\" rel=\"noopener noreferrer\" href=\"https:\/\/docs.google.com\/forms\/d\/e\/1FAIpQLSce96PKxBCsQWqXqGLY_zJFS39CdqsPiCpECDpGbdNNd0bkvw\/viewform\"><span class=\"fusion-button-icon-divider button-icon-divider-left\"><i class=\" fa fa-question-circle\" aria-hidden=\"true\"><\/i><\/span><span class=\"fusion-button-text fusion-button-text-left\">Realizar una consulta a los referentes<\/span><\/a><\/div><div class=\"fusion-sep-clear\"><\/div><div class=\"fusion-separator fusion-full-width-sep\" style=\"margin-left: auto;margin-right: auto;width:100%;\"><\/div><div class=\"fusion-sep-clear\"><\/div><\/div><\/div><\/div><\/div><div class=\"fusion-modal modal fade modal-4 equipamiento\" tabindex=\"-1\" role=\"dialog\" aria-labelledby=\"modal-heading-4\" aria-hidden=\"true\"><style type=\"text\/css\">.modal-4 .modal-header, .modal-4 .modal-footer{border-color:#ebebeb;}<\/style><div class=\"modal-dialog modal-lg\"><div class=\"modal-content fusion-modal-content\" style=\"background-color:#f6f6f6\"><div class=\"modal-header\"><button class=\"close\" type=\"button\" data-dismiss=\"modal\" aria-hidden=\"true\">&times;<\/button><h3 class=\"modal-title\" id=\"modal-heading-4\" data-dismiss=\"modal\" aria-hidden=\"true\">Equipamiento e infraestructura destinados a la ense\u00f1anza de grado<\/h3><\/div><div class=\"modal-body fusion-clearfix\">\n<p>La Comisi\u00f3n Sectorial de Ense\u00f1anza convoca a los Servicios a presentar una propuesta de car\u00e1cter institucional para la mejora del equipamiento inform\u00e1tico e infraestructura no edilicia de aulas, talleres, laboratorios, cl\u00ednicas, espacios multifuncionales, y otros espacios, destinados directamente a la ense\u00f1anza de grado.<\/p>\n<p>Objetivo:<\/p>\n<p>Contribuir a la mejora de la calidad de la educaci\u00f3n universitaria, especialmente en los espacios y formatos en los que la ense\u00f1anza de grado se desarrolla de forma masiva.<\/p>\n<p>Los materiales solicitados deben ser clasificados seg\u00fan los siguientes \u00edtemes descriptivos (no exhaustivo):<\/p>\n<p>A. Equipamiento tecnol\u00f3gico y recursos multimediales<\/p>\n<p>B. Equipamiento de aulas, talleres, laboratorios, cl\u00ednicas, espacios multifuncionales y otros<\/p>\n<p>C. Materiales destinados a la ense\u00f1anza de las disciplinas<\/p>\n<p>D. Otros<\/p>\n<div class=\"fusion-alignleft\"><a class=\"fusion-button button-flat button-large button-orange button-13 fusion-button-default-span fusion-button-default-type\" target=\"_blank\" rel=\"noopener noreferrer\" title=\"Bases\" href=\"http:\/\/www.cse.udelar.edu.uy\/wp-content\/uploads\/2016\/11\/Bases-Equipamiento-e-Infraestructura-2017-ultima.pdf\"><span class=\"fusion-button-icon-divider button-icon-divider-left\"><i class=\" fa fa-file-pdf-o\" aria-hidden=\"true\"><\/i><\/span><span class=\"fusion-button-text fusion-button-text-left\">Bases<\/span><\/a><\/div><div class=\"fusion-alignleft\"><a class=\"fusion-button button-flat button-large button-orange button-14 fusion-button-default-span fusion-button-default-type\" target=\"_blank\" rel=\"noopener noreferrer\" title=\"Bases\" href=\"http:\/\/www.cse.udelar.edu.uy\/wp-content\/uploads\/2016\/11\/equipamiento2017_ul.pdf\"><span class=\"fusion-button-icon-divider button-icon-divider-left\"><i class=\" fa fa-file-pdf-o\" aria-hidden=\"true\"><\/i><\/span><span class=\"fusion-button-text fusion-button-text-left\">Formulario PDF Instructivo<\/span><\/a><\/div><div class=\"fusion-alignleft\"><a class=\"fusion-button button-flat button-large button-orange button-15 fusion-button-default-span fusion-button-default-type\" target=\"_blank\" rel=\"noopener noreferrer\" href=\"http:\/\/formularios.cse.edu.uy\/\"><span class=\"fusion-button-icon-divider button-icon-divider-left\"><i class=\" fa fa-file-text\" aria-hidden=\"true\"><\/i><\/span><span class=\"fusion-button-text fusion-button-text-left\">Formulario electr\u00f3nico<\/span><\/a><\/div><div class=\"fusion-sep-clear\"><\/div><div class=\"fusion-separator fusion-full-width-sep\" style=\"margin-left: auto;margin-right: auto;margin-top:5px;margin-bottom:5px;width:100%;\"><div class=\"fusion-separator-border sep-double\" style=\"border-color:#990000;border-top-width:0px;border-bottom-width:0px;\"><\/div><\/div><div class=\"fusion-sep-clear\"><\/div>\n<p><strong>Nota:<\/strong> Los formularios electr\u00f3nicos se habilitar\u00e1n en las fechas de apertura respectivas<\/p>\n<div class=\"fusion-sep-clear\"><\/div><div class=\"fusion-separator fusion-has-icon fusion-full-width-sep\" style=\"margin-left: auto;margin-right: auto;margin-top:30px;margin-bottom:20px;width:100%;\"><div class=\"fusion-separator-border sep-single sep-dotted\" style=\"border-color:#990000;border-top-width:1px;\"><\/div><span class=\"icon-wrapper\" style=\"border-color:transparent;font-size:14px;width: 1.75em; height: 1.75em;border-width:1px;padding:1px;margin-top:-0.5px\"><i class=\" fa fa-info-circle\" style=\"font-size: inherit;color:#990000;\" aria-hidden=\"true\"><\/i><\/span><div class=\"fusion-separator-border sep-single sep-dotted\" style=\"border-color:#990000;border-top-width:1px;\"><\/div><\/div><div class=\"fusion-sep-clear\"><\/div>\n<h3><strong>Referentes del llamado: Carolina Cabrera &#8211; Al\u00e9n P\u00e9rez<\/strong><\/h3>\n<div class=\"fusion-sep-clear\"><\/div><div class=\"fusion-separator fusion-full-width-sep\" style=\"margin-left: auto;margin-right: auto;width:100%;\"><\/div><div class=\"fusion-sep-clear\"><\/div><div class=\"fusion-alignleft\"><a class=\"fusion-button button-flat button-large button-darkgray button-16 fusion-button-default-span fusion-button-default-type\" target=\"_blank\" rel=\"noopener noreferrer\" href=\"https:\/\/docs.google.com\/forms\/d\/1T3R8Dol7OTQg2pUhtTrMQOTs8W1fBq81GJsjM5jh9K8\/viewform\"><span class=\"fusion-button-icon-divider button-icon-divider-left\"><i class=\" fa fa-question-circle\" aria-hidden=\"true\"><\/i><\/span><span class=\"fusion-button-text fusion-button-text-left\">Realizar una consulta a los referentes<\/span><\/a><\/div><div class=\"fusion-sep-clear\"><\/div><div class=\"fusion-separator fusion-full-width-sep\" style=\"margin-left: auto;margin-right: auto;width:100%;\"><\/div><div class=\"fusion-sep-clear\"><\/div><\/div><\/div><\/div><\/div><div class=\"fusion-modal modal fade modal-5 rrhhposgrados\" tabindex=\"-1\" role=\"dialog\" aria-labelledby=\"modal-heading-5\" aria-hidden=\"true\"><style type=\"text\/css\">.modal-5 .modal-header, .modal-5 .modal-footer{border-color:#ebebeb;}<\/style><div class=\"modal-dialog modal-lg\"><div class=\"modal-content fusion-modal-content\" style=\"background-color:#f6f6f6\"><div class=\"modal-header\"><button class=\"close\" type=\"button\" data-dismiss=\"modal\" aria-hidden=\"true\">&times;<\/button><h3 class=\"modal-title\" id=\"modal-heading-5\" data-dismiss=\"modal\" aria-hidden=\"true\">Recursos humanos. Rubro: Apoyo a la formaci\u00f3n en posgrados en el exterior<\/h3><\/div><div class=\"modal-body fusion-clearfix\">\n<p>Este llamado tiene como objetivo otorgar apoyo econ\u00f3mico a docentes universitarios para realizar estudios de posgrado relativos a la ense\u00f1anza superior universitaria.<\/p>\n<p>Entre las condiciones de los postulantes se encuentran: ocupar un cargo docente en car\u00e1cter efectivo o interino en un Servicio de la Universidad de la Rep\u00fablica con una dedicaci\u00f3n horaria semanal no menor a 20 horas; en aquellos casos en los cuales exista selecci\u00f3n previa para la actividad que se desea realizar deber\u00e1 acreditar que cumple con la aceptaci\u00f3n<\/p>\n<div class=\"fusion-alignleft\"><a class=\"fusion-button button-flat button-large button-orange button-17 fusion-button-default-span fusion-button-default-type\" target=\"_blank\" rel=\"noopener noreferrer\" title=\"Bases\" href=\"http:\/\/www.cse.udelar.edu.uy\/wp-content\/uploads\/2016\/11\/6-Bases-RRHH-Posgrados-1a.-convocatoria-2017-1.pdf\"><span class=\"fusion-button-icon-divider button-icon-divider-left\"><i class=\" fa fa-file-pdf-o\" aria-hidden=\"true\"><\/i><\/span><span class=\"fusion-button-text fusion-button-text-left\">Bases<\/span><\/a><\/div><div class=\"fusion-alignleft\"><a class=\"fusion-button button-flat button-large button-orange button-18 fusion-button-default-span fusion-button-default-type\" target=\"_blank\" rel=\"noopener noreferrer\" href=\"http:\/\/formularios.cse.udelar.edu.uy\/\"><span class=\"fusion-button-icon-divider button-icon-divider-left\"><i class=\" fa fa-file-text\" aria-hidden=\"true\"><\/i><\/span><span class=\"fusion-button-text fusion-button-text-left\">Formulario electr\u00f3nico<\/span><\/a><\/div><div class=\"fusion-sep-clear\"><\/div><div class=\"fusion-separator fusion-full-width-sep\" style=\"margin-left: auto;margin-right: auto;margin-top:5px;margin-bottom:5px;width:100%;\"><div class=\"fusion-separator-border sep-double\" style=\"border-color:#990000;border-top-width:0px;border-bottom-width:0px;\"><\/div><\/div><div class=\"fusion-sep-clear\"><\/div>\n<p><strong>Nota:<\/strong> Los formularios electr\u00f3nicos se habilitar\u00e1n en las fechas de apertura respectivas<\/p>\n<div class=\"fusion-sep-clear\"><\/div><div class=\"fusion-separator fusion-has-icon fusion-full-width-sep\" style=\"margin-left: auto;margin-right: auto;margin-top:30px;margin-bottom:20px;width:100%;\"><div class=\"fusion-separator-border sep-single sep-dotted\" style=\"border-color:#990000;border-top-width:1px;\"><\/div><span class=\"icon-wrapper\" style=\"border-color:transparent;font-size:14px;width: 1.75em; height: 1.75em;border-width:1px;padding:1px;margin-top:-0.5px\"><i class=\" fa fa-info-circle\" style=\"font-size: inherit;color:#990000;\" aria-hidden=\"true\"><\/i><\/span><div class=\"fusion-separator-border sep-single sep-dotted\" style=\"border-color:#990000;border-top-width:1px;\"><\/div><\/div><div class=\"fusion-sep-clear\"><\/div>\n<h3>Referente del llamado: Sylvia De Bellis<\/h3>\n<div class=\"fusion-sep-clear\"><\/div><div class=\"fusion-separator fusion-full-width-sep\" style=\"margin-left: auto;margin-right: auto;width:100%;\"><\/div><div class=\"fusion-sep-clear\"><\/div><div class=\"fusion-alignleft\"><a class=\"fusion-button button-flat button-large button-darkgray button-19 fusion-button-default-span fusion-button-default-type\" target=\"_blank\" rel=\"noopener noreferrer\" href=\"https:\/\/docs.google.com\/forms\/d\/1pei7d01R8lYCB3d-K1jHPqd3TvH8smbFkh6Bu_8uW7Y\/viewform\"><span class=\"fusion-button-icon-divider button-icon-divider-left\"><i class=\" fa fa-question-circle\" aria-hidden=\"true\"><\/i><\/span><span class=\"fusion-button-text fusion-button-text-left\">Realizar una consulta a los referentes<\/span><\/a><\/div><div class=\"fusion-sep-clear\"><\/div><div class=\"fusion-separator fusion-full-width-sep\" style=\"margin-left: auto;margin-right: auto;width:100%;\"><\/div><div class=\"fusion-sep-clear\"><\/div><\/div><\/div><\/div><\/div><div class=\"fusion-modal modal fade modal-6 rrhhperfeccionamiento\" tabindex=\"-1\" role=\"dialog\" aria-labelledby=\"modal-heading-6\" aria-hidden=\"true\"><style type=\"text\/css\">.modal-6 .modal-header, .modal-6 .modal-footer{border-color:#ebebeb;}<\/style><div class=\"modal-dialog modal-lg\"><div class=\"modal-content fusion-modal-content\" style=\"background-color:#f6f6f6\"><div class=\"modal-header\"><button class=\"close\" type=\"button\" data-dismiss=\"modal\" aria-hidden=\"true\">&times;<\/button><h3 class=\"modal-title\" id=\"modal-heading-6\" data-dismiss=\"modal\" aria-hidden=\"true\">Recursos humanos. Rubro: Apoyo a actividades de perfeccionamiento docente<\/h3><\/div><div class=\"modal-body fusion-clearfix\">\n<p>Este llamado tiene como objetivo apoyar financieramente la capacitaci\u00f3n pedag\u00f3gica de los docentes universitarios mediante la:<\/p>\n<p>&#8211; Presentaci\u00f3n de resultados de investigaci\u00f3n pedag\u00f3gica en reuniones cient\u00edficas.<\/p>\n<p>&#8211; Participaci\u00f3n en cursos, seminarios, workshops u otros eventos, en el pa\u00eds o en el exterior, que se vinculen con la educaci\u00f3n superior, con la ense\u00f1anza de la disciplina que imparte el docente o con su did\u00e1ctica.<\/p>\n<p>&#8211; Realizaci\u00f3n de pasant\u00edas de estudio o investigaci\u00f3n educativa en el exterior relacionadas con la ense\u00f1anza de la unidad curricular en la que participa el postulante a trav\u00e9s de la docencia directa<\/p>\n<p>Entre las condiciones de los postulantes se encuentran: ocupar un cargo docente en car\u00e1cter efectivo o interino en un Servicio de la Universidad de la Rep\u00fablica con una dedicaci\u00f3n horaria semanal no menor a 20 horas; en aquellos casos en los cuales exista selecci\u00f3n previa para la actividad que se desea realizar deber\u00e1 acreditar que cumple con la aceptaci\u00f3n (por ejemplo de la ponencia o inscripci\u00f3n al curso o invitaci\u00f3n a la pasant\u00eda)<\/p>\n<div class=\"fusion-alignleft\"><a class=\"fusion-button button-flat button-large button-orange button-20 fusion-button-default-span fusion-button-default-type\" target=\"_blank\" rel=\"noopener noreferrer\" title=\"Bases\" href=\"http:\/\/www.cse.udelar.edu.uy\/wp-content\/uploads\/2016\/11\/6-Bases-RRHH-AAPD-1a.-convocatoria-2017-1.pdf\"><span class=\"fusion-button-icon-divider button-icon-divider-left\"><i class=\" fa fa-file-pdf-o\" aria-hidden=\"true\"><\/i><\/span><span class=\"fusion-button-text fusion-button-text-left\">Bases<\/span><\/a><\/div><div class=\"fusion-alignleft\"><a class=\"fusion-button button-flat button-large button-orange button-21 fusion-button-default-span fusion-button-default-type\" target=\"_blank\" rel=\"noopener noreferrer\" href=\"http:\/\/formularios.cse.udelar.edu.uy\/\"><span class=\"fusion-button-icon-divider button-icon-divider-left\"><i class=\" fa fa-file-text\" aria-hidden=\"true\"><\/i><\/span><span class=\"fusion-button-text fusion-button-text-left\">Formulario electr\u00f3nico<\/span><\/a><\/div><div class=\"fusion-sep-clear\"><\/div><div class=\"fusion-separator fusion-full-width-sep\" style=\"margin-left: auto;margin-right: auto;margin-top:5px;margin-bottom:5px;width:100%;\"><div class=\"fusion-separator-border sep-double\" style=\"border-color:#990000;border-top-width:0px;border-bottom-width:0px;\"><\/div><\/div><div class=\"fusion-sep-clear\"><\/div>\n<p><strong>Nota:<\/strong> Los formularios electr\u00f3nicos se habilitar\u00e1n en las fechas de apertura respectivas<\/p>\n<div class=\"fusion-sep-clear\"><\/div><div class=\"fusion-separator fusion-has-icon fusion-full-width-sep\" style=\"margin-left: auto;margin-right: auto;margin-top:30px;margin-bottom:20px;width:100%;\"><div class=\"fusion-separator-border sep-single sep-dotted\" style=\"border-color:#990000;border-top-width:1px;\"><\/div><span class=\"icon-wrapper\" style=\"border-color:transparent;font-size:14px;width: 1.75em; height: 1.75em;border-width:1px;padding:1px;margin-top:-0.5px\"><i class=\" fa fa-info-circle\" style=\"font-size: inherit;color:#990000;\" aria-hidden=\"true\"><\/i><\/span><div class=\"fusion-separator-border sep-single sep-dotted\" style=\"border-color:#990000;border-top-width:1px;\"><\/div><\/div><div class=\"fusion-sep-clear\"><\/div>\n<h3>Referente del llamado: Sylvia De Bellis<\/h3>\n<div class=\"fusion-sep-clear\"><\/div><div class=\"fusion-separator fusion-full-width-sep\" style=\"margin-left: auto;margin-right: auto;width:100%;\"><\/div><div class=\"fusion-sep-clear\"><\/div><div class=\"fusion-alignleft\"><a class=\"fusion-button button-flat button-large button-darkgray button-22 fusion-button-default-span fusion-button-default-type\" target=\"_blank\" rel=\"noopener noreferrer\" href=\"https:\/\/docs.google.com\/forms\/d\/1pei7d01R8lYCB3d-K1jHPqd3TvH8smbFkh6Bu_8uW7Y\/viewform\"><span class=\"fusion-button-icon-divider button-icon-divider-left\"><i class=\" fa fa-question-circle\" aria-hidden=\"true\"><\/i><\/span><span class=\"fusion-button-text fusion-button-text-left\">Realizar una consulta a los referentes<\/span><\/a><\/div><div class=\"fusion-sep-clear\"><\/div><div class=\"fusion-separator fusion-full-width-sep\" style=\"margin-left: auto;margin-right: auto;width:100%;\"><\/div><div class=\"fusion-sep-clear\"><\/div><\/div><\/div><\/div><\/div><div class=\"fusion-modal modal fade modal-7 rrhheventos\" tabindex=\"-1\" role=\"dialog\" aria-labelledby=\"modal-heading-7\" aria-hidden=\"true\"><style type=\"text\/css\">.modal-7 .modal-header, .modal-7 .modal-footer{border-color:#ebebeb;}<\/style><div class=\"modal-dialog modal-lg\"><div class=\"modal-content fusion-modal-content\" style=\"background-color:#f6f6f6\"><div class=\"modal-header\"><button class=\"close\" type=\"button\" data-dismiss=\"modal\" aria-hidden=\"true\">&times;<\/button><h3 class=\"modal-title\" id=\"modal-heading-7\" data-dismiss=\"modal\" aria-hidden=\"true\">Recursos humanos. Rubro: Apoyo a la realizaci\u00f3n de eventos en el pa\u00eds<\/h3><\/div><div class=\"modal-body fusion-clearfix\">\n<p>El objetivo de este llamado es promover y apoyar la realizaci\u00f3n de reuniones relativas a la educaci\u00f3n universitaria en el pa\u00eds que puedan significar un aporte para el desarrollo de la ense\u00f1anza y para la construcci\u00f3n del campo pedag\u00f3gico de nivel terciario.<\/p>\n<p>Para solicitar el apoyo financiero de este programa se requerir\u00e1 que el Servicio universitario respectivo asuma la responsabilidad principal en la organizaci\u00f3n del evento.<\/p>\n<p>Mediante este llamado podr\u00e1 financiarse: invitaci\u00f3n a profesores extranjeros (pasajes y vi\u00e1ticos), secretar\u00eda (si es contratada); alquiler del local donde se desarrolle la actividad; imprenta: folletos, afiches; material fotogr\u00e1fico, audio y video para el registro del evento; publicaci\u00f3n de res\u00famenes; gastos de env\u00edo por correo.<\/p>\n<div class=\"fusion-alignleft\"><a class=\"fusion-button button-flat button-large button-orange button-23 fusion-button-default-span fusion-button-default-type\" target=\"_blank\" rel=\"noopener noreferrer\" title=\"Bases\" href=\"http:\/\/www.cse.udelar.edu.uy\/wp-content\/uploads\/2016\/11\/6-Bases-RRHH-Eventos-1a.-convocatoria-2017-1.pdf\"><span class=\"fusion-button-icon-divider button-icon-divider-left\"><i class=\" fa fa-file-pdf-o\" aria-hidden=\"true\"><\/i><\/span><span class=\"fusion-button-text fusion-button-text-left\">Bases<\/span><\/a><\/div><div class=\"fusion-alignleft\"><a class=\"fusion-button button-flat button-large button-orange button-24 fusion-button-default-span fusion-button-default-type\" target=\"_blank\" rel=\"noopener noreferrer\" href=\"http:\/\/formularios.cse.udelar.edu.uy\/\"><span class=\"fusion-button-icon-divider button-icon-divider-left\"><i class=\" fa fa-file-text\" aria-hidden=\"true\"><\/i><\/span><span class=\"fusion-button-text fusion-button-text-left\">Formulario electr\u00f3nico<\/span><\/a><\/div><div class=\"fusion-sep-clear\"><\/div><div class=\"fusion-separator fusion-full-width-sep\" style=\"margin-left: auto;margin-right: auto;margin-top:5px;margin-bottom:5px;width:100%;\"><div class=\"fusion-separator-border sep-double\" style=\"border-color:#990000;border-top-width:0px;border-bottom-width:0px;\"><\/div><\/div><div class=\"fusion-sep-clear\"><\/div>\n<p><strong>Nota:<\/strong> Los formularios electr\u00f3nicos se habilitar\u00e1n en las fechas de apertura respectivas<\/p>\n<div class=\"fusion-sep-clear\"><\/div><div class=\"fusion-separator fusion-has-icon fusion-full-width-sep\" style=\"margin-left: auto;margin-right: auto;margin-top:30px;margin-bottom:20px;width:100%;\"><div class=\"fusion-separator-border sep-single sep-dotted\" style=\"border-color:#990000;border-top-width:1px;\"><\/div><span class=\"icon-wrapper\" style=\"border-color:transparent;font-size:14px;width: 1.75em; height: 1.75em;border-width:1px;padding:1px;margin-top:-0.5px\"><i class=\" fa fa-info-circle\" style=\"font-size: inherit;color:#990000;\" aria-hidden=\"true\"><\/i><\/span><div class=\"fusion-separator-border sep-single sep-dotted\" style=\"border-color:#990000;border-top-width:1px;\"><\/div><\/div><div class=\"fusion-sep-clear\"><\/div>\n<h3>Referente del llamado: Sylvia De Bellis<\/h3>\n<div class=\"fusion-sep-clear\"><\/div><div class=\"fusion-separator fusion-full-width-sep\" style=\"margin-left: auto;margin-right: auto;width:100%;\"><\/div><div class=\"fusion-sep-clear\"><\/div><div class=\"fusion-alignleft\"><a class=\"fusion-button button-flat button-large button-darkgray button-25 fusion-button-default-span fusion-button-default-type\" target=\"_blank\" rel=\"noopener noreferrer\" href=\"https:\/\/docs.google.com\/forms\/d\/1pei7d01R8lYCB3d-K1jHPqd3TvH8smbFkh6Bu_8uW7Y\/viewform\"><span class=\"fusion-button-icon-divider button-icon-divider-left\"><i class=\" fa fa-question-circle\" aria-hidden=\"true\"><\/i><\/span><span class=\"fusion-button-text fusion-button-text-left\">Realizar una consulta a los referentes<\/span><\/a><\/div><div class=\"fusion-sep-clear\"><\/div><div class=\"fusion-separator fusion-full-width-sep\" style=\"margin-left: auto;margin-right: auto;width:100%;\"><\/div><div class=\"fusion-sep-clear\"><\/div><\/div><\/div><\/div><\/div><div class=\"fusion-modal modal fade modal-8 acur\" tabindex=\"-1\" role=\"dialog\" aria-labelledby=\"modal-heading-8\" aria-hidden=\"true\"><style type=\"text\/css\">.modal-8 .modal-header, .modal-8 .modal-footer{border-color:#ebebeb;}<\/style><div class=\"modal-dialog modal-lg\"><div class=\"modal-content fusion-modal-content\" style=\"background-color:#f6f6f6\"><div class=\"modal-header\"><button class=\"close\" type=\"button\" data-dismiss=\"modal\" aria-hidden=\"true\">&times;<\/button><h3 class=\"modal-title\" id=\"modal-heading-8\" data-dismiss=\"modal\" aria-hidden=\"true\">Apoyo a ajustes curriculares de los planes de estudios<\/h3><\/div><div class=\"modal-body fusion-clearfix\">\n<p>La adecuaci\u00f3n de los planes de estudios a la Ordenanza de Estudios de Grado y Otros Programas de Formaci\u00f3n Terciaria alcanza actualmente a m\u00e1s del 90% de las carreras de grado, t\u00e9cnicas y tecnol\u00f3gicas. En vigencia desde 2011, esta norma requiere mejoras en su aplicaci\u00f3n, especialmente en lo que refiere al dise\u00f1o curricular previsto en algunas carreras; de este modo, el presente llamado apunta a colaborar en el seguimiento de los nuevos planes de estudios con el prop\u00f3sito de optimizar su desarrollo curricular.<\/p>\n<p>Las propuestas de apoyo curricular tendr\u00e1n como principales objetivos:<\/p>\n<p>a) Llevar a cabo procesos de evaluaci\u00f3n de las carreras que cumplen con la Ordenanza de Estudios de Grado y presentan dificultades relevantes en sus procesos de implementaci\u00f3n.<\/p>\n<p>b) Formular una propuesta fundada y viable de ajuste curricular, para su consideraci\u00f3n a nivel del cogobierno.<\/p>\n<p>Se priorizar\u00e1n aquellas solicitudes que involucren:<\/p>\n<p>\u2022 Carreras de nivel de grado<br \/>\n\u2022 Carreras que cuentan con estructuras activas de gesti\u00f3n curricular<br \/>\n\u2022 Carreras que presentan complejidades en las trayectorias estudiantiles<br \/>\n\u2022 Carreras que dispongan del asesoramiento de Unidades de Apoyo a la Ense\u00f1anza o estructuras t\u00e9cnicas afines<\/p>\n<div class=\"fusion-alignleft\"><a class=\"fusion-button button-flat button-large button-orange button-26 fusion-button-default-span fusion-button-default-type\" target=\"_blank\" rel=\"noopener noreferrer\" title=\"Bases\" href=\"http:\/\/www.cse.udelar.edu.uy\/wp-content\/uploads\/2016\/11\/Bases-Ajuste-Planes-de-Estudios-2017-ultima.pdf\"><span class=\"fusion-button-icon-divider button-icon-divider-left\"><i class=\" fa fa-file-pdf-o\" aria-hidden=\"true\"><\/i><\/span><span class=\"fusion-button-text fusion-button-text-left\">Bases<\/span><\/a><\/div><div class=\"fusion-alignleft\"><a class=\"fusion-button button-flat button-large button-orange button-27 fusion-button-default-span fusion-button-default-type\" target=\"_blank\" rel=\"noopener noreferrer\" title=\"Bases\" href=\"http:\/\/www.cse.udelar.edu.uy\/wp-content\/uploads\/2016\/11\/ajustePlanes2017_ul.pdf\"><span class=\"fusion-button-icon-divider button-icon-divider-left\"><i class=\" fa fa-file-pdf-o\" aria-hidden=\"true\"><\/i><\/span><span class=\"fusion-button-text fusion-button-text-left\">Formulario PDF Instructivo<\/span><\/a><\/div><div class=\"fusion-alignleft\"><a class=\"fusion-button button-flat button-large button-orange button-28 fusion-button-default-span fusion-button-default-type\" target=\"_blank\" rel=\"noopener noreferrer\" href=\"http:\/\/formularios.cse.edu.uy\/\"><span class=\"fusion-button-icon-divider button-icon-divider-left\"><i class=\" fa fa-file-text\" aria-hidden=\"true\"><\/i><\/span><span class=\"fusion-button-text fusion-button-text-left\">Formulario electr\u00f3nico<\/span><\/a><\/div><div class=\"fusion-sep-clear\"><\/div><div class=\"fusion-separator fusion-full-width-sep\" style=\"margin-left: auto;margin-right: auto;margin-top:5px;margin-bottom:5px;width:100%;\"><div class=\"fusion-separator-border sep-double\" style=\"border-color:#990000;border-top-width:0px;border-bottom-width:0px;\"><\/div><\/div><div class=\"fusion-sep-clear\"><\/div>\n<p><strong>Nota:<\/strong> Los formularios electr\u00f3nicos se habilitar\u00e1n en las fechas de apertura respectivas<\/p>\n<div class=\"fusion-sep-clear\"><\/div><div class=\"fusion-separator fusion-has-icon fusion-full-width-sep\" style=\"margin-left: auto;margin-right: auto;margin-top:30px;margin-bottom:20px;width:100%;\"><div class=\"fusion-separator-border sep-single sep-dotted\" style=\"border-color:#990000;border-top-width:1px;\"><\/div><span class=\"icon-wrapper\" style=\"border-color:transparent;font-size:14px;width: 1.75em; height: 1.75em;border-width:1px;padding:1px;margin-top:-0.5px\"><i class=\" fa fa-info-circle\" style=\"font-size: inherit;color:#990000;\" aria-hidden=\"true\"><\/i><\/span><div class=\"fusion-separator-border sep-single sep-dotted\" style=\"border-color:#990000;border-top-width:1px;\"><\/div><\/div><div class=\"fusion-sep-clear\"><\/div>\n<h3>Referentes del llamado: Sylvia De Bellis &#8211; Vanesa Sanguinetti<\/h3>\n<div class=\"fusion-sep-clear\"><\/div><div class=\"fusion-separator fusion-full-width-sep\" style=\"margin-left: auto;margin-right: auto;width:100%;\"><\/div><div class=\"fusion-sep-clear\"><\/div><div class=\"fusion-alignleft\"><a class=\"fusion-button button-flat button-large button-darkgray button-29 fusion-button-default-span fusion-button-default-type\" target=\"_blank\" rel=\"noopener noreferrer\" href=\"https:\/\/docs.google.com\/forms\/d\/1OAxHEFzYarzkC1dIXxIMGKHlUjYTJYoxkOencBttapY\/viewform\"><span class=\"fusion-button-icon-divider button-icon-divider-left\"><i class=\" fa fa-question-circle\" aria-hidden=\"true\"><\/i><\/span><span class=\"fusion-button-text fusion-button-text-left\">Realizar una consulta a los referentes<\/span><\/a><\/div><div class=\"fusion-sep-clear\"><\/div><div class=\"fusion-separator fusion-full-width-sep\" style=\"margin-left: auto;margin-right: auto;width:100%;\"><\/div><div class=\"fusion-sep-clear\"><\/div><\/div><\/div><\/div><\/div><div class=\"fusion-modal modal fade modal-9 acad\" tabindex=\"-1\" role=\"dialog\" aria-labelledby=\"modal-heading-9\" aria-hidden=\"true\"><style type=\"text\/css\">.modal-9 .modal-header, .modal-9 .modal-footer{border-color:#ebebeb;}<\/style><div class=\"modal-dialog modal-lg\"><div class=\"modal-content fusion-modal-content\" style=\"background-color:#f6f6f6\"><div class=\"modal-header\"><button class=\"close\" type=\"button\" data-dismiss=\"modal\" aria-hidden=\"true\">&times;<\/button><h3 class=\"modal-title\" id=\"modal-heading-9\" data-dismiss=\"modal\" aria-hidden=\"true\">Apoyo acad\u00e9mico-disciplinar a cursos de primer a\u00f1o de las carreras universitarias<\/h3><\/div><div class=\"modal-body fusion-clearfix\">\n<p>Con este llamado la CSE tiene como objetivo el desarrollar acciones de apoyo acad\u00e9mico en los cursos de primer a\u00f1o de la carrera que presentan mayores dificultades en los procesos de ense\u00f1anza y de aprendizaje, bajos niveles de aprobaci\u00f3n, incidencia en la desvinculaci\u00f3n o el rezago, entre otros elementos a tener en cuenta.<\/p>\n<p>Se espera que las propuestas proyecten estrategias que posibiliten atender los procesos de ense\u00f1anza y de aprendizaje espec\u00edficos de las disciplinas, incrementar las oportunidades de ense\u00f1anza o tutor\u00eda personalizada, fortalecer el tr\u00e1nsito entre los ciclos de educaci\u00f3n media y universitaria, experimentar formas alternativas de apoyo acad\u00e9mico estudiantil, presenciales y semipresenciales, instruir en los modos propios de evaluaci\u00f3n de los aprendizajes, etc.<\/p>\n<p>Los proyectos presentados deber\u00e1n estar orientados por las direcciones de departamentos, institutos o unidades acad\u00e9micas, y ser\u00e1n desarrollados por docentes de las disciplinas en cuesti\u00f3n. Bajo la coordinaci\u00f3n y orientaci\u00f3n del equipo docente, podr\u00e1n participar tambi\u00e9n estudiantes avanzados, que colaboren con la propuesta bajo el formato de tutor\u00edas acad\u00e9micas de \u201cestudiantes por estudiantes\u201d.<\/p>\n<div class=\"fusion-alignleft\"><a class=\"fusion-button button-flat button-large button-orange button-30 fusion-button-default-span fusion-button-default-type\" target=\"_blank\" rel=\"noopener noreferrer\" href=\"http:\/\/www.cse.udelar.edu.uy\/wp-content\/uploads\/2016\/11\/Bases-Apoyo-Academico-2017-ultima.pdf\"><span class=\"fusion-button-icon-divider button-icon-divider-left\"><i class=\" fa fa-file-pdf-o\" aria-hidden=\"true\"><\/i><\/span><span class=\"fusion-button-text fusion-button-text-left\">Bases<\/span><\/a><\/div><div class=\"fusion-alignleft\"><a class=\"fusion-button button-flat button-large button-orange button-31 fusion-button-default-span fusion-button-default-type\" target=\"_blank\" rel=\"noopener noreferrer\" href=\"http:\/\/www.cse.udelar.edu.uy\/wp-content\/uploads\/2016\/11\/apoyoAcademico2017_ul.pdf\"><span class=\"fusion-button-icon-divider button-icon-divider-left\"><i class=\" fa fa-file-pdf-o\" aria-hidden=\"true\"><\/i><\/span><span class=\"fusion-button-text fusion-button-text-left\">Formulario PDF Instructivo<\/span><\/a><\/div><div class=\"fusion-alignleft\"><a class=\"fusion-button button-flat button-large button-orange button-32 fusion-button-default-span fusion-button-default-type\" target=\"_blank\" rel=\"noopener noreferrer\" href=\"http:\/\/formularios.cse.edu.uy\/\"><span class=\"fusion-button-icon-divider button-icon-divider-left\"><i class=\" fa fa-file-text\" aria-hidden=\"true\"><\/i><\/span><span class=\"fusion-button-text fusion-button-text-left\">Formulario electr\u00f3nico<\/span><\/a><\/div><div class=\"fusion-sep-clear\"><\/div><div class=\"fusion-separator fusion-full-width-sep\" style=\"margin-left: auto;margin-right: auto;margin-top:5px;margin-bottom:5px;width:100%;\"><div class=\"fusion-separator-border sep-double\" style=\"border-color:#990000;border-top-width:0px;border-bottom-width:0px;\"><\/div><\/div><div class=\"fusion-sep-clear\"><\/div>\n<p><strong>Nota:<\/strong> Los formularios electr\u00f3nicos se habilitar\u00e1n en las fechas de apertura respectivas<\/p>\n<div class=\"fusion-sep-clear\"><\/div><div class=\"fusion-separator fusion-has-icon fusion-full-width-sep\" style=\"margin-left: auto;margin-right: auto;margin-top:30px;margin-bottom:20px;width:100%;\"><div class=\"fusion-separator-border sep-single sep-dotted\" style=\"border-color:#990000;border-top-width:1px;\"><\/div><span class=\"icon-wrapper\" style=\"border-color:transparent;font-size:14px;width: 1.75em; height: 1.75em;border-width:1px;padding:1px;margin-top:-0.5px\"><i class=\" fa fa-info-circle\" style=\"font-size: inherit;color:#990000;\" aria-hidden=\"true\"><\/i><\/span><div class=\"fusion-separator-border sep-single sep-dotted\" style=\"border-color:#990000;border-top-width:1px;\"><\/div><\/div><div class=\"fusion-sep-clear\"><\/div>\n<h3>Referente del llamado: Virginia Fachinetti<\/h3>\n<div class=\"fusion-sep-clear\"><\/div><div class=\"fusion-separator fusion-full-width-sep\" style=\"margin-left: auto;margin-right: auto;width:100%;\"><\/div><div class=\"fusion-sep-clear\"><\/div><div class=\"fusion-alignleft\"><a class=\"fusion-button button-flat button-large button-darkgray button-33 fusion-button-default-span fusion-button-default-type\" target=\"_blank\" rel=\"noopener noreferrer\" href=\"https:\/\/docs.google.com\/forms\/d\/1F_HhbojmrpQlZ77E36oMkgxWibJqIQEisObLjvGmB5M\/viewform\"><span class=\"fusion-button-icon-divider button-icon-divider-left\"><i class=\" fa fa-question-circle\" aria-hidden=\"true\"><\/i><\/span><span class=\"fusion-button-text fusion-button-text-left\">Realizar una consulta a los referentes<\/span><\/a><\/div><div class=\"fusion-sep-clear\"><\/div><div class=\"fusion-separator fusion-full-width-sep\" style=\"margin-left: auto;margin-right: auto;width:100%;\"><\/div><div class=\"fusion-sep-clear\"><\/div><\/div><\/div><\/div><\/div><div class=\"fusion-modal modal fade modal-10 innova\" tabindex=\"-1\" role=\"dialog\" aria-labelledby=\"modal-heading-10\" aria-hidden=\"true\"><style type=\"text\/css\">.modal-10 .modal-header, .modal-10 .modal-footer{border-color:#ebebeb;}<\/style><div class=\"modal-dialog modal-lg\"><div class=\"modal-content fusion-modal-content\" style=\"background-color:#f6f6f6\"><div class=\"modal-header\"><button class=\"close\" type=\"button\" data-dismiss=\"modal\" aria-hidden=\"true\">&times;<\/button><h3 class=\"modal-title\" id=\"modal-heading-10\" data-dismiss=\"modal\" aria-hidden=\"true\">Innovaciones educativas en las distintas modalidades de la ense\u00f1anza de la Udelar<\/h3><\/div><div class=\"modal-body fusion-clearfix\">\n<p>Con este llamado la CSE responde a la necesidad de continuar el esfuerzo de b\u00fasqueda y dise\u00f1o de soluciones educativas creativas que den respuesta a los complejos problemas de la ense\u00f1anza y el aprendizaje en la formaci\u00f3n universitaria de grado, con un enfoque aplicado a los espacios de ense\u00f1anza directa, en modalidades diversas: aulas, talleres, espacios comunitarios, EVA, etc.<br \/>\nEl apoyo financiero de la CSE se realizar\u00e1 durante dos a\u00f1os como un est\u00edmulo a la puesta en pr\u00e1ctica de las pol\u00edticas educativas definidas para el quinquenio.<\/p>\n<p>Los objetivos para los proyectos son:<\/p>\n<p>a) Experimentar en el contexto espec\u00edfico de un curso nuevas estrategias de ense\u00f1anza que apunten a resolver problemas o abordar situaciones educativas que rompan con las pr\u00e1cticas tradicionales, promoviendo procesos reflexivos y activos de construcci\u00f3n de conocimientos, antes que de exclusiva transmisi\u00f3n de informaci\u00f3n.<\/p>\n<p>b) Movilizar variadas formas de relaci\u00f3n educativa docente-estudiante, estudiante-estudiante, estudiante comunidad, con encuentros presenciales y virtuales utilizando las diversas tecnolog\u00edas existentes.<\/p>\n<p>c) Profundizar en el desarrollo de experiencias de hetero y autoevaluaci\u00f3n de los aprendizajes con fines formativos, as\u00ed como la puesta en pr\u00e1ctica de una variedad de estrategias de evaluaci\u00f3n de los aprendizajes, de los procesos de ense\u00f1anza y de los impactos institucionales de la formaci\u00f3n brindada.<\/p>\n<div class=\"fusion-alignleft\"><a class=\"fusion-button button-flat button-xlarge button-orange button-34 fusion-button-default-span fusion-button-default-type\" target=\"_blank\" rel=\"noopener noreferrer\" title=\"Bases\" href=\"http:\/\/www.cse.udelar.edu.uy\/wp-content\/uploads\/2013\/12\/1_BasesInnova2016-2017.pdf\"><span class=\"fusion-button-icon-divider button-icon-divider-left\"><i class=\" fa fa-file-pdf-o\" aria-hidden=\"true\"><\/i><\/span><span class=\"fusion-button-text fusion-button-text-left\">Bases<\/span><\/a><\/div><div class=\"fusion-alignleft\"><a class=\"fusion-button button-flat button-xlarge button-orange button-35 fusion-button-default-span fusion-button-default-type\" target=\"_blank\" rel=\"noopener noreferrer\" href=\"http:\/\/formularios.cse.edu.uy\/\"><span class=\"fusion-button-icon-divider button-icon-divider-left\"><i class=\" fa fa-file-text\" aria-hidden=\"true\"><\/i><\/span><span class=\"fusion-button-text fusion-button-text-left\">Formulario electr\u00f3nico<\/span><\/a><\/div><div class=\"fusion-sep-clear\"><\/div><div class=\"fusion-separator fusion-has-icon fusion-full-width-sep\" style=\"margin-left: auto;margin-right: auto;margin-top:30px;margin-bottom:20px;width:100%;\"><div class=\"fusion-separator-border sep-single sep-dotted\" style=\"border-color:#990000;border-top-width:1px;\"><\/div><span class=\"icon-wrapper\" style=\"border-color:transparent;font-size:14px;width: 1.75em; height: 1.75em;border-width:1px;padding:1px;margin-top:-0.5px\"><i class=\" fa fa-info-circle\" style=\"font-size: inherit;color:#990000;\" aria-hidden=\"true\"><\/i><\/span><div class=\"fusion-separator-border sep-single sep-dotted\" style=\"border-color:#990000;border-top-width:1px;\"><\/div><\/div><div class=\"fusion-sep-clear\"><\/div>\n<h3><strong>Referentes del llamado: Nancy Per\u00e9 &#8211; Manuel Podetti<br \/>\n<\/strong><\/h3>\n<div class=\"fusion-sep-clear\"><\/div><div class=\"fusion-separator fusion-full-width-sep\" style=\"margin-left: auto;margin-right: auto;width:100%;\"><\/div><div class=\"fusion-sep-clear\"><\/div><div class=\"fusion-alignleft\"><a class=\"fusion-button button-flat button-large button-darkgray button-36 fusion-button-default-span fusion-button-default-type\" target=\"_blank\" rel=\"noopener noreferrer\" href=\"https:\/\/docs.google.com\/forms\/d\/1dbpqdOWBTdKr7zAePXn-ijYolSy3YFCztUK6nCcFdpE\/viewform\"><span class=\"fusion-button-icon-divider button-icon-divider-left\"><i class=\" fa fa-question-circle\" aria-hidden=\"true\"><\/i><\/span><span class=\"fusion-button-text fusion-button-text-left\">Realizar una consulta a los referentes<\/span><\/a><\/div><div class=\"fusion-sep-clear\"><\/div><div class=\"fusion-separator fusion-full-width-sep\" style=\"margin-left: auto;margin-right: auto;width:100%;\"><\/div><div class=\"fusion-sep-clear\"><\/div><\/div><\/div><\/div><\/div><div class=\"fusion-modal modal fade modal-11 aped\" tabindex=\"-1\" role=\"dialog\" aria-labelledby=\"modal-heading-11\" aria-hidden=\"true\"><style type=\"text\/css\">.modal-11 .modal-header, .modal-11 .modal-footer{border-color:#ebebeb;}<\/style><div class=\"modal-dialog modal-lg\"><div class=\"modal-content fusion-modal-content\" style=\"background-color:#f6f6f6\"><div class=\"modal-header\"><button class=\"close\" type=\"button\" data-dismiss=\"modal\" aria-hidden=\"true\">&times;<\/button><h3 class=\"modal-title\" id=\"modal-heading-11\" data-dismiss=\"modal\" aria-hidden=\"true\">Iniciativas de desarrollo pedag\u00f3gico docente<\/h3><\/div><div class=\"modal-body fusion-clearfix\">\n<p>Ante una pr\u00f3xima concreci\u00f3n de la Carrera Docente en la Udelar se entiende necesario dar un nuevo impulso a la formaci\u00f3n did\u00e1ctica y pedag\u00f3gica general de los docentes de ingreso, Grados 1 y 2. Asimismo, estimular nuevas modalidades y estrategias de desarrollo did\u00e1ctico de los docentes de todos los grados, promoviendo comunidades de pr\u00e1cticas u otras formas de experimentaci\u00f3n y profundizaci\u00f3n, focalizadas en el desarrollo de las did\u00e1cticas espec\u00edficas de las disciplinas y las profesiones. Las acciones constituir\u00e1n parte de la oferta de educaci\u00f3n permanente y de formaci\u00f3n de posgrado de los docentes universitarios, cumpliendo con los requerimientos exigidos por el nivel y podr\u00e1n acreditarse en los programas de maestr\u00edas.<\/p>\n<p>Se conciben en esta convocatoria tres estrategias prioritarias para el dise\u00f1o de acciones de formaci\u00f3n<br \/>\ndocente universitaria:<\/p>\n<p>A. Cursos semi presenciales<\/p>\n<p>B. Talleres de an\u00e1lisis de las pr\u00e1cticas de ense\u00f1anza y dise\u00f1o de experiencias innovadoras<\/p>\n<p>C. Laboratorios de experimentaci\u00f3n de innovaciones<\/p>\n<p>Las iniciativas podr\u00e1n integrar como elementos del dise\u00f1o del proyecto de formaci\u00f3n: formatos flexibles, de car\u00e1cter semipresencial, modular, abiertos; la conformaci\u00f3n de equipos multidisciplinarios, por ejemplo con integrantes del Sistema Nacional de Educaci\u00f3n P\u00fablica; un abordaje innovador de los temas de la agenda cl\u00e1sica y emergente de la did\u00e1ctica, donde los conocimientos y experiencias sean transferibles y acreditables en diferentes contextos, y prever dispositivos de evaluaci\u00f3n interna y externa.<\/p>\n<div class=\"fusion-alignleft\"><a class=\"fusion-button button-flat button-large button-orange button-37 fusion-button-default-span fusion-button-default-type\" target=\"_blank\" rel=\"noopener noreferrer\" title=\"Bases\" href=\"http:\/\/www.cse.udelar.edu.uy\/wp-content\/uploads\/2016\/11\/Bases-DPD-2017-ultima.pdf\"><span class=\"fusion-button-icon-divider button-icon-divider-left\"><i class=\" fa fa-file-pdf-o\" aria-hidden=\"true\"><\/i><\/span><span class=\"fusion-button-text fusion-button-text-left\">Bases<\/span><\/a><\/div><div class=\"fusion-alignleft\"><a class=\"fusion-button button-flat button-large button-orange button-38 fusion-button-default-span fusion-button-default-type\" target=\"_blank\" rel=\"noopener noreferrer\" title=\"Bases\" href=\"http:\/\/www.cse.udelar.edu.uy\/wp-content\/uploads\/2016\/11\/desarrolloPedagogico2017_ul.pdf\"><span class=\"fusion-button-icon-divider button-icon-divider-left\"><i class=\" fa fa-file-pdf-o\" aria-hidden=\"true\"><\/i><\/span><span class=\"fusion-button-text fusion-button-text-left\">Formulario PDF Instructivo<\/span><\/a><\/div><div class=\"fusion-alignleft\"><a class=\"fusion-button button-flat button-large button-orange button-39 fusion-button-default-span fusion-button-default-type\" target=\"_blank\" rel=\"noopener noreferrer\" href=\"http:\/\/formularios.cse.edu.uy\/\"><span class=\"fusion-button-icon-divider button-icon-divider-left\"><i class=\" fa fa-file-text\" aria-hidden=\"true\"><\/i><\/span><span class=\"fusion-button-text fusion-button-text-left\">Formulario electr\u00f3nico<\/span><\/a><\/div><div class=\"fusion-sep-clear\"><\/div><div class=\"fusion-separator fusion-full-width-sep\" style=\"margin-left: auto;margin-right: auto;margin-top:5px;margin-bottom:5px;width:100%;\"><div class=\"fusion-separator-border sep-double\" style=\"border-color:#990000;border-top-width:0px;border-bottom-width:0px;\"><\/div><\/div><div class=\"fusion-sep-clear\"><\/div>\n<p><strong>Nota:<\/strong> Los formularios electr\u00f3nicos se habilitar\u00e1n en las fechas de apertura respectivas<\/p>\n<div class=\"fusion-sep-clear\"><\/div><div class=\"fusion-separator fusion-has-icon fusion-full-width-sep\" style=\"margin-left: auto;margin-right: auto;margin-top:30px;margin-bottom:20px;width:100%;\"><div class=\"fusion-separator-border sep-single sep-dotted\" style=\"border-color:#990000;border-top-width:1px;\"><\/div><span class=\"icon-wrapper\" style=\"border-color:transparent;font-size:14px;width: 1.75em; height: 1.75em;border-width:1px;padding:1px;margin-top:-0.5px\"><i class=\" fa fa-info-circle\" style=\"font-size: inherit;color:#990000;\" aria-hidden=\"true\"><\/i><\/span><div class=\"fusion-separator-border sep-single sep-dotted\" style=\"border-color:#990000;border-top-width:1px;\"><\/div><\/div><div class=\"fusion-sep-clear\"><\/div>\n<h3>Referentes del llamado: Nancy Per\u00e9 &#8211; Virginia Fachinetti<\/h3>\n<div class=\"fusion-sep-clear\"><\/div><div class=\"fusion-separator fusion-full-width-sep\" style=\"margin-left: auto;margin-right: auto;width:100%;\"><\/div><div class=\"fusion-sep-clear\"><\/div><div class=\"fusion-alignleft\"><a class=\"fusion-button button-flat button-large button-darkgray button-40 fusion-button-default-span fusion-button-default-type\" target=\"_blank\" rel=\"noopener noreferrer\" href=\"https:\/\/docs.google.com\/forms\/d\/1o3dHxpe_9aDCtkJ7tfRqfkYmFMHdAaZBWffSPhfgVvo\/viewform\"><span class=\"fusion-button-icon-divider button-icon-divider-left\"><i class=\" fa fa-question-circle\" aria-hidden=\"true\"><\/i><\/span><span class=\"fusion-button-text fusion-button-text-left\">Realizar una consulta a los referentes<\/span><\/a><\/div><div class=\"fusion-sep-clear\"><\/div><div class=\"fusion-separator fusion-full-width-sep\" style=\"margin-left: auto;margin-right: auto;width:100%;\"><\/div><div class=\"fusion-sep-clear\"><\/div><\/div><\/div><\/div><\/div><div class=\"fusion-text fusion-text-2\"><div>Seg\u00fan la normativa vigente, la CSE cumple una labor relevante de asesoramiento al Consejo Directivo Central (CDC) en materia de pol\u00edticas relacionadas con el desarrollo de la ense\u00f1anza y promueve iniciativas tendientes a fomentar la innovaci\u00f3n educativa. Acorde a los fines, la CSE impulsa y financia proyectos de mejoramiento de la calidad de la ense\u00f1anza de grado, a trav\u00e9s de fondos concursables y no concursables.<\/div>\n<div>Para el a\u00f1o 2017 la CSE ha definido un conjunto de l\u00edneas prioritarias a ser llamadas a concurso de equipos docentes o propuestas de car\u00e1cter institucional. En los enlaces que siguen se pueden encontrar los objetivos y bases de cada uno de los llamados propuestos.<\/div>\n<\/div><div class=\"fusion-text fusion-text-3\"><p><!--&#091;\/fusion_text&#093;&#091;fusion_button color=\"lightgray\" size=\"small\" stretch=\"default\" type=\"flat\" target=\"_self\" border_width=\"1px\" icon=\"fa-chevron-right\" icon_position=\"left\" icon_divider=\"yes\" animation_type=\"0\" animation_direction=\"left\" animation_speed=\"1\" alignment=\"right\"&#093;INGRESE SU CONSULTA&#091;\/fusion_button&#093;&#091;fusion_text&#093;--><\/p>\n<\/div><div class=\"fusion-sep-clear\"><\/div><div class=\"fusion-separator fusion-full-width-sep\" style=\"margin-left: auto;margin-right: auto;margin-top:10px;width:100%;\"><\/div><div class=\"fusion-sep-clear\"><\/div><div class=\"fusion-alignright\"><a class=\"fusion-button button-flat button-small button-lightgray button-41 fusion-button-default-span \" target=\"_blank\" rel=\"noopener noreferrer\" href=\"http:\/\/formularios.cse.udelar.edu.uy\/\"><span class=\"fusion-button-icon-divider button-icon-divider-left\"><i class=\" fa fa-chevron-right\" aria-hidden=\"true\"><\/i><\/span><span class=\"fusion-button-text fusion-button-text-left\">FORMULARIOS ELECTR\u00d3NICOS<\/span><\/a><\/div><div class=\"fusion-text fusion-text-4\"><p style=\"text-align: right\">Los formularios se habilitar\u00e1n en las fechas de apertura respectivas<\/p>\n<\/div><div class=\"fusion-text fusion-text-5\"><p style=\"text-align: left\">\n<\/div><div class=\"fusion-sep-clear\"><\/div><div class=\"fusion-separator fusion-full-width-sep\" style=\"margin-left: auto;margin-right: auto;width:100%;\"><\/div><div class=\"fusion-sep-clear\"><\/div><div class=\"fusion-flip-boxes flip-boxes row fusion-columns-3 flip-effect-classic\"><div class=\"fusion-flip-box-wrapper fusion-column col-lg-4 col-md-4 col-sm-4\"><div class=\"fusion-flip-box flip-right\" tabindex=\"0\"><div class=\"flip-box-inner-wrapper\"><div class=\"flip-box-front\" style=\"background-color:#e5e5e5;border-color:transparent;border-radius:15px;border-style:solid;border-width:1px;color:#747474;transition-duration:0.4s;\"><div class=\"flip-box-front-inner\"><div class=\"flip-box-grafix flip-box-no-circle\"><i aria-hidden=\"true\" class=\" fa fa-search\" style=\"color:#c44372;\"><\/i><\/div><h2 class=\"flip-box-heading\" style=\"color:#333333;\">Proyectos de investigaci\u00f3n para la mejora de la calidad de la ense\u00f1anza universitaria<\/h2>15.06.2017 - 31.08.2017<\/div><\/div><div class=\"flip-box-back\" style=\"background-color:#c44372;border-color:transparent;border-radius:15px;border-style:solid;border-width:1px;color:#ffffff;transition-duration:0.4s;\"><div class=\"flip-box-back-inner\">\n<table style=\"width: 100%;height: 200px\" border=\"0\">\n<tbody>\n<tr>\n<td>Se resuelve impulsar una l\u00ednea de investigaci\u00f3n focalizada espec\u00edficamente en la ense\u00f1anza universitaria a trav\u00e9s de proyectos concursables. La misma est\u00e1 dirigida al conjunto de los docentes universitarios, siendo de particular inter\u00e9s la presentaci\u00f3n de propuestas de todas las \u00e1reas de conocimiento.<br \/>\nEsta l\u00ednea es convocada en conjunto CSE-CSIC<\/td>\n<\/tr>\n<\/tbody>\n<\/table>\n<div class=\"fusion-alignleft\"><a class=\"fusion-button button-flat button-small button-orange button-42 fusion-button-default-span \" target=\"_self\" href=\"#\" data-toggle=\"modal\" data-target=\".fusion-modal.pimceu\"><span class=\"fusion-button-icon-divider button-icon-divider-left\"><i class=\" fa fa-angle-right\" aria-hidden=\"true\"><\/i><\/span><span class=\"fusion-button-text fusion-button-text-left\">M\u00e1s info<\/span><\/a><\/div><\/div><\/div><\/div><\/div><\/div><div class=\"fusion-flip-box-wrapper fusion-column col-lg-4 col-md-4 col-sm-4\"><div class=\"fusion-flip-box flip-right\" tabindex=\"0\"><div class=\"flip-box-inner-wrapper\"><div class=\"flip-box-front\" style=\"background-color:#e5e5e5;border-color:transparent;border-radius:15px;border-style:solid;border-width:1px;color:#747474;transition-duration:0.4s;\"><div class=\"flip-box-front-inner\"><div class=\"flip-box-grafix flip-box-no-circle\"><i aria-hidden=\"true\" class=\" fa fa-book\" style=\"color:#3cb2b2;\"><\/i><\/div><h2 class=\"flip-box-heading\" style=\"color:#333333;\">Elaboraci\u00f3n de Manuales Did\u00e1cticos para la ense\u00f1anza de grado<\/h2>01.02.2017 - 24.03.2017<\/div><\/div><div class=\"flip-box-back\" style=\"background-color:#3cb2b2;border-color:transparent;border-radius:15px;border-style:solid;border-width:1px;color:#ffffff;transition-duration:0.4s;\"><div class=\"flip-box-back-inner\">\n<table style=\"width: 100%;height: 200px\" border=\"0\">\n<tbody>\n<tr>\n<td>Se convoca a docentes universitarios a presentar propuestas de elaboraci\u00f3n de manuales did\u00e1cticos dirigidos a estudiantes que cursan unidades curriculares de los Planes de Estudios de la Universidad de la Rep\u00fablica.<\/td>\n<\/tr>\n<\/tbody>\n<\/table>\n<div class=\"fusion-alignleft\"><a class=\"fusion-button button-flat button-small button-orange button-43 fusion-button-default-span \" target=\"_self\" href=\"#\" data-toggle=\"modal\" data-target=\".fusion-modal.manuales\"><span class=\"fusion-button-icon-divider button-icon-divider-left\"><i class=\" fa fa-angle-right\" aria-hidden=\"true\"><\/i><\/span><span class=\"fusion-button-text fusion-button-text-left\">M\u00e1s info<\/span><\/a><\/div><\/div><\/div><\/div><\/div><\/div><div class=\"fusion-flip-box-wrapper fusion-column col-lg-4 col-md-4 col-sm-4\"><div class=\"fusion-flip-box flip-right\" tabindex=\"0\"><div class=\"flip-box-inner-wrapper\"><div class=\"flip-box-front\" style=\"background-color:#e5e5e5;border-color:transparent;border-radius:15px;border-style:solid;border-width:1px;color:#747474;transition-duration:0.4s;\"><div class=\"flip-box-front-inner\"><div class=\"flip-box-grafix flip-box-no-circle\"><i aria-hidden=\"true\" class=\" fa fa-cogs\" style=\"color:#994e9b;\"><\/i><\/div><h2 class=\"flip-box-heading\" style=\"color:#333333;\">Apoyo acad\u00e9mico-disciplinar a cursos de primer a\u00f1o de las carreras universitarias<\/h2>01.02.2017 - 24.03.2017<\/div><\/div><div class=\"flip-box-back\" style=\"background-color:#994e9b;border-color:transparent;border-radius:15px;border-style:solid;border-width:1px;color:#ffffff;transition-duration:0.4s;\"><div class=\"flip-box-back-inner\">\n<table style=\"width: 100%;height: 200px\" border=\"0\">\n<tbody>\n<tr>\n<td>Se convoca a la presentaci\u00f3n de proyectos que promuevan experiencias de apoyo acad\u00e9mico-disciplinar en aquellas unidades curriculares de primer a\u00f1o donde se constaten mayores complejidades en los procesos de ense\u00f1anza y de aprendizaje e incidencia en la desvinculaci\u00f3n.<\/td>\n<\/tr>\n<\/tbody>\n<\/table>\n<div class=\"fusion-alignleft\"><a class=\"fusion-button button-flat button-small button-orange button-44 fusion-button-default-span \" target=\"_self\" href=\"#\" data-toggle=\"modal\" data-target=\".fusion-modal.acad\"><span class=\"fusion-button-icon-divider button-icon-divider-left\"><i class=\" fa fa-angle-right\" aria-hidden=\"true\"><\/i><\/span><span class=\"fusion-button-text fusion-button-text-left\">M\u00e1s info<\/span><\/a><\/div><\/div><\/div><\/div><\/div><\/div><div class=\"fusion-flip-box-wrapper fusion-column col-lg-4 col-md-4 col-sm-4\"><div class=\"fusion-flip-box flip-right\" tabindex=\"0\"><div class=\"flip-box-inner-wrapper\"><div class=\"flip-box-front\" style=\"background-color:#e5e5e5;border-color:transparent;border-radius:15px;border-style:solid;border-width:1px;color:#747474;transition-duration:0.4s;\"><div class=\"flip-box-front-inner\"><div class=\"flip-box-grafix flip-box-no-circle\"><i aria-hidden=\"true\" class=\" fa fa-line-chart\" style=\"color:#ba7745;\"><\/i><\/div><h2 class=\"flip-box-heading\" style=\"color:#333333;\">Apoyo a ajustes curriculares de los planes de estudios<\/h2>01.02.2017 - 24.03.2017<\/div><\/div><div class=\"flip-box-back\" style=\"background-color:#ba7745;border-color:transparent;border-radius:15px;border-style:solid;border-width:1px;color:#ffffff;transition-duration:0.4s;\"><div class=\"flip-box-back-inner\">\n<table style=\"width: 100%;height: 200px\" border=\"0\">\n<tbody>\n<tr>\n<td>Se convoca a la presentaci\u00f3n de solicitudes institucionales de apoyo para la realizaci\u00f3n de procesos de evaluaci\u00f3n de los planes de estudios a fin de proyectar adecuaciones curriculares.<\/td>\n<\/tr>\n<\/tbody>\n<\/table>\n<div class=\"fusion-alignleft\"><a class=\"fusion-button button-flat button-small button-orange button-45 fusion-button-default-span \" target=\"_self\" href=\"#\" data-toggle=\"modal\" data-target=\".fusion-modal.acur\"><span class=\"fusion-button-icon-divider button-icon-divider-left\"><i class=\" fa fa-angle-right\" aria-hidden=\"true\"><\/i><\/span><span class=\"fusion-button-text fusion-button-text-left\">M\u00e1s info<\/span><\/a><\/div><\/div><\/div><\/div><\/div><\/div><div class=\"fusion-flip-box-wrapper fusion-column col-lg-4 col-md-4 col-sm-4\"><div class=\"fusion-flip-box flip-right\" tabindex=\"0\"><div class=\"flip-box-inner-wrapper\"><div class=\"flip-box-front\" style=\"background-color:#e5e5e5;border-color:transparent;border-radius:15px;border-style:solid;border-width:1px;color:#747474;transition-duration:0.4s;\"><div class=\"flip-box-front-inner\"><div class=\"flip-box-grafix flip-box-no-circle\"><i aria-hidden=\"true\" class=\" fa fa-graduation-cap\" style=\"color:#b73447;\"><\/i><\/div><h2 class=\"flip-box-heading\" style=\"color:#333333;\">Iniciativas de desarrollo pedag\u00f3gico docente<\/h2>01.02.2017 - 24.03.2017<\/div><\/div><div class=\"flip-box-back\" style=\"background-color:#b73447;border-color:transparent;border-radius:15px;border-style:solid;border-width:1px;color:#ffffff;transition-duration:0.4s;\"><div class=\"flip-box-back-inner\">\n<table style=\"width: 100%;height: 200px\" border=\"0\">\n<tbody>\n<tr>\n<td>Se convoca a la presentaci\u00f3n de iniciativas para fortalecer la formaci\u00f3n did\u00e1ctico-pedag\u00f3gica del personal docente de la Universidad de la Rep\u00fablica, como forma de contribuir a su profesionalizaci\u00f3n acad\u00e9mica a trav\u00e9s de la promoci\u00f3n de acciones de educaci\u00f3n permanente y de nivel de posgrado.<\/td>\n<\/tr>\n<\/tbody>\n<\/table>\n<div class=\"fusion-alignleft\"><a class=\"fusion-button button-flat button-small button-orange button-46 fusion-button-default-span \" target=\"_self\" href=\"#\" data-toggle=\"modal\" data-target=\".fusion-modal.aped\"><span class=\"fusion-button-icon-divider button-icon-divider-left\"><i class=\" fa fa-angle-right\" aria-hidden=\"true\"><\/i><\/span><span class=\"fusion-button-text fusion-button-text-left\">M\u00e1s info<\/span><\/a><\/div><\/div><\/div><\/div><\/div><\/div><div class=\"fusion-flip-box-wrapper fusion-column col-lg-4 col-md-4 col-sm-4\"><div class=\"fusion-flip-box flip-right\" tabindex=\"0\"><div class=\"flip-box-inner-wrapper\"><div class=\"flip-box-front\" style=\"background-color:#e5e5e5;border-color:transparent;border-radius:15px;border-style:solid;border-width:1px;color:#747474;transition-duration:0.4s;\"><div class=\"flip-box-front-inner\"><div class=\"flip-box-grafix flip-box-no-circle\"><i aria-hidden=\"true\" class=\" fa fa-desktop\" style=\"color:#156bd1;\"><\/i><\/div><h2 class=\"flip-box-heading\" style=\"color:#333333;\">Equipamiento e infraestructura destinados a la ense\u00f1anza de grado<\/h2>01.02.2017 - 24.03.2017<\/div><\/div><div class=\"flip-box-back\" style=\"background-color:#156bd1;border-color:transparent;border-radius:15px;border-style:solid;border-width:1px;color:#ffffff;transition-duration:0.4s;\"><div class=\"flip-box-back-inner\">\n<table style=\"width: 100%;height: 200px\" border=\"0\">\n<tbody>\n<tr>\n<td>Contribuye a la mejora de la calidad de la educaci\u00f3n universitaria, atendiendo especialmente espacios y formatos en los que la ense\u00f1anza de grado se desarrolla de forma masiva.<\/td>\n<\/tr>\n<\/tbody>\n<\/table>\n<div class=\"fusion-alignleft\"><a class=\"fusion-button button-flat button-small button-orange button-47 fusion-button-default-span \" target=\"_self\" href=\"#\" data-toggle=\"modal\" data-target=\".fusion-modal.equipamiento\"><span class=\"fusion-button-icon-divider button-icon-divider-left\"><i class=\" fa fa-angle-right\" aria-hidden=\"true\"><\/i><\/span><span class=\"fusion-button-text fusion-button-text-left\">M\u00e1s info<\/span><\/a><\/div><\/div><\/div><\/div><\/div><\/div><div class=\"fusion-flip-box-wrapper fusion-column col-lg-4 col-md-4 col-sm-4\"><div class=\"fusion-flip-box flip-right\" tabindex=\"0\"><div class=\"flip-box-inner-wrapper\"><div class=\"flip-box-front\" style=\"background-color:#e5e5e5;border-color:transparent;border-radius:15px;border-style:solid;border-width:1pxpx;color:#747474;transition-duration:0.4s;\"><div class=\"flip-box-front-inner\"><div class=\"flip-box-grafix flip-box-no-circle\"><i aria-hidden=\"true\" class=\" fa fa-users\" style=\"color:#6f939e;\"><\/i><\/div><h2 class=\"flip-box-heading\" style=\"color:#333333;\">Recursos Humanos: Apoyo a la realizaci\u00f3n de eventos en el pa\u00eds<\/h2>01.09.2017 - 05.10.2017<strong><br \/>\nSEGUNDA CONVOCATORIA<\/strong><\/div><\/div><div class=\"flip-box-back\" style=\"background-color:#6f939e;border-color:transparent;border-radius:15px;border-style:solid;border-width:1pxpx;color:#ffffff;transition-duration:0.4s;\"><div class=\"flip-box-back-inner\">\n<table style=\"width: 100%;height: 200px\" border=\"0\">\n<tbody>\n<tr>\n<td>Se entiende por \u2018eventos en el pa\u00eds\u2019 la realizaci\u00f3n de simposios, seminarios, congresos, ciclos de conferencias, y talleres tanto de car\u00e1cter nacional, regional e internacional, que evidencian una clara vinculaci\u00f3n con la educaci\u00f3n universitaria o con la ense\u00f1anza de las disciplinas que imparte la Universidad de la Rep\u00fablica.<\/td>\n<\/tr>\n<\/tbody>\n<\/table>\n<div class=\"fusion-alignleft\"><a class=\"fusion-button button-flat button-small button-orange button-48 fusion-button-default-span \" target=\"_self\" href=\"#\" data-toggle=\"modal\" data-target=\".fusion-modal.rrhheventos\"><span class=\"fusion-button-icon-divider button-icon-divider-left\"><i class=\" fa fa-angle-right\" aria-hidden=\"true\"><\/i><\/span><span class=\"fusion-button-text fusion-button-text-left\">M\u00e1s info<\/span><\/a><\/div><\/div><\/div><\/div><\/div><\/div><div class=\"fusion-flip-box-wrapper fusion-column col-lg-4 col-md-4 col-sm-4\"><div class=\"fusion-flip-box flip-right\" tabindex=\"0\"><div class=\"flip-box-inner-wrapper\"><div class=\"flip-box-front\" style=\"background-color:#e5e5e5;border-color:transparent;border-radius:15px;border-style:solid;border-width:1pxpx;color:#747474;transition-duration:0.4s;\"><div class=\"flip-box-front-inner\"><div class=\"flip-box-grafix flip-box-no-circle\"><i aria-hidden=\"true\" class=\" fa fa-users\" style=\"color:#6f939e;\"><\/i><\/div><h2 class=\"flip-box-heading\" style=\"color:#333333;\">Recursos Humanos: Apoyo a actividades de perfeccionamiento docente<\/h2>01.09.2017 - 05.10.2017<br \/>\n<strong>SEGUNDA CONVOCATORIA<\/strong><\/div><\/div><div class=\"flip-box-back\" style=\"background-color:#6f939e;border-color:transparent;border-radius:15px;border-style:solid;border-width:1pxpx;color:#ffffff;transition-duration:0.4s;\"><div class=\"flip-box-back-inner\">\n<table style=\"width: 100%;height: 200px\" border=\"0\">\n<tbody>\n<tr>\n<td>Se entiende por \u2018actividades de perfeccionamiento docente\u2019 la participaci\u00f3n en eventos tales como congresos, cursos, pasant\u00edas, y otros eventos programados por entidades cient\u00edficas o universitarias en el campo de la educaci\u00f3n universitaria y que puedan significar un aporte para los docentes de la Universidad de la Rep\u00fablica en el desarrollo de la funci\u00f3n de ense\u00f1anza.<\/td>\n<\/tr>\n<\/tbody>\n<\/table>\n<div class=\"fusion-alignleft\"><a class=\"fusion-button button-flat button-small button-orange button-49 fusion-button-default-span \" target=\"_self\" href=\"#\" data-toggle=\"modal\" data-target=\".fusion-modal.rrhhperfeccionamiento\"><span class=\"fusion-button-icon-divider button-icon-divider-left\"><i class=\" fa fa-angle-right\" aria-hidden=\"true\"><\/i><\/span><span class=\"fusion-button-text fusion-button-text-left\">M\u00e1s info<\/span><\/a><\/div><\/div><\/div><\/div><\/div><\/div><div class=\"fusion-flip-box-wrapper fusion-column col-lg-4 col-md-4 col-sm-4\"><div class=\"fusion-flip-box flip-right\" tabindex=\"0\"><div class=\"flip-box-inner-wrapper\"><div class=\"flip-box-front\" style=\"background-color:#e5e5e5;border-color:transparent;border-radius:15px;border-style:solid;border-width:1pxpx;color:#747474;transition-duration:0.4s;\"><div class=\"flip-box-front-inner\"><div class=\"flip-box-grafix flip-box-no-circle\"><i aria-hidden=\"true\" class=\" fa fa-users\" style=\"color:#6f939e;\"><\/i><\/div><h2 class=\"flip-box-heading\" style=\"color:#333333;\">Recursos Humanos: Apoyo a la formaci\u00f3n en posgrados en el exterior<\/h2>01.09.2017 - 05.10.2017<br \/>\n<strong>SEGUNDA CONVOCATORIA<\/strong><\/div><\/div><div class=\"flip-box-back\" style=\"background-color:#6f939e;border-color:transparent;border-radius:15px;border-style:solid;border-width:1pxpx;color:#ffffff;transition-duration:0.4s;\"><div class=\"flip-box-back-inner\">\n<table style=\"width: 100%;height: 200px\" border=\"0\">\n<tbody>\n<tr>\n<td>Se entiende por \u2018posgrado en el exterior\u2019 a la formaci\u00f3n posterior al grado universitario que implique: residencia en el exterior, posgrados de car\u00e1cter regional, posgrados a distancia, tramos de cursado o de evaluaci\u00f3n realizados en el exterior.<\/td>\n<\/tr>\n<\/tbody>\n<\/table>\n<div class=\"fusion-alignleft\"><a class=\"fusion-button button-flat button-small button-orange button-50 fusion-button-default-span \" target=\"_self\" href=\"#\" data-toggle=\"modal\" data-target=\".fusion-modal.rrhhposgrados\"><span class=\"fusion-button-icon-divider button-icon-divider-left\"><i class=\" fa fa-angle-right\" aria-hidden=\"true\"><\/i><\/span><span class=\"fusion-button-text fusion-button-text-left\">M\u00e1s info<\/span><\/a><\/div><\/div><\/div><\/div><\/div><\/div><\/div><div class=\"clearfix\"><\/div><div class=\"fusion-aligncenter\"><a class=\"fusion-button button-flat button-xlarge button-lightgray button-51 fusion-button-default-span fusion-button-default-type\" target=\"_self\" href=\"http:\/\/www.cse.udelar.edu.uy\/estado-de-las-convocatorias-2017\/\"><span class=\"fusion-button-icon-divider button-icon-divider-left\"><i class=\" fa fa-calendar\" aria-hidden=\"true\"><\/i><\/span><span class=\"fusion-button-text fusion-button-text-left\">ESTADO DE LAS CONVOCATORIAS<\/span><\/a><\/div><div class=\"fusion-clearfix\"><\/div><\/div><\/div><\/div><div class=\"fusion-builder-row fusion-row\"><\/div><\/div><div class=\"fusion-fullwidth fullwidth-box fusion-builder-row-2 hundred-percent-fullwidth non-hundred-percent-height-scrolling\" style=\"background-color: rgba(255,255,255,0);background-position: center center;background-repeat: no-repeat;padding-top:0px;padding-right:0px;padding-bottom:0px;padding-left:0px;margin-bottom: 0px;margin-top: 0px;border-width: 0px 0px 0px 0px;border-color:#eae9e9;border-style:solid;\" ><style type=\"text\/css\">.fusion-fullwidth.fusion-builder-row-2 { overflow:visible; }<\/style><\/div> <\/p>\n","protected":false},"excerpt":{"rendered":"","protected":false},"author":2,"featured_media":0,"parent":0,"menu_order":0,"comment_status":"closed","ping_status":"closed","template":"","meta":[],"_links":{"self":[{"href":"https:\/\/www.cse.udelar.edu.uy\/jornadas\/wp-json\/wp\/v2\/pages\/14941"}],"collection":[{"href":"https:\/\/www.cse.udelar.edu.uy\/jornadas\/wp-json\/wp\/v2\/pages"}],"about":[{"href":"https:\/\/www.cse.udelar.edu.uy\/jornadas\/wp-json\/wp\/v2\/types\/page"}],"author":[{"embeddable":true,"href":"https:\/\/www.cse.udelar.edu.uy\/jornadas\/wp-json\/wp\/v2\/users\/2"}],"replies":[{"embeddable":true,"href":"https:\/\/www.cse.udelar.edu.uy\/jornadas\/wp-json\/wp\/v2\/comments?post=14941"}],"version-history":[{"count":0,"href":"https:\/\/www.cse.udelar.edu.uy\/jornadas\/wp-json\/wp\/v2\/pages\/14941\/revisions"}],"wp:attachment":[{"href":"https:\/\/www.cse.udelar.edu.uy\/jornadas\/wp-json\/wp\/v2\/media?parent=14941"}],"curies":[{"name":"wp","href":"https:\/\/api.w.org\/{rel}","templated":true}]}}