{"id":23429,"date":"2019-04-20T01:38:23","date_gmt":"2019-04-20T04:38:23","guid":{"rendered":"http:\/\/pruebas.cse.udelar.edu.uy\/?page_id=23429"},"modified":"2019-04-20T01:38:23","modified_gmt":"2019-04-20T04:38:23","slug":"ua","status":"publish","type":"page","link":"https:\/\/www.cse.udelar.edu.uy\/jornadas\/ua\/","title":{"rendered":"Unidad Acad\u00e9mica"},"content":{"rendered":"<div class=\"fusion-fullwidth fullwidth-box fusion-builder-row-1 nonhundred-percent-fullwidth non-hundred-percent-height-scrolling\" style=\"background-color: rgba(255,255,255,0);background-position: center center;background-repeat: no-repeat;padding-top:0px;padding-right:0px;padding-bottom:0px;padding-left:0px;margin-bottom: 0px;margin-top: 0px;border-width: 0px 0px 0px 0px;border-color:#eae9e9;border-style:solid;\" ><div class=\"fusion-builder-row fusion-row\"><div class=\"fusion-layout-column fusion_builder_column fusion-builder-column-0 fusion_builder_column_1_1 1_1 fusion-one-full fusion-column-first fusion-column-last\" style=\"margin-top:0px;margin-bottom:20px;\"><div class=\"fusion-column-wrapper fusion-flex-column-wrapper-legacy\" style=\"background-position:left top;background-repeat:no-repeat;-webkit-background-size:cover;-moz-background-size:cover;-o-background-size:cover;background-size:cover;padding: 0px 0px 0px 0px;\"><div class=\"fusion-text fusion-text-1\"><p>La Comisi\u00f3n Sectorial de Ense\u00f1anza cuenta con el respaldo t\u00e9cnico de una Unidad Acad\u00e9mica de integraci\u00f3n multidisciplinar cuyas principales funciones son:<\/p>\n<ul>\n<li>acompa\u00f1ar el monitoreo de los proyectos financiados<\/li>\n<li>preparar evaluaciones<\/li>\n<li>brindar asesoramientos pedag\u00f3gicos que orienten el proceso de elaboraci\u00f3n de las pol\u00edticas universitarias<\/li>\n<li>investigar temas educativos relacionados con los proyectos gestionados por esta Comisi\u00f3n y demandas derivadas de los procesos de mejora de la calidad de la ense\u00f1anza y los aprendizajes universitarios.<\/li>\n<\/ul>\n<p>Les damos la bienvenida a nuestro espacio web y los invitamos a recorrelo.<\/p>\n<\/div><style type=\"text\/css\"><\/style><div class=\"fusion-title title fusion-title-1 fusion-title-text fusion-title-size-two\" style=\"margin-top:0px;margin-bottom:0px;\"><h2 class=\"title-heading-left\" style=\"margin:0;\"><h2>NOTICIAS<\/h2><\/h2><div class=\"title-sep-container\"><div class=\"title-sep sep-single sep-dashed\" style=\"border-color:#e0dede;\"><\/div><\/div><\/div><div class=\"fusion-post-slider fusion-flexslider fusion-flexslider-loading flexslider-posts-with-excerpt\"><ul class=\"slides\"><li><a href=\"https:\/\/www.cse.udelar.edu.uy\/jornadas\/2019\/10\/17\/26-de-setiembre-iii-encuentro-latinoamericano-practicas-de-asesorias-pedagogicas-universitarias-2\/\" aria-label=\"27-29 octubre 2021 | II Jornadas Regionales de Investigaci\u00f3n en Educaci\u00f3n Superior\"><img loading=\"lazy\" width=\"2000\" height=\"552\" class=\"wp-image-248\" src=\"https:\/\/www.cse.udelar.edu.uy\/jornadas\/wp-content\/uploads\/sites\/4\/2019\/07\/slider-jornadas.jpg\" alt=\"\" srcset=\"https:\/\/www.cse.udelar.edu.uy\/jornadas\/wp-content\/uploads\/sites\/4\/2019\/07\/slider-jornadas-200x55.jpg 200w, https:\/\/www.cse.udelar.edu.uy\/jornadas\/wp-content\/uploads\/sites\/4\/2019\/07\/slider-jornadas-400x110.jpg 400w, https:\/\/www.cse.udelar.edu.uy\/jornadas\/wp-content\/uploads\/sites\/4\/2019\/07\/slider-jornadas-600x166.jpg 600w, https:\/\/www.cse.udelar.edu.uy\/jornadas\/wp-content\/uploads\/sites\/4\/2019\/07\/slider-jornadas-800x221.jpg 800w, https:\/\/www.cse.udelar.edu.uy\/jornadas\/wp-content\/uploads\/sites\/4\/2019\/07\/slider-jornadas-1200x331.jpg 1200w, https:\/\/www.cse.udelar.edu.uy\/jornadas\/wp-content\/uploads\/sites\/4\/2019\/07\/slider-jornadas.jpg 2000w\" sizes=\"(max-width: 800px) 100vw, 2000px\" \/><\/a><div class=\"slide-excerpt\"><div class=\"excerpt-container\"><h2><a href=\"https:\/\/www.cse.udelar.edu.uy\/jornadas\/2019\/10\/17\/26-de-setiembre-iii-encuentro-latinoamericano-practicas-de-asesorias-pedagogicas-universitarias-2\/\">27-29 octubre 2021 | II Jornadas Regionales de Investigaci\u00f3n en Educaci\u00f3n Superior<\/a><\/h2><p><\/p><\/div><\/div><\/li><li><a href=\"https:\/\/www.cse.udelar.edu.uy\/jornadas\/2019\/10\/16\/16-de-octubre-2019-estilo-apa-guia-con-ejemplos-y-adaptaciones-para-uruguay\/\" aria-label=\"16 de octubre 2019 | Presentaci\u00f3n del libro \u00abEstilo APA: Gu\u00eda con ejemplos y adaptaciones para Uruguay\u00bb\"><img loading=\"lazy\" width=\"800\" height=\"430\" class=\"wp-image-23949\" src=\"https:\/\/www.cse.udelar.edu.uy\/jornadas\/wp-content\/uploads\/sites\/4\/2019\/09\/tercerreduae.jpg\" alt=\"\" srcset=\"https:\/\/www.cse.udelar.edu.uy\/jornadas\/wp-content\/uploads\/sites\/4\/2019\/09\/tercerreduae-200x108.jpg 200w, https:\/\/www.cse.udelar.edu.uy\/jornadas\/wp-content\/uploads\/sites\/4\/2019\/09\/tercerreduae-400x215.jpg 400w, https:\/\/www.cse.udelar.edu.uy\/jornadas\/wp-content\/uploads\/sites\/4\/2019\/09\/tercerreduae-600x323.jpg 600w, https:\/\/www.cse.udelar.edu.uy\/jornadas\/wp-content\/uploads\/sites\/4\/2019\/09\/tercerreduae.jpg 800w\" sizes=\"(max-width: 800px) 100vw, 800px\" \/><\/a><div class=\"slide-excerpt\"><div class=\"excerpt-container\"><h2><a href=\"https:\/\/www.cse.udelar.edu.uy\/jornadas\/2019\/10\/16\/16-de-octubre-2019-estilo-apa-guia-con-ejemplos-y-adaptaciones-para-uruguay\/\">16 de octubre 2019 | Presentaci\u00f3n del libro \u00abEstilo APA: Gu\u00eda con ejemplos y adaptaciones para Uruguay\u00bb<\/a><\/h2><p> Se present\u00f3 el d\u00eda 16 de octubre el libro \"Estilo APA: Gu\u00eda con ejemplos y adaptaciones para Uruguay\", elaborado por el Grupo APA y editado por el Pro Rectorado de Ense\u00f1anza. En la presentaci\u00f3n [...]<\/p><\/div><\/div><\/li><li><a href=\"https:\/\/www.cse.udelar.edu.uy\/jornadas\/2019\/09\/26\/26-de-setiembre-iii-encuentro-latinoamericano-practicas-de-asesorias-pedagogicas-universitarias\/\" aria-label=\"26 y 27 de setiembre 2019 | III Encuentro Latinoamericano \u201cPr\u00e1cticas de Asesor\u00edas Pedag\u00f3gicas Universitarias\u201d\"><img loading=\"lazy\" width=\"2000\" height=\"552\" class=\"wp-image-217\" src=\"https:\/\/www.cse.udelar.edu.uy\/jornadas\/wp-content\/uploads\/sites\/4\/2019\/02\/apu2019.jpg\" alt=\"\" srcset=\"https:\/\/www.cse.udelar.edu.uy\/jornadas\/wp-content\/uploads\/sites\/4\/2019\/02\/apu2019-200x55.jpg 200w, https:\/\/www.cse.udelar.edu.uy\/jornadas\/wp-content\/uploads\/sites\/4\/2019\/02\/apu2019-400x110.jpg 400w, https:\/\/www.cse.udelar.edu.uy\/jornadas\/wp-content\/uploads\/sites\/4\/2019\/02\/apu2019-600x166.jpg 600w, https:\/\/www.cse.udelar.edu.uy\/jornadas\/wp-content\/uploads\/sites\/4\/2019\/02\/apu2019-800x221.jpg 800w, https:\/\/www.cse.udelar.edu.uy\/jornadas\/wp-content\/uploads\/sites\/4\/2019\/02\/apu2019-1200x331.jpg 1200w, https:\/\/www.cse.udelar.edu.uy\/jornadas\/wp-content\/uploads\/sites\/4\/2019\/02\/apu2019.jpg 2000w\" sizes=\"(max-width: 800px) 100vw, 2000px\" \/><\/a><div class=\"slide-excerpt\"><div class=\"excerpt-container\"><h2><a href=\"https:\/\/www.cse.udelar.edu.uy\/jornadas\/2019\/09\/26\/26-de-setiembre-iii-encuentro-latinoamericano-practicas-de-asesorias-pedagogicas-universitarias\/\">26 y 27 de setiembre 2019 | III Encuentro Latinoamericano \u201cPr\u00e1cticas de Asesor\u00edas Pedag\u00f3gicas Universitarias\u201d<\/a><\/h2><p><\/p><\/div><\/div><\/li><li><a href=\"https:\/\/www.cse.udelar.edu.uy\/jornadas\/2019\/09\/13\/tercer-encuentro-de-la-red-uae-2019-2\/\" aria-label=\"13 de setiembre 2019 | Tercer encuentro de la Red UAE 2019\"><img loading=\"lazy\" width=\"800\" height=\"430\" class=\"wp-image-23949\" src=\"https:\/\/www.cse.udelar.edu.uy\/jornadas\/wp-content\/uploads\/sites\/4\/2019\/09\/tercerreduae.jpg\" alt=\"\" srcset=\"https:\/\/www.cse.udelar.edu.uy\/jornadas\/wp-content\/uploads\/sites\/4\/2019\/09\/tercerreduae-200x108.jpg 200w, https:\/\/www.cse.udelar.edu.uy\/jornadas\/wp-content\/uploads\/sites\/4\/2019\/09\/tercerreduae-400x215.jpg 400w, https:\/\/www.cse.udelar.edu.uy\/jornadas\/wp-content\/uploads\/sites\/4\/2019\/09\/tercerreduae-600x323.jpg 600w, https:\/\/www.cse.udelar.edu.uy\/jornadas\/wp-content\/uploads\/sites\/4\/2019\/09\/tercerreduae.jpg 800w\" sizes=\"(max-width: 800px) 100vw, 800px\" \/><\/a><div class=\"slide-excerpt\"><div class=\"excerpt-container\"><h2><a href=\"https:\/\/www.cse.udelar.edu.uy\/jornadas\/2019\/09\/13\/tercer-encuentro-de-la-red-uae-2019-2\/\">13 de setiembre 2019 | Tercer encuentro de la Red UAE 2019<\/a><\/h2><p>Descripci\u00f3n El viernes 13 de setiembre se realizar\u00e1 el tercer encuentro de la Red de Unidades de Apoyo a la Ense\u00f1anza (Red UAE) La Red UAE se conforma en el 2011 y participan docentes de [...]<\/p><\/div><\/div><\/li><li><a href=\"https:\/\/www.cse.udelar.edu.uy\/jornadas\/2019\/08\/15\/15-y-16-de-agosto-curso-publicacion-digital-con-ojs-modulo-i\/\" aria-label=\"15 y 16 de agosto | Curso: Publicaci\u00f3n Digital con OJS M\u00f3dulo I\"><img loading=\"lazy\" width=\"800\" height=\"430\" class=\"wp-image-23943\" src=\"https:\/\/www.cse.udelar.edu.uy\/jornadas\/wp-content\/uploads\/sites\/4\/2019\/08\/cursoojs.jpg\" alt=\"\" srcset=\"https:\/\/www.cse.udelar.edu.uy\/jornadas\/wp-content\/uploads\/sites\/4\/2019\/08\/cursoojs-200x108.jpg 200w, https:\/\/www.cse.udelar.edu.uy\/jornadas\/wp-content\/uploads\/sites\/4\/2019\/08\/cursoojs-400x215.jpg 400w, https:\/\/www.cse.udelar.edu.uy\/jornadas\/wp-content\/uploads\/sites\/4\/2019\/08\/cursoojs-600x323.jpg 600w, https:\/\/www.cse.udelar.edu.uy\/jornadas\/wp-content\/uploads\/sites\/4\/2019\/08\/cursoojs.jpg 800w\" sizes=\"(max-width: 800px) 100vw, 800px\" \/><\/a><div class=\"slide-excerpt\"><div class=\"excerpt-container\"><h2><a href=\"https:\/\/www.cse.udelar.edu.uy\/jornadas\/2019\/08\/15\/15-y-16-de-agosto-curso-publicacion-digital-con-ojs-modulo-i\/\">15 y 16 de agosto | Curso: Publicaci\u00f3n Digital con OJS M\u00f3dulo I<\/a><\/h2><p>Open Journal Systems (OJS) es un software de c\u00f3digo abierto para la administraci\u00f3n de revistas creado por el Public Knowledge Project, liberado bajo licencia GNU General Public License. OJS fue dise\u00f1ado para facilitar el desarrollo [...]<\/p><\/div><\/div><\/li><li><a href=\"https:\/\/www.cse.udelar.edu.uy\/jornadas\/2019\/08\/07\/conversatic\/\" aria-label=\"7 agosto 2019 | Conversatic Internacional \u00abLa ense\u00f1anza digital en la educaci\u00f3n superior:  perspectivas did\u00e1cticas\u00bb\/Segundo Encuentro de la Red UAE\"><img loading=\"lazy\" width=\"2000\" height=\"552\" class=\"wp-image-264\" src=\"https:\/\/www.cse.udelar.edu.uy\/jornadas\/wp-content\/uploads\/sites\/4\/2019\/07\/slider-conversatic.jpg\" alt=\"\" srcset=\"https:\/\/www.cse.udelar.edu.uy\/jornadas\/wp-content\/uploads\/sites\/4\/2019\/07\/slider-conversatic-200x55.jpg 200w, https:\/\/www.cse.udelar.edu.uy\/jornadas\/wp-content\/uploads\/sites\/4\/2019\/07\/slider-conversatic-400x110.jpg 400w, https:\/\/www.cse.udelar.edu.uy\/jornadas\/wp-content\/uploads\/sites\/4\/2019\/07\/slider-conversatic-600x166.jpg 600w, https:\/\/www.cse.udelar.edu.uy\/jornadas\/wp-content\/uploads\/sites\/4\/2019\/07\/slider-conversatic-800x221.jpg 800w, https:\/\/www.cse.udelar.edu.uy\/jornadas\/wp-content\/uploads\/sites\/4\/2019\/07\/slider-conversatic-1200x331.jpg 1200w, https:\/\/www.cse.udelar.edu.uy\/jornadas\/wp-content\/uploads\/sites\/4\/2019\/07\/slider-conversatic.jpg 2000w\" sizes=\"(max-width: 800px) 100vw, 2000px\" \/><\/a><div class=\"slide-excerpt\"><div class=\"excerpt-container\"><h2><a href=\"https:\/\/www.cse.udelar.edu.uy\/jornadas\/2019\/08\/07\/conversatic\/\">7 agosto 2019 | Conversatic Internacional \u00abLa ense\u00f1anza digital en la educaci\u00f3n superior:  perspectivas did\u00e1cticas\u00bb\/Segundo Encuentro de la Red UAE<\/a><\/h2><p><\/p><\/div><\/div><\/li><li><a href=\"https:\/\/www.cse.udelar.edu.uy\/jornadas\/2019\/08\/06\/tallerojs\/\" aria-label=\"6 de agosto | Taller: Brindando herramientas para gestores y equipos t\u00e9cnicos en Open Journal Systems (OJS)\"><img loading=\"lazy\" width=\"650\" height=\"460\" class=\"wp-image-23917\" src=\"https:\/\/www.cse.udelar.edu.uy\/jornadas\/wp-content\/uploads\/sites\/4\/2019\/08\/taller-1.jpg\" alt=\"\" srcset=\"https:\/\/www.cse.udelar.edu.uy\/jornadas\/wp-content\/uploads\/sites\/4\/2019\/08\/taller-1-200x142.jpg 200w, https:\/\/www.cse.udelar.edu.uy\/jornadas\/wp-content\/uploads\/sites\/4\/2019\/08\/taller-1-400x283.jpg 400w, https:\/\/www.cse.udelar.edu.uy\/jornadas\/wp-content\/uploads\/sites\/4\/2019\/08\/taller-1-600x425.jpg 600w, https:\/\/www.cse.udelar.edu.uy\/jornadas\/wp-content\/uploads\/sites\/4\/2019\/08\/taller-1.jpg 650w\" sizes=\"(max-width: 800px) 100vw, 650px\" \/><\/a><div class=\"slide-excerpt\"><div class=\"excerpt-container\"><h2><a href=\"https:\/\/www.cse.udelar.edu.uy\/jornadas\/2019\/08\/06\/tallerojs\/\">6 de agosto | Taller: Brindando herramientas para gestores y equipos t\u00e9cnicos en Open Journal Systems (OJS)<\/a><\/h2><p>En el marco de las celebraciones de los 25 a\u00f1os de la Facultad de Psicolog\u00eda de la Universidad de la Rep\u00fablica, el martes 6 y mi\u00e9rcoles 7 de agosto de 2019 se desarrollar\u00e1 el II [...]<\/p><\/div><\/div><\/li><li><a href=\"https:\/\/www.cse.udelar.edu.uy\/jornadas\/2019\/06\/12\/taller-soeltic\/\" aria-label=\"12 de junio 2019 | Taller \u00abEl dise\u00f1o y la producci\u00f3n de materiales did\u00e1cticos en la Universidad: los desaf\u00edos del escenario digital\u00bb\"><img loading=\"lazy\" width=\"2000\" height=\"552\" class=\"wp-image-235\" src=\"https:\/\/www.cse.udelar.edu.uy\/jornadas\/wp-content\/uploads\/sites\/4\/2019\/06\/jorndas-taller-soletic.jpg\" alt=\"\" srcset=\"https:\/\/www.cse.udelar.edu.uy\/jornadas\/wp-content\/uploads\/sites\/4\/2019\/06\/jorndas-taller-soletic-200x55.jpg 200w, https:\/\/www.cse.udelar.edu.uy\/jornadas\/wp-content\/uploads\/sites\/4\/2019\/06\/jorndas-taller-soletic-400x110.jpg 400w, https:\/\/www.cse.udelar.edu.uy\/jornadas\/wp-content\/uploads\/sites\/4\/2019\/06\/jorndas-taller-soletic-600x166.jpg 600w, https:\/\/www.cse.udelar.edu.uy\/jornadas\/wp-content\/uploads\/sites\/4\/2019\/06\/jorndas-taller-soletic-800x221.jpg 800w, https:\/\/www.cse.udelar.edu.uy\/jornadas\/wp-content\/uploads\/sites\/4\/2019\/06\/jorndas-taller-soletic-1200x331.jpg 1200w, https:\/\/www.cse.udelar.edu.uy\/jornadas\/wp-content\/uploads\/sites\/4\/2019\/06\/jorndas-taller-soletic.jpg 2000w\" sizes=\"(max-width: 800px) 100vw, 2000px\" \/><\/a><div class=\"slide-excerpt\"><div class=\"excerpt-container\"><h2><a href=\"https:\/\/www.cse.udelar.edu.uy\/jornadas\/2019\/06\/12\/taller-soeltic\/\">12 de junio 2019 | Taller \u00abEl dise\u00f1o y la producci\u00f3n de materiales did\u00e1cticos en la Universidad: los desaf\u00edos del escenario digital\u00bb<\/a><\/h2><p>Actividad de apoyo y seguimiento. L\u00ednea elaboraci\u00f3n de Manuales Did\u00e1cticos para la ense\u00f1anza de grado Se realiz\u00f3 el 12 de Junio el taller \"El dise\u00f1o y la producci\u00f3n de materiales did\u00e1cticos en la Universidad: los [...]<\/p><\/div><\/div><\/li><li><a href=\"https:\/\/www.cse.udelar.edu.uy\/jornadas\/2019\/05\/03\/primer-encuentro-de-la-red-uae-2019\/\" aria-label=\"3 de mayo 2019 | Primer encuentro de la Red UAE 2019\"><img loading=\"lazy\" width=\"2000\" height=\"552\" class=\"wp-image-43\" src=\"https:\/\/www.cse.udelar.edu.uy\/jornadas\/wp-content\/uploads\/sites\/4\/2018\/07\/encuentroslideer.jpg\" alt=\"\" srcset=\"https:\/\/www.cse.udelar.edu.uy\/jornadas\/wp-content\/uploads\/sites\/4\/2018\/07\/encuentroslideer-200x55.jpg 200w, https:\/\/www.cse.udelar.edu.uy\/jornadas\/wp-content\/uploads\/sites\/4\/2018\/07\/encuentroslideer-400x110.jpg 400w, https:\/\/www.cse.udelar.edu.uy\/jornadas\/wp-content\/uploads\/sites\/4\/2018\/07\/encuentroslideer-600x166.jpg 600w, https:\/\/www.cse.udelar.edu.uy\/jornadas\/wp-content\/uploads\/sites\/4\/2018\/07\/encuentroslideer-800x221.jpg 800w, https:\/\/www.cse.udelar.edu.uy\/jornadas\/wp-content\/uploads\/sites\/4\/2018\/07\/encuentroslideer-1200x331.jpg 1200w, https:\/\/www.cse.udelar.edu.uy\/jornadas\/wp-content\/uploads\/sites\/4\/2018\/07\/encuentroslideer.jpg 2000w\" sizes=\"(max-width: 800px) 100vw, 2000px\" \/><\/a><div class=\"slide-excerpt\"><div class=\"excerpt-container\"><h2><a href=\"https:\/\/www.cse.udelar.edu.uy\/jornadas\/2019\/05\/03\/primer-encuentro-de-la-red-uae-2019\/\">3 de mayo 2019 | Primer encuentro de la Red UAE 2019<\/a><\/h2><p>Descripci\u00f3n El viernes 3 de mayo se realizar\u00e1 el primer encuentro de la Red de Unidades de Apoyo a la Ense\u00f1anza (Red UAE) La Red UAE se conforma en el 2011 y participan docentes de [...]<\/p><\/div><\/div><\/li><\/ul><\/div><div class=\"fusion-sep-clear\"><\/div><div class=\"fusion-separator fusion-full-width-sep\" style=\"margin-left: auto;margin-right: auto;margin-top:30px;width:100%;\"><\/div><div class=\"fusion-sep-clear\"><\/div><div class=\"fusion-recent-posts fusion-recent-posts-1 avada-container layout-default layout-columns-4\"><section class=\"fusion-columns columns fusion-columns-4 columns-4\"><article class=\"post fusion-column column col col-lg-3 col-md-3 col-sm-3\"><div class=\"fusion-flexslider fusion-flexslider-loading flexslider flexslider-hover-type-none\"><ul class=\"slides\"><li><a href=\"https:\/\/www.cse.udelar.edu.uy\/jornadas\/2019\/10\/17\/26-de-setiembre-iii-encuentro-latinoamericano-practicas-de-asesorias-pedagogicas-universitarias-2\/\" aria-label=\"27-29 octubre 2021 | II Jornadas Regionales de Investigaci\u00f3n en Educaci\u00f3n Superior\" class=\"hover-type-none\"><img width=\"700\" height=\"441\" src=\"https:\/\/www.cse.udelar.edu.uy\/jornadas\/wp-content\/uploads\/sites\/4\/2019\/07\/slider-jornadas-700x441.jpg\" class=\"attachment-recent-posts size-recent-posts\" alt=\"\" loading=\"lazy\" srcset=\"https:\/\/www.cse.udelar.edu.uy\/jornadas\/wp-content\/uploads\/sites\/4\/2019\/07\/slider-jornadas-320x202.jpg 320w, https:\/\/www.cse.udelar.edu.uy\/jornadas\/wp-content\/uploads\/sites\/4\/2019\/07\/slider-jornadas-700x441.jpg 700w\" sizes=\"(max-width: 700px) 100vw, 700px\" \/><\/a><\/li><\/ul><\/div><div class=\"recent-posts-content\"><span class=\"vcard\" style=\"display: none;\"><span class=\"fn\"><a href=\"https:\/\/www.cse.udelar.edu.uy\/jornadas\/author\/gperez\/\" title=\"Entradas de Comunicaci\u00f3n CSE-Udelar\" rel=\"author\">Comunicaci\u00f3n CSE-Udelar<\/a><\/span><\/span><span class=\"updated\" style=\"display:none;\">2021-08-18T17:00:47+02:00<\/span><h4 class=\"entry-title\"><a href=\"https:\/\/www.cse.udelar.edu.uy\/jornadas\/2019\/10\/17\/26-de-setiembre-iii-encuentro-latinoamericano-practicas-de-asesorias-pedagogicas-universitarias-2\/\">27-29 octubre 2021 | II Jornadas Regionales de Investigaci\u00f3n en Educaci\u00f3n Superior<\/a><\/h4><p class=\"meta\"><span class=\"vcard\" style=\"display: none;\"><span class=\"fn\"><a href=\"https:\/\/www.cse.udelar.edu.uy\/jornadas\/author\/gperez\/\" title=\"Entradas de Comunicaci\u00f3n CSE-Udelar\" rel=\"author\">Comunicaci\u00f3n CSE-Udelar<\/a><\/span><\/span><span class=\"updated\" style=\"display:none;\">2021-08-18T17:00:47+02:00<\/span><span>Publicado el 17 de octubre de 2019<\/span><span class=\"fusion-inline-sep\">|<\/span><\/p><\/div><\/article><article class=\"post fusion-column column col col-lg-3 col-md-3 col-sm-3\"><div class=\"fusion-flexslider fusion-flexslider-loading flexslider flexslider-hover-type-none\"><ul class=\"slides\"><li><a href=\"https:\/\/www.cse.udelar.edu.uy\/jornadas\/2019\/10\/16\/16-de-octubre-2019-estilo-apa-guia-con-ejemplos-y-adaptaciones-para-uruguay\/\" aria-label=\"16 de octubre 2019 | Presentaci\u00f3n del libro \u00abEstilo APA: Gu\u00eda con ejemplos y adaptaciones para Uruguay\u00bb\" class=\"hover-type-none\"><img width=\"700\" height=\"430\" src=\"https:\/\/www.cse.udelar.edu.uy\/jornadas\/wp-content\/uploads\/sites\/4\/2019\/09\/tercerreduae-700x430.jpg\" class=\"attachment-recent-posts size-recent-posts\" alt=\"\" loading=\"lazy\" \/><\/a><\/li><\/ul><\/div><div class=\"recent-posts-content\"><span class=\"vcard\" style=\"display: none;\"><span class=\"fn\"><a href=\"https:\/\/www.cse.udelar.edu.uy\/jornadas\/author\/gperez\/\" title=\"Entradas de Comunicaci\u00f3n CSE-Udelar\" rel=\"author\">Comunicaci\u00f3n CSE-Udelar<\/a><\/span><\/span><span class=\"updated\" style=\"display:none;\">2019-10-22T00:03:29+02:00<\/span><h4 class=\"entry-title\"><a href=\"https:\/\/www.cse.udelar.edu.uy\/jornadas\/2019\/10\/16\/16-de-octubre-2019-estilo-apa-guia-con-ejemplos-y-adaptaciones-para-uruguay\/\">16 de octubre 2019 | Presentaci\u00f3n del libro \u00abEstilo APA: Gu\u00eda con ejemplos y adaptaciones para Uruguay\u00bb<\/a><\/h4><p class=\"meta\"><span class=\"vcard\" style=\"display: none;\"><span class=\"fn\"><a href=\"https:\/\/www.cse.udelar.edu.uy\/jornadas\/author\/gperez\/\" title=\"Entradas de Comunicaci\u00f3n CSE-Udelar\" rel=\"author\">Comunicaci\u00f3n CSE-Udelar<\/a><\/span><\/span><span class=\"updated\" style=\"display:none;\">2019-10-22T00:03:29+02:00<\/span><span>Publicado el 16 de octubre de 2019<\/span><span class=\"fusion-inline-sep\">|<\/span><\/p><\/div><\/article><article class=\"post fusion-column column col col-lg-3 col-md-3 col-sm-3\"><div class=\"fusion-flexslider fusion-flexslider-loading flexslider flexslider-hover-type-none\"><ul class=\"slides\"><li><a href=\"https:\/\/www.cse.udelar.edu.uy\/jornadas\/2019\/09\/26\/26-de-setiembre-iii-encuentro-latinoamericano-practicas-de-asesorias-pedagogicas-universitarias\/\" aria-label=\"26 y 27 de setiembre 2019 | III Encuentro Latinoamericano \u201cPr\u00e1cticas de Asesor\u00edas Pedag\u00f3gicas Universitarias\u201d\" class=\"hover-type-none\"><img width=\"700\" height=\"441\" src=\"https:\/\/www.cse.udelar.edu.uy\/jornadas\/wp-content\/uploads\/sites\/4\/2019\/02\/apu2019-700x441.jpg\" class=\"attachment-recent-posts size-recent-posts\" alt=\"\" loading=\"lazy\" srcset=\"https:\/\/www.cse.udelar.edu.uy\/jornadas\/wp-content\/uploads\/sites\/4\/2019\/02\/apu2019-320x202.jpg 320w, https:\/\/www.cse.udelar.edu.uy\/jornadas\/wp-content\/uploads\/sites\/4\/2019\/02\/apu2019-700x441.jpg 700w\" sizes=\"(max-width: 700px) 100vw, 700px\" \/><\/a><\/li><\/ul><\/div><div class=\"recent-posts-content\"><span class=\"vcard\" style=\"display: none;\"><span class=\"fn\"><a href=\"https:\/\/www.cse.udelar.edu.uy\/jornadas\/author\/gperez\/\" title=\"Entradas de Comunicaci\u00f3n CSE-Udelar\" rel=\"author\">Comunicaci\u00f3n CSE-Udelar<\/a><\/span><\/span><span class=\"updated\" style=\"display:none;\">2019-10-22T00:04:18+02:00<\/span><h4 class=\"entry-title\"><a href=\"https:\/\/www.cse.udelar.edu.uy\/jornadas\/2019\/09\/26\/26-de-setiembre-iii-encuentro-latinoamericano-practicas-de-asesorias-pedagogicas-universitarias\/\">26 y 27 de setiembre 2019 | III Encuentro Latinoamericano \u201cPr\u00e1cticas de Asesor\u00edas Pedag\u00f3gicas Universitarias\u201d<\/a><\/h4><p class=\"meta\"><span class=\"vcard\" style=\"display: none;\"><span class=\"fn\"><a href=\"https:\/\/www.cse.udelar.edu.uy\/jornadas\/author\/gperez\/\" title=\"Entradas de Comunicaci\u00f3n CSE-Udelar\" rel=\"author\">Comunicaci\u00f3n CSE-Udelar<\/a><\/span><\/span><span class=\"updated\" style=\"display:none;\">2019-10-22T00:04:18+02:00<\/span><span>Publicado el 26 de septiembre de 2019<\/span><span class=\"fusion-inline-sep\">|<\/span><\/p><\/div><\/article><article class=\"post fusion-column column col col-lg-3 col-md-3 col-sm-3\"><div class=\"fusion-flexslider fusion-flexslider-loading flexslider flexslider-hover-type-none\"><ul class=\"slides\"><li><a href=\"https:\/\/www.cse.udelar.edu.uy\/jornadas\/2019\/09\/13\/tercer-encuentro-de-la-red-uae-2019-2\/\" aria-label=\"13 de setiembre 2019 | Tercer encuentro de la Red UAE 2019\" class=\"hover-type-none\"><img width=\"700\" height=\"430\" src=\"https:\/\/www.cse.udelar.edu.uy\/jornadas\/wp-content\/uploads\/sites\/4\/2019\/09\/tercerreduae-700x430.jpg\" class=\"attachment-recent-posts size-recent-posts\" alt=\"\" loading=\"lazy\" \/><\/a><\/li><\/ul><\/div><div class=\"recent-posts-content\"><span class=\"vcard\" style=\"display: none;\"><span class=\"fn\"><a href=\"https:\/\/www.cse.udelar.edu.uy\/jornadas\/author\/gperez\/\" title=\"Entradas de Comunicaci\u00f3n CSE-Udelar\" rel=\"author\">Comunicaci\u00f3n CSE-Udelar<\/a><\/span><\/span><span class=\"updated\" style=\"display:none;\">2019-10-16T23:40:11+02:00<\/span><h4 class=\"entry-title\"><a href=\"https:\/\/www.cse.udelar.edu.uy\/jornadas\/2019\/09\/13\/tercer-encuentro-de-la-red-uae-2019-2\/\">13 de setiembre 2019 | Tercer encuentro de la Red UAE 2019<\/a><\/h4><p class=\"meta\"><span class=\"vcard\" style=\"display: none;\"><span class=\"fn\"><a href=\"https:\/\/www.cse.udelar.edu.uy\/jornadas\/author\/gperez\/\" title=\"Entradas de Comunicaci\u00f3n CSE-Udelar\" rel=\"author\">Comunicaci\u00f3n CSE-Udelar<\/a><\/span><\/span><span class=\"updated\" style=\"display:none;\">2019-10-16T23:40:11+02:00<\/span><span>Publicado el 13 de septiembre de 2019<\/span><span class=\"fusion-inline-sep\">|<\/span><\/p><\/div><\/article><article class=\"post fusion-column column col col-lg-3 col-md-3 col-sm-3\"><div class=\"fusion-flexslider fusion-flexslider-loading flexslider flexslider-hover-type-none\"><ul class=\"slides\"><li><a href=\"https:\/\/www.cse.udelar.edu.uy\/jornadas\/2019\/08\/15\/15-y-16-de-agosto-curso-publicacion-digital-con-ojs-modulo-i\/\" aria-label=\"15 y 16 de agosto | Curso: Publicaci\u00f3n Digital con OJS M\u00f3dulo I\" class=\"hover-type-none\"><img width=\"700\" height=\"430\" src=\"https:\/\/www.cse.udelar.edu.uy\/jornadas\/wp-content\/uploads\/sites\/4\/2019\/08\/cursoojs-700x430.jpg\" class=\"attachment-recent-posts size-recent-posts\" alt=\"\" loading=\"lazy\" \/><\/a><\/li><\/ul><\/div><div class=\"recent-posts-content\"><span class=\"vcard\" style=\"display: none;\"><span class=\"fn\"><a href=\"https:\/\/www.cse.udelar.edu.uy\/jornadas\/author\/gperez\/\" title=\"Entradas de Comunicaci\u00f3n CSE-Udelar\" rel=\"author\">Comunicaci\u00f3n CSE-Udelar<\/a><\/span><\/span><span class=\"updated\" style=\"display:none;\">2019-08-19T00:57:43+02:00<\/span><h4 class=\"entry-title\"><a href=\"https:\/\/www.cse.udelar.edu.uy\/jornadas\/2019\/08\/15\/15-y-16-de-agosto-curso-publicacion-digital-con-ojs-modulo-i\/\">15 y 16 de agosto | Curso: Publicaci\u00f3n Digital con OJS M\u00f3dulo I<\/a><\/h4><p class=\"meta\"><span class=\"vcard\" style=\"display: none;\"><span class=\"fn\"><a href=\"https:\/\/www.cse.udelar.edu.uy\/jornadas\/author\/gperez\/\" title=\"Entradas de Comunicaci\u00f3n CSE-Udelar\" rel=\"author\">Comunicaci\u00f3n CSE-Udelar<\/a><\/span><\/span><span class=\"updated\" style=\"display:none;\">2019-08-19T00:57:43+02:00<\/span><span>Publicado el 15 de agosto de 2019<\/span><span class=\"fusion-inline-sep\">|<\/span><\/p><\/div><\/article><article class=\"post fusion-column column col col-lg-3 col-md-3 col-sm-3\"><div class=\"fusion-flexslider fusion-flexslider-loading flexslider flexslider-hover-type-none\"><ul class=\"slides\"><li><a href=\"https:\/\/www.cse.udelar.edu.uy\/jornadas\/2019\/08\/07\/conversatic\/\" aria-label=\"7 agosto 2019 | Conversatic Internacional \u00abLa ense\u00f1anza digital en la educaci\u00f3n superior: perspectivas did\u00e1cticas\u00bb\/Segundo Encuentro de la Red UAE\" class=\"hover-type-none\"><img width=\"700\" height=\"441\" src=\"https:\/\/www.cse.udelar.edu.uy\/jornadas\/wp-content\/uploads\/sites\/4\/2019\/07\/slider-conversatic-700x441.jpg\" class=\"attachment-recent-posts size-recent-posts\" alt=\"\" loading=\"lazy\" srcset=\"https:\/\/www.cse.udelar.edu.uy\/jornadas\/wp-content\/uploads\/sites\/4\/2019\/07\/slider-conversatic-320x202.jpg 320w, https:\/\/www.cse.udelar.edu.uy\/jornadas\/wp-content\/uploads\/sites\/4\/2019\/07\/slider-conversatic-700x441.jpg 700w\" sizes=\"(max-width: 700px) 100vw, 700px\" \/><\/a><\/li><\/ul><\/div><div class=\"recent-posts-content\"><span class=\"vcard\" style=\"display: none;\"><span class=\"fn\"><a href=\"https:\/\/www.cse.udelar.edu.uy\/jornadas\/author\/gperez\/\" title=\"Entradas de Comunicaci\u00f3n CSE-Udelar\" rel=\"author\">Comunicaci\u00f3n CSE-Udelar<\/a><\/span><\/span><span class=\"updated\" style=\"display:none;\">2019-10-22T00:06:04+02:00<\/span><h4 class=\"entry-title\"><a href=\"https:\/\/www.cse.udelar.edu.uy\/jornadas\/2019\/08\/07\/conversatic\/\">7 agosto 2019 | Conversatic Internacional \u00abLa ense\u00f1anza digital en la educaci\u00f3n superior:  perspectivas did\u00e1cticas\u00bb\/Segundo Encuentro de la Red UAE<\/a><\/h4><p class=\"meta\"><span class=\"vcard\" style=\"display: none;\"><span class=\"fn\"><a href=\"https:\/\/www.cse.udelar.edu.uy\/jornadas\/author\/gperez\/\" title=\"Entradas de Comunicaci\u00f3n CSE-Udelar\" rel=\"author\">Comunicaci\u00f3n CSE-Udelar<\/a><\/span><\/span><span class=\"updated\" style=\"display:none;\">2019-10-22T00:06:04+02:00<\/span><span>Publicado el 7 de agosto de 2019<\/span><span class=\"fusion-inline-sep\">|<\/span><\/p><\/div><\/article><article class=\"post fusion-column column col col-lg-3 col-md-3 col-sm-3\"><div class=\"fusion-flexslider fusion-flexslider-loading flexslider flexslider-hover-type-none\"><ul class=\"slides\"><li><a href=\"https:\/\/www.cse.udelar.edu.uy\/jornadas\/2019\/08\/06\/tallerojs\/\" aria-label=\"6 de agosto | Taller: Brindando herramientas para gestores y equipos t\u00e9cnicos en Open Journal Systems (OJS)\" class=\"hover-type-none\"><img width=\"650\" height=\"441\" src=\"https:\/\/www.cse.udelar.edu.uy\/jornadas\/wp-content\/uploads\/sites\/4\/2019\/08\/taller-1-650x441.jpg\" class=\"attachment-recent-posts size-recent-posts\" alt=\"\" loading=\"lazy\" \/><\/a><\/li><\/ul><\/div><div class=\"recent-posts-content\"><span class=\"vcard\" style=\"display: none;\"><span class=\"fn\"><a href=\"https:\/\/www.cse.udelar.edu.uy\/jornadas\/author\/gperez\/\" title=\"Entradas de Comunicaci\u00f3n CSE-Udelar\" rel=\"author\">Comunicaci\u00f3n CSE-Udelar<\/a><\/span><\/span><span class=\"updated\" style=\"display:none;\">2019-08-15T12:44:42+02:00<\/span><h4 class=\"entry-title\"><a href=\"https:\/\/www.cse.udelar.edu.uy\/jornadas\/2019\/08\/06\/tallerojs\/\">6 de agosto | Taller: Brindando herramientas para gestores y equipos t\u00e9cnicos en Open Journal Systems (OJS)<\/a><\/h4><p class=\"meta\"><span class=\"vcard\" style=\"display: none;\"><span class=\"fn\"><a href=\"https:\/\/www.cse.udelar.edu.uy\/jornadas\/author\/gperez\/\" title=\"Entradas de Comunicaci\u00f3n CSE-Udelar\" rel=\"author\">Comunicaci\u00f3n CSE-Udelar<\/a><\/span><\/span><span class=\"updated\" style=\"display:none;\">2019-08-15T12:44:42+02:00<\/span><span>Publicado el 6 de agosto de 2019<\/span><span class=\"fusion-inline-sep\">|<\/span><\/p><\/div><\/article><article class=\"post fusion-column column col col-lg-3 col-md-3 col-sm-3\"><div class=\"fusion-flexslider fusion-flexslider-loading flexslider flexslider-hover-type-none\"><ul class=\"slides\"><li><a href=\"https:\/\/www.cse.udelar.edu.uy\/jornadas\/2019\/06\/12\/taller-soeltic\/\" aria-label=\"12 de junio 2019 | Taller \u00abEl dise\u00f1o y la producci\u00f3n de materiales did\u00e1cticos en la Universidad: los desaf\u00edos del escenario digital\u00bb\" class=\"hover-type-none\"><img width=\"700\" height=\"441\" src=\"https:\/\/www.cse.udelar.edu.uy\/jornadas\/wp-content\/uploads\/sites\/4\/2019\/06\/jorndas-taller-soletic-700x441.jpg\" class=\"attachment-recent-posts size-recent-posts\" alt=\"\" loading=\"lazy\" srcset=\"https:\/\/www.cse.udelar.edu.uy\/jornadas\/wp-content\/uploads\/sites\/4\/2019\/06\/jorndas-taller-soletic-320x202.jpg 320w, https:\/\/www.cse.udelar.edu.uy\/jornadas\/wp-content\/uploads\/sites\/4\/2019\/06\/jorndas-taller-soletic-700x441.jpg 700w\" sizes=\"(max-width: 700px) 100vw, 700px\" \/><\/a><\/li><\/ul><\/div><div class=\"recent-posts-content\"><span class=\"vcard\" style=\"display: none;\"><span class=\"fn\"><a href=\"https:\/\/www.cse.udelar.edu.uy\/jornadas\/author\/gperez\/\" title=\"Entradas de Comunicaci\u00f3n CSE-Udelar\" rel=\"author\">Comunicaci\u00f3n CSE-Udelar<\/a><\/span><\/span><span class=\"updated\" style=\"display:none;\">2019-07-30T03:57:23+02:00<\/span><h4 class=\"entry-title\"><a href=\"https:\/\/www.cse.udelar.edu.uy\/jornadas\/2019\/06\/12\/taller-soeltic\/\">12 de junio 2019 | Taller \u00abEl dise\u00f1o y la producci\u00f3n de materiales did\u00e1cticos en la Universidad: los desaf\u00edos del escenario digital\u00bb<\/a><\/h4><p class=\"meta\"><span class=\"vcard\" style=\"display: none;\"><span class=\"fn\"><a href=\"https:\/\/www.cse.udelar.edu.uy\/jornadas\/author\/gperez\/\" title=\"Entradas de Comunicaci\u00f3n CSE-Udelar\" rel=\"author\">Comunicaci\u00f3n CSE-Udelar<\/a><\/span><\/span><span class=\"updated\" style=\"display:none;\">2019-07-30T03:57:23+02:00<\/span><span>Publicado el 12 de junio de 2019<\/span><span class=\"fusion-inline-sep\">|<\/span><\/p><\/div><\/article><\/section><div class=\"pagination clearfix\"><span class=\"current\">1<\/span><a href=\"https:\/\/www.cse.udelar.edu.uy\/jornadas\/wp-json\/wp\/v2\/pages\/23429\/page\/2\/\" class=\"inactive\">2<\/a><a class=\"pagination-next\" rel=\"next\" href=\"https:\/\/www.cse.udelar.edu.uy\/jornadas\/wp-json\/wp\/v2\/pages\/23429\/page\/2\/\"><span class=\"page-text\">Siguiente<\/span><span class=\"page-next\"><\/span><\/a><\/div><div class=\"fusion-clearfix\"><\/div><\/div><div class=\"fusion-clearfix\"><\/div><\/div><\/div><\/div><\/div>\n","protected":false},"excerpt":{"rendered":"","protected":false},"author":2,"featured_media":0,"parent":0,"menu_order":0,"comment_status":"closed","ping_status":"closed","template":"","meta":[],"_links":{"self":[{"href":"https:\/\/www.cse.udelar.edu.uy\/jornadas\/wp-json\/wp\/v2\/pages\/23429"}],"collection":[{"href":"https:\/\/www.cse.udelar.edu.uy\/jornadas\/wp-json\/wp\/v2\/pages"}],"about":[{"href":"https:\/\/www.cse.udelar.edu.uy\/jornadas\/wp-json\/wp\/v2\/types\/page"}],"author":[{"embeddable":true,"href":"https:\/\/www.cse.udelar.edu.uy\/jornadas\/wp-json\/wp\/v2\/users\/2"}],"replies":[{"embeddable":true,"href":"https:\/\/www.cse.udelar.edu.uy\/jornadas\/wp-json\/wp\/v2\/comments?post=23429"}],"version-history":[{"count":0,"href":"https:\/\/www.cse.udelar.edu.uy\/jornadas\/wp-json\/wp\/v2\/pages\/23429\/revisions"}],"wp:attachment":[{"href":"https:\/\/www.cse.udelar.edu.uy\/jornadas\/wp-json\/wp\/v2\/media?parent=23429"}],"curies":[{"name":"wp","href":"https:\/\/api.w.org\/{rel}","templated":true}]}}