{"id":37,"date":"2019-05-28T00:33:16","date_gmt":"2019-05-27T22:33:16","guid":{"rendered":"https:\/\/www.cse.udelar.edu.uy\/progresa\/?page_id=37"},"modified":"2022-12-14T15:03:50","modified_gmt":"2022-12-14T18:03:50","slug":"publicaciones","status":"publish","type":"page","link":"https:\/\/www.cse.udelar.edu.uy\/progresa\/publicaciones\/","title":{"rendered":"Publicaciones"},"content":{"rendered":"\t\t<div data-elementor-type=\"wp-page\" data-elementor-id=\"37\" class=\"elementor elementor-37\" data-elementor-settings=\"[]\">\n\t\t\t\t\t\t<div class=\"elementor-inner\">\n\t\t\t\t\t\t\t<div class=\"elementor-section-wrap\">\n\t\t\t\t\t\t\t<section class=\"elementor-section elementor-top-section elementor-element elementor-element-142d82a elementor-section-boxed elementor-section-height-default elementor-section-height-default\" data-id=\"142d82a\" data-element_type=\"section\">\n\t\t\t\t\t\t<div class=\"elementor-container elementor-column-gap-default\">\n\t\t\t\t\t\t\t<div class=\"elementor-row\">\n\t\t\t\t\t<div class=\"elementor-column elementor-col-66 elementor-top-column elementor-element elementor-element-2a89e3c\" data-id=\"2a89e3c\" data-element_type=\"column\">\n\t\t\t<div class=\"elementor-column-wrap elementor-element-populated\">\n\t\t\t\t\t\t\t<div class=\"elementor-widget-wrap\">\n\t\t\t\t\t\t<div class=\"elementor-element elementor-element-1a0baca elementor-widget elementor-widget-text-editor\" data-id=\"1a0baca\" data-element_type=\"widget\" data-widget_type=\"text-editor.default\">\n\t\t\t\t<div class=\"elementor-widget-container\">\n\t\t\t\t\t<div class=\"elementor-text-editor elementor-clearfix\"><h4>Orientaciones ante posibles situaciones de riesgo en el trabajo con estudiantes.<\/h4><p><strong>Carina Santiviago\u00a0<\/strong><span style=\"text-indent: 0em;text-align: inherit\"><b>y\u00a0<\/b><\/span><span style=\"text-indent: 0em;text-align: inherit\"><b>Vanessa Lujambio<\/b><\/span><strong style=\"text-indent: 0em;text-align: inherit\">\u00a0(comps.)<\/strong><\/p><p>Universidad de la Rep\u00fablica, Comisi\u00f3n Sectorial de Ense\u00f1anza, 2022. <a href=\"https:\/\/drive.google.com\/file\/d\/14MqNKxVz88mqh8nIdQ6rLmL-RW2oQ6wv\/view?usp=sharing\"><strong>Descargar.<\/strong><\/a><\/p><\/div>\n\t\t\t\t<\/div>\n\t\t\t\t<\/div>\n\t\t\t\t<div class=\"elementor-element elementor-element-19f55fe elementor-widget elementor-widget-spacer\" data-id=\"19f55fe\" data-element_type=\"widget\" data-widget_type=\"spacer.default\">\n\t\t\t\t<div class=\"elementor-widget-container\">\n\t\t\t\t\t<div class=\"elementor-spacer\">\n\t\t\t<div class=\"elementor-spacer-inner\"><\/div>\n\t\t<\/div>\n\t\t\t\t<\/div>\n\t\t\t\t<\/div>\n\t\t\t\t<div class=\"elementor-element elementor-element-f5f8c59 elementor-widget elementor-widget-text-editor\" data-id=\"f5f8c59\" data-element_type=\"widget\" data-widget_type=\"text-editor.default\">\n\t\t\t\t<div class=\"elementor-widget-container\">\n\t\t\t\t\t<div class=\"elementor-text-editor elementor-clearfix\"><h4 class=\"gmail-fusion-responsive-typography-calculated\">Monteviniendo. Trayectorias educativas y migraciones estudiantiles.<\/h4><p><strong>Carina Santiviago Ansuberro y Jorge Maceiras Besnati (comps.)<\/strong><\/p><p>Universidad de la Rep\u00fablica, Comisi\u00f3n Sectorial de Ense\u00f1anza, 2019. <a href=\"https:\/\/www.cse.udelar.edu.uy\/progresa\/wp-content\/uploads\/sites\/11\/2019\/07\/Monteviniendo-2019.pdf\"><strong>Descargar.<\/strong><\/a><\/p><\/div>\n\t\t\t\t<\/div>\n\t\t\t\t<\/div>\n\t\t\t\t\t\t<\/div>\n\t\t\t\t\t<\/div>\n\t\t<\/div>\n\t\t\t\t<div class=\"elementor-column elementor-col-33 elementor-top-column elementor-element elementor-element-6170c6b\" data-id=\"6170c6b\" data-element_type=\"column\">\n\t\t\t<div class=\"elementor-column-wrap elementor-element-populated\">\n\t\t\t\t\t\t\t<div class=\"elementor-widget-wrap\">\n\t\t\t\t\t\t<div class=\"elementor-element elementor-element-986be3f elementor-widget elementor-widget-image\" data-id=\"986be3f\" data-element_type=\"widget\" data-widget_type=\"image.default\">\n\t\t\t\t<div class=\"elementor-widget-container\">\n\t\t\t\t\t<div class=\"elementor-image\">\n\t\t\t\t\t\t\t\t\t\t<img width=\"733\" height=\"1024\" src=\"https:\/\/www.cse.udelar.edu.uy\/progresa\/wp-content\/uploads\/sites\/11\/2022\/12\/WhatsApp-Image-2022-12-14-at-2.39.29-PM-733x1024.jpeg\" class=\"attachment-large size-large\" alt=\"\" loading=\"lazy\" srcset=\"https:\/\/www.cse.udelar.edu.uy\/progresa\/wp-content\/uploads\/sites\/11\/2022\/12\/WhatsApp-Image-2022-12-14-at-2.39.29-PM-143x200.jpeg 143w, https:\/\/www.cse.udelar.edu.uy\/progresa\/wp-content\/uploads\/sites\/11\/2022\/12\/WhatsApp-Image-2022-12-14-at-2.39.29-PM-215x300.jpeg 215w, https:\/\/www.cse.udelar.edu.uy\/progresa\/wp-content\/uploads\/sites\/11\/2022\/12\/WhatsApp-Image-2022-12-14-at-2.39.29-PM-733x1024.jpeg 733w, https:\/\/www.cse.udelar.edu.uy\/progresa\/wp-content\/uploads\/sites\/11\/2022\/12\/WhatsApp-Image-2022-12-14-at-2.39.29-PM-768x1073.jpeg 768w, https:\/\/www.cse.udelar.edu.uy\/progresa\/wp-content\/uploads\/sites\/11\/2022\/12\/WhatsApp-Image-2022-12-14-at-2.39.29-PM.jpeg 996w\" sizes=\"(max-width: 733px) 100vw, 733px\" \/>\t\t\t\t\t\t\t\t\t\t\t<\/div>\n\t\t\t\t<\/div>\n\t\t\t\t<\/div>\n\t\t\t\t<div class=\"elementor-element elementor-element-03ec486 elementor-widget elementor-widget-image\" data-id=\"03ec486\" data-element_type=\"widget\" data-widget_type=\"image.default\">\n\t\t\t\t<div class=\"elementor-widget-container\">\n\t\t\t\t\t<div class=\"elementor-image\">\n\t\t\t\t\t\t\t\t\t\t<img width=\"494\" height=\"602\" src=\"https:\/\/www.cse.udelar.edu.uy\/progresa\/wp-content\/uploads\/sites\/11\/2019\/07\/Captura-de-pantalla-2019-07-26-18.27.04.png\" class=\"attachment-large size-large\" alt=\"\" loading=\"lazy\" srcset=\"https:\/\/www.cse.udelar.edu.uy\/progresa\/wp-content\/uploads\/sites\/11\/2019\/07\/Captura-de-pantalla-2019-07-26-18.27.04-164x200.png 164w, https:\/\/www.cse.udelar.edu.uy\/progresa\/wp-content\/uploads\/sites\/11\/2019\/07\/Captura-de-pantalla-2019-07-26-18.27.04-246x300.png 246w, https:\/\/www.cse.udelar.edu.uy\/progresa\/wp-content\/uploads\/sites\/11\/2019\/07\/Captura-de-pantalla-2019-07-26-18.27.04.png 494w\" sizes=\"(max-width: 494px) 100vw, 494px\" \/>\t\t\t\t\t\t\t\t\t\t\t<\/div>\n\t\t\t\t<\/div>\n\t\t\t\t<\/div>\n\t\t\t\t\t\t<\/div>\n\t\t\t\t\t<\/div>\n\t\t<\/div>\n\t\t\t\t\t\t\t\t<\/div>\n\t\t\t\t\t<\/div>\n\t\t<\/section>\n\t\t\t\t<section class=\"elementor-section elementor-top-section elementor-element elementor-element-d19c1f5 elementor-section-boxed elementor-section-height-default elementor-section-height-default\" data-id=\"d19c1f5\" data-element_type=\"section\">\n\t\t\t\t\t\t<div class=\"elementor-container elementor-column-gap-default\">\n\t\t\t\t\t\t\t<div class=\"elementor-row\">\n\t\t\t\t\t<div class=\"elementor-column elementor-col-66 elementor-top-column elementor-element elementor-element-6f59b34\" data-id=\"6f59b34\" data-element_type=\"column\">\n\t\t\t<div class=\"elementor-column-wrap elementor-element-populated\">\n\t\t\t\t\t\t\t<div class=\"elementor-widget-wrap\">\n\t\t\t\t\t\t<div class=\"elementor-element elementor-element-9d8b757 elementor-widget elementor-widget-text-editor\" data-id=\"9d8b757\" data-element_type=\"widget\" data-widget_type=\"text-editor.default\">\n\t\t\t\t<div class=\"elementor-widget-container\">\n\t\t\t\t\t<div class=\"elementor-text-editor elementor-clearfix\"><h4 class=\"gmail-fusion-responsive-typography-calculated\">Las tutor\u00edas entre pares como estrategia de apoyo y herramienta de transformaci\u00f3n de la educaci\u00f3n superior<\/h4><p><strong>Carina Santiviago (comp.).\u00a0<\/strong>Comisi\u00f3n Sectorial de Ense\u00f1anza, 2018.<\/p><p>En plena transformaci\u00f3n hacia la sociedad del conocimiento, el sistema educativo, en todos sus niveles, se ve retado a convertirse en un espacio capaz de promover procesos de ense\u00f1anza y aprendizaje acordes con las nuevas necesidades. En el contexto universitario, el aprendizaje centrado en el estudiante, eje de todas las reformas internacionales, plantea que el papel de la universidad no es tanto instruir como generar espacios ricos que promuevan el aprendizaje de los estudiantes, mediante la participaci\u00f3n activa y el trabajo aut\u00f3nomo, para conocerse como aprendices y aprender a gestionar su propio aprendizaje a lo largo de la vida. La universidad entendida como una formaci\u00f3n inicial para una pr\u00e1ctica profesional de por vida desapareci\u00f3 hace tiempo. <a href=\"https:\/\/www.cse.udelar.edu.uy\/progresa\/wp-content\/uploads\/sites\/11\/2019\/08\/Progresa-Libro-TEP-2018.pdf\"><strong>Descargar.<\/strong><\/a><\/p><\/div>\n\t\t\t\t<\/div>\n\t\t\t\t<\/div>\n\t\t\t\t\t\t<\/div>\n\t\t\t\t\t<\/div>\n\t\t<\/div>\n\t\t\t\t<div class=\"elementor-column elementor-col-33 elementor-top-column elementor-element elementor-element-4e1a31e\" data-id=\"4e1a31e\" data-element_type=\"column\">\n\t\t\t<div class=\"elementor-column-wrap elementor-element-populated\">\n\t\t\t\t\t\t\t<div class=\"elementor-widget-wrap\">\n\t\t\t\t\t\t<div class=\"elementor-element elementor-element-597164b elementor-widget elementor-widget-image\" data-id=\"597164b\" data-element_type=\"widget\" data-widget_type=\"image.default\">\n\t\t\t\t<div class=\"elementor-widget-container\">\n\t\t\t\t\t<div class=\"elementor-image\">\n\t\t\t\t\t\t\t\t\t\t<img width=\"422\" height=\"590\" src=\"https:\/\/www.cse.udelar.edu.uy\/progresa\/wp-content\/uploads\/sites\/11\/2019\/08\/tep-v.png\" class=\"attachment-large size-large\" alt=\"\" loading=\"lazy\" srcset=\"https:\/\/www.cse.udelar.edu.uy\/progresa\/wp-content\/uploads\/sites\/11\/2019\/08\/tep-v-143x200.png 143w, https:\/\/www.cse.udelar.edu.uy\/progresa\/wp-content\/uploads\/sites\/11\/2019\/08\/tep-v-215x300.png 215w, https:\/\/www.cse.udelar.edu.uy\/progresa\/wp-content\/uploads\/sites\/11\/2019\/08\/tep-v.png 422w\" sizes=\"(max-width: 422px) 100vw, 422px\" \/>\t\t\t\t\t\t\t\t\t\t\t<\/div>\n\t\t\t\t<\/div>\n\t\t\t\t<\/div>\n\t\t\t\t\t\t<\/div>\n\t\t\t\t\t<\/div>\n\t\t<\/div>\n\t\t\t\t\t\t\t\t<\/div>\n\t\t\t\t\t<\/div>\n\t\t<\/section>\n\t\t\t\t<section class=\"elementor-section elementor-top-section elementor-element elementor-element-373f3bc elementor-section-boxed elementor-section-height-default elementor-section-height-default\" data-id=\"373f3bc\" data-element_type=\"section\">\n\t\t\t\t\t\t<div class=\"elementor-container elementor-column-gap-default\">\n\t\t\t\t\t\t\t<div class=\"elementor-row\">\n\t\t\t\t\t<div class=\"elementor-column elementor-col-66 elementor-top-column elementor-element elementor-element-eae0748\" data-id=\"eae0748\" data-element_type=\"column\">\n\t\t\t<div class=\"elementor-column-wrap elementor-element-populated\">\n\t\t\t\t\t\t\t<div class=\"elementor-widget-wrap\">\n\t\t\t\t\t\t<div class=\"elementor-element elementor-element-add62cd elementor-widget elementor-widget-text-editor\" data-id=\"add62cd\" data-element_type=\"widget\" data-widget_type=\"text-editor.default\">\n\t\t\t\t<div class=\"elementor-widget-container\">\n\t\t\t\t\t<div class=\"elementor-text-editor elementor-clearfix\"><h4 class=\"gmail-fusion-responsive-typography-calculated\">Interiorizate<\/h4><p><strong>Udelar, Fondo de Solidaridad, Mides<\/strong><\/p><p>En esta Gu\u00eda para j\u00f3venes que estudian en el interior, podr\u00e1n encontrarse recursos institucionales, sociales, territoriales de utilidad en la construcci\u00f3n de proyectos educativos cada vez m\u00e1s viables y consolidables. En la primera parte se detallan recursos que tienen cobertura a nivel nacional: sistema de becas de estudio, programas del Instituto Nacional de la Juventud del Uruguay (INJU) a nivel nacional, informaci\u00f3n de inter\u00e9s y sobre cobertura de salud. En la segunda parte, se detallan los recursos que existen en cada departamento de nuestro pa\u00eds, agrupados en regiones de acuerdo al sistema nacional de educaci\u00f3n p\u00fablica terciaria.\u00a0<a href=\"https:\/\/www.cse.udelar.edu.uy\/progresa\/wp-content\/uploads\/sites\/11\/2020\/03\/Interiorizate.pdf\"><strong><span style=\"text-indent: 0em;text-align: inherit\">Descargar.<\/span><\/strong><\/a><\/p><\/div>\n\t\t\t\t<\/div>\n\t\t\t\t<\/div>\n\t\t\t\t\t\t<\/div>\n\t\t\t\t\t<\/div>\n\t\t<\/div>\n\t\t\t\t<div class=\"elementor-column elementor-col-33 elementor-top-column elementor-element elementor-element-2caf31e\" data-id=\"2caf31e\" data-element_type=\"column\">\n\t\t\t<div class=\"elementor-column-wrap elementor-element-populated\">\n\t\t\t\t\t\t\t<div class=\"elementor-widget-wrap\">\n\t\t\t\t\t\t<div class=\"elementor-element elementor-element-3cc4186 elementor-widget elementor-widget-image\" data-id=\"3cc4186\" data-element_type=\"widget\" data-widget_type=\"image.default\">\n\t\t\t\t<div class=\"elementor-widget-container\">\n\t\t\t\t\t<div class=\"elementor-image\">\n\t\t\t\t\t\t\t\t\t\t<img width=\"299\" height=\"534\" src=\"https:\/\/www.cse.udelar.edu.uy\/progresa\/wp-content\/uploads\/sites\/11\/2020\/03\/interiorizate.png\" class=\"attachment-large size-large\" alt=\"\" loading=\"lazy\" srcset=\"https:\/\/www.cse.udelar.edu.uy\/progresa\/wp-content\/uploads\/sites\/11\/2020\/03\/interiorizate-112x200.png 112w, https:\/\/www.cse.udelar.edu.uy\/progresa\/wp-content\/uploads\/sites\/11\/2020\/03\/interiorizate-168x300.png 168w, https:\/\/www.cse.udelar.edu.uy\/progresa\/wp-content\/uploads\/sites\/11\/2020\/03\/interiorizate.png 299w\" sizes=\"(max-width: 299px) 100vw, 299px\" \/>\t\t\t\t\t\t\t\t\t\t\t<\/div>\n\t\t\t\t<\/div>\n\t\t\t\t<\/div>\n\t\t\t\t\t\t<\/div>\n\t\t\t\t\t<\/div>\n\t\t<\/div>\n\t\t\t\t\t\t\t\t<\/div>\n\t\t\t\t\t<\/div>\n\t\t<\/section>\n\t\t\t\t<section class=\"elementor-section elementor-top-section elementor-element elementor-element-afdc2a5 elementor-section-boxed elementor-section-height-default elementor-section-height-default\" data-id=\"afdc2a5\" data-element_type=\"section\">\n\t\t\t\t\t\t<div class=\"elementor-container elementor-column-gap-default\">\n\t\t\t\t\t\t\t<div class=\"elementor-row\">\n\t\t\t\t\t<div class=\"elementor-column elementor-col-66 elementor-top-column elementor-element elementor-element-575c16a\" data-id=\"575c16a\" data-element_type=\"column\">\n\t\t\t<div class=\"elementor-column-wrap elementor-element-populated\">\n\t\t\t\t\t\t\t<div class=\"elementor-widget-wrap\">\n\t\t\t\t\t\t<div class=\"elementor-element elementor-element-51fcfbf elementor-widget elementor-widget-text-editor\" data-id=\"51fcfbf\" data-element_type=\"widget\" data-widget_type=\"text-editor.default\">\n\t\t\t\t<div class=\"elementor-widget-container\">\n\t\t\t\t\t<div class=\"elementor-text-editor elementor-clearfix\"><h4 class=\"gmail-fusion-responsive-typography-calculated\">Sumate a elegir lo saludable<\/h4><p><strong>Udelar, Fondo de Solidaridad, Mides<\/strong><\/p><p>Esta Gu\u00eda para alimentaci\u00f3n y actividad f\u00edsica de los estudiantes se centra en un tema muy cotidiano pero no menos importante, como es la alimentaci\u00f3n, que a su vez se relaciona con los distintos planos de la salud, lo econ\u00f3mico, el manejo del tiempo, entre otros. As\u00ed, la gu\u00eda incluye recetarios y recomendaciones de alimentos seg\u00fan su aporte nutricional, as\u00ed como las distintas formas de conservaci\u00f3n, de manera que se mantengan en buenas condiciones para su consumo. <a href=\"https:\/\/www.cse.udelar.edu.uy\/progresa\/wp-content\/uploads\/sites\/11\/2020\/03\/gu\u00eda_de_alimentaci\u00f3n_saludable1.pdf\"><strong>Descargar.<\/strong><\/a><\/p><\/div>\n\t\t\t\t<\/div>\n\t\t\t\t<\/div>\n\t\t\t\t\t\t<\/div>\n\t\t\t\t\t<\/div>\n\t\t<\/div>\n\t\t\t\t<div class=\"elementor-column elementor-col-33 elementor-top-column elementor-element elementor-element-f9a08c0\" data-id=\"f9a08c0\" data-element_type=\"column\">\n\t\t\t<div class=\"elementor-column-wrap elementor-element-populated\">\n\t\t\t\t\t\t\t<div class=\"elementor-widget-wrap\">\n\t\t\t\t\t\t<div class=\"elementor-element elementor-element-e8c7bb2 elementor-widget elementor-widget-image\" data-id=\"e8c7bb2\" data-element_type=\"widget\" data-widget_type=\"image.default\">\n\t\t\t\t<div class=\"elementor-widget-container\">\n\t\t\t\t\t<div class=\"elementor-image\">\n\t\t\t\t\t\t\t\t\t\t<img width=\"280\" height=\"542\" src=\"https:\/\/www.cse.udelar.edu.uy\/progresa\/wp-content\/uploads\/sites\/11\/2020\/03\/sumate.png\" class=\"attachment-large size-large\" alt=\"\" loading=\"lazy\" srcset=\"https:\/\/www.cse.udelar.edu.uy\/progresa\/wp-content\/uploads\/sites\/11\/2020\/03\/sumate-103x200.png 103w, https:\/\/www.cse.udelar.edu.uy\/progresa\/wp-content\/uploads\/sites\/11\/2020\/03\/sumate-155x300.png 155w, https:\/\/www.cse.udelar.edu.uy\/progresa\/wp-content\/uploads\/sites\/11\/2020\/03\/sumate.png 280w\" sizes=\"(max-width: 280px) 100vw, 280px\" \/>\t\t\t\t\t\t\t\t\t\t\t<\/div>\n\t\t\t\t<\/div>\n\t\t\t\t<\/div>\n\t\t\t\t\t\t<\/div>\n\t\t\t\t\t<\/div>\n\t\t<\/div>\n\t\t\t\t\t\t\t\t<\/div>\n\t\t\t\t\t<\/div>\n\t\t<\/section>\n\t\t\t\t<section class=\"elementor-section elementor-top-section elementor-element elementor-element-6a17378 elementor-section-boxed elementor-section-height-default elementor-section-height-default\" data-id=\"6a17378\" data-element_type=\"section\">\n\t\t\t\t\t\t<div class=\"elementor-container elementor-column-gap-default\">\n\t\t\t\t\t\t\t<div class=\"elementor-row\">\n\t\t\t\t\t<div class=\"elementor-column elementor-col-66 elementor-top-column elementor-element elementor-element-1c1a704\" data-id=\"1c1a704\" data-element_type=\"column\">\n\t\t\t<div class=\"elementor-column-wrap elementor-element-populated\">\n\t\t\t\t\t\t\t<div class=\"elementor-widget-wrap\">\n\t\t\t\t\t\t<div class=\"elementor-element elementor-element-c19fa0b elementor-widget elementor-widget-text-editor\" data-id=\"c19fa0b\" data-element_type=\"widget\" data-widget_type=\"text-editor.default\">\n\t\t\t\t<div class=\"elementor-widget-container\">\n\t\t\t\t\t<div class=\"elementor-text-editor elementor-clearfix\"><h4 class=\"gmail-fusion-responsive-typography-calculated\">Montevideo, qu\u00e9 cerca te veo<\/h4><p><strong>Udelar, Fondo de Solidaridad, Mides<\/strong><\/p><p>En esta Gu\u00eda para j\u00f3venes del interior que estudian en Montevideo es posible encontrar toda la oferta educativa p\u00fablica de nivel terciario en Uruguay, as\u00ed como programas de becas y de orientaci\u00f3n a estudiantes. Tambi\u00e9n incluye informaci\u00f3n sobre b\u00fasqueda de empleo y cobertura de salud, acceso a la oferta art\u00edstica y actividades culturales, utilizaci\u00f3n del sistema de transporte y lugares que no pueden dejar de visitarse. <a href=\"https:\/\/www.cse.udelar.edu.uy\/progresa\/wp-content\/uploads\/sites\/11\/2020\/03\/montevideo_que_cerca_te_veo.pdf\"><strong>Descargar.<\/strong><\/a><\/p><\/div>\n\t\t\t\t<\/div>\n\t\t\t\t<\/div>\n\t\t\t\t\t\t<\/div>\n\t\t\t\t\t<\/div>\n\t\t<\/div>\n\t\t\t\t<div class=\"elementor-column elementor-col-33 elementor-top-column elementor-element elementor-element-827775e\" data-id=\"827775e\" data-element_type=\"column\">\n\t\t\t<div class=\"elementor-column-wrap elementor-element-populated\">\n\t\t\t\t\t\t\t<div class=\"elementor-widget-wrap\">\n\t\t\t\t\t\t<div class=\"elementor-element elementor-element-236a866 elementor-widget elementor-widget-image\" data-id=\"236a866\" data-element_type=\"widget\" data-widget_type=\"image.default\">\n\t\t\t\t<div class=\"elementor-widget-container\">\n\t\t\t\t\t<div class=\"elementor-image\">\n\t\t\t\t\t\t\t\t\t\t<img width=\"279\" height=\"541\" src=\"https:\/\/www.cse.udelar.edu.uy\/progresa\/wp-content\/uploads\/sites\/11\/2020\/03\/gu\u00eda-mvd.png\" class=\"attachment-large size-large\" alt=\"\" loading=\"lazy\" srcset=\"https:\/\/www.cse.udelar.edu.uy\/progresa\/wp-content\/uploads\/sites\/11\/2020\/03\/gu\u00eda-mvd-103x200.png 103w, https:\/\/www.cse.udelar.edu.uy\/progresa\/wp-content\/uploads\/sites\/11\/2020\/03\/gu\u00eda-mvd-155x300.png 155w, https:\/\/www.cse.udelar.edu.uy\/progresa\/wp-content\/uploads\/sites\/11\/2020\/03\/gu\u00eda-mvd.png 279w\" sizes=\"(max-width: 279px) 100vw, 279px\" \/>\t\t\t\t\t\t\t\t\t\t\t<\/div>\n\t\t\t\t<\/div>\n\t\t\t\t<\/div>\n\t\t\t\t\t\t<\/div>\n\t\t\t\t\t<\/div>\n\t\t<\/div>\n\t\t\t\t\t\t\t\t<\/div>\n\t\t\t\t\t<\/div>\n\t\t<\/section>\n\t\t\t\t<section class=\"elementor-section elementor-top-section elementor-element elementor-element-f665876 elementor-section-boxed elementor-section-height-default elementor-section-height-default\" data-id=\"f665876\" data-element_type=\"section\">\n\t\t\t\t\t\t<div class=\"elementor-container elementor-column-gap-default\">\n\t\t\t\t\t\t\t<div class=\"elementor-row\">\n\t\t\t\t\t<div class=\"elementor-column elementor-col-66 elementor-top-column elementor-element elementor-element-3f12d01\" data-id=\"3f12d01\" data-element_type=\"column\">\n\t\t\t<div class=\"elementor-column-wrap elementor-element-populated\">\n\t\t\t\t\t\t\t<div class=\"elementor-widget-wrap\">\n\t\t\t\t\t\t<div class=\"elementor-element elementor-element-2e1d142 elementor-widget elementor-widget-text-editor\" data-id=\"2e1d142\" data-element_type=\"widget\" data-widget_type=\"text-editor.default\">\n\t\t\t\t<div class=\"elementor-widget-container\">\n\t\t\t\t\t<div class=\"elementor-text-editor elementor-clearfix\"><h4 class=\"gmail-fusion-responsive-typography-calculated\">Programa de Respaldo al Aprendizaje de la Universidad de la Rep\u00fablica. Or\u00edgenes, presente y proyecciones.<\/h4><p>Universidad de la Rep\u00fablica, Comisi\u00f3n Sectorial de Ense\u00f1anza, 2015.\u00a0<\/p><\/div>\n\t\t\t\t<\/div>\n\t\t\t\t<\/div>\n\t\t\t\t\t\t<\/div>\n\t\t\t\t\t<\/div>\n\t\t<\/div>\n\t\t\t\t<div class=\"elementor-column elementor-col-33 elementor-top-column elementor-element elementor-element-0333059\" data-id=\"0333059\" data-element_type=\"column\">\n\t\t\t<div class=\"elementor-column-wrap elementor-element-populated\">\n\t\t\t\t\t\t\t<div class=\"elementor-widget-wrap\">\n\t\t\t\t\t\t<div class=\"elementor-element elementor-element-5920d75 elementor-widget elementor-widget-image\" data-id=\"5920d75\" data-element_type=\"widget\" data-widget_type=\"image.default\">\n\t\t\t\t<div class=\"elementor-widget-container\">\n\t\t\t\t\t<div class=\"elementor-image\">\n\t\t\t\t\t\t\t\t\t\t<img width=\"456\" height=\"612\" src=\"https:\/\/www.cse.udelar.edu.uy\/progresa\/wp-content\/uploads\/sites\/11\/2019\/05\/portada.png\" class=\"attachment-large size-large\" alt=\"\" loading=\"lazy\" srcset=\"https:\/\/www.cse.udelar.edu.uy\/progresa\/wp-content\/uploads\/sites\/11\/2019\/05\/portada-149x200.png 149w, https:\/\/www.cse.udelar.edu.uy\/progresa\/wp-content\/uploads\/sites\/11\/2019\/05\/portada-224x300.png 224w, https:\/\/www.cse.udelar.edu.uy\/progresa\/wp-content\/uploads\/sites\/11\/2019\/05\/portada.png 456w\" sizes=\"(max-width: 456px) 100vw, 456px\" \/>\t\t\t\t\t\t\t\t\t\t\t<\/div>\n\t\t\t\t<\/div>\n\t\t\t\t<\/div>\n\t\t\t\t\t\t<\/div>\n\t\t\t\t\t<\/div>\n\t\t<\/div>\n\t\t\t\t\t\t\t\t<\/div>\n\t\t\t\t\t<\/div>\n\t\t<\/section>\n\t\t\t\t<section class=\"elementor-section elementor-top-section elementor-element elementor-element-8278875 elementor-section-boxed elementor-section-height-default elementor-section-height-default\" data-id=\"8278875\" data-element_type=\"section\">\n\t\t\t\t\t\t<div class=\"elementor-container elementor-column-gap-default\">\n\t\t\t\t\t\t\t<div class=\"elementor-row\">\n\t\t\t\t\t<div class=\"elementor-column elementor-col-66 elementor-top-column elementor-element elementor-element-9936d06\" data-id=\"9936d06\" data-element_type=\"column\">\n\t\t\t<div class=\"elementor-column-wrap elementor-element-populated\">\n\t\t\t\t\t\t\t<div class=\"elementor-widget-wrap\">\n\t\t\t\t\t\t<div class=\"elementor-element elementor-element-b2c4e0f elementor-widget elementor-widget-text-editor\" data-id=\"b2c4e0f\" data-element_type=\"widget\" data-widget_type=\"text-editor.default\">\n\t\t\t\t<div class=\"elementor-widget-container\">\n\t\t\t\t\t<div class=\"elementor-text-editor elementor-clearfix\"><h4 class=\"gmail-fusion-responsive-typography-calculated\">Fundamentos Conceptuales de las Tutor\u00edas entre Pares. La experiencia de la Universidad de la Rep\u00fablica.<\/h4><p>Universidad de la Rep\u00fablica, Comisi\u00f3n Sectorial de Ense\u00f1anza, 2012. <a href=\"https:\/\/www.cse.udelar.edu.uy\/progresa\/wp-content\/uploads\/sites\/11\/2019\/08\/Progresa-Libro-TEP-2012.pdf\"><strong>Descargar.<\/strong><\/a><\/p><\/div>\n\t\t\t\t<\/div>\n\t\t\t\t<\/div>\n\t\t\t\t\t\t<\/div>\n\t\t\t\t\t<\/div>\n\t\t<\/div>\n\t\t\t\t<div class=\"elementor-column elementor-col-33 elementor-top-column elementor-element elementor-element-5242789\" data-id=\"5242789\" data-element_type=\"column\">\n\t\t\t<div class=\"elementor-column-wrap elementor-element-populated\">\n\t\t\t\t\t\t\t<div class=\"elementor-widget-wrap\">\n\t\t\t\t\t\t<div class=\"elementor-element elementor-element-93bde3d elementor-widget elementor-widget-image\" data-id=\"93bde3d\" data-element_type=\"widget\" data-widget_type=\"image.default\">\n\t\t\t\t<div class=\"elementor-widget-container\">\n\t\t\t\t\t<div class=\"elementor-image\">\n\t\t\t\t\t\t\t\t\t\t<img width=\"465\" height=\"622\" src=\"https:\/\/www.cse.udelar.edu.uy\/progresa\/wp-content\/uploads\/sites\/11\/2019\/05\/fundamentos-tep-portada.png\" class=\"attachment-large size-large\" alt=\"\" loading=\"lazy\" srcset=\"https:\/\/www.cse.udelar.edu.uy\/progresa\/wp-content\/uploads\/sites\/11\/2019\/05\/fundamentos-tep-portada-150x200.png 150w, https:\/\/www.cse.udelar.edu.uy\/progresa\/wp-content\/uploads\/sites\/11\/2019\/05\/fundamentos-tep-portada-224x300.png 224w, https:\/\/www.cse.udelar.edu.uy\/progresa\/wp-content\/uploads\/sites\/11\/2019\/05\/fundamentos-tep-portada.png 465w\" sizes=\"(max-width: 465px) 100vw, 465px\" \/>\t\t\t\t\t\t\t\t\t\t\t<\/div>\n\t\t\t\t<\/div>\n\t\t\t\t<\/div>\n\t\t\t\t\t\t<\/div>\n\t\t\t\t\t<\/div>\n\t\t<\/div>\n\t\t\t\t\t\t\t\t<\/div>\n\t\t\t\t\t<\/div>\n\t\t<\/section>\n\t\t\t\t<section class=\"elementor-section elementor-top-section elementor-element elementor-element-fe67b83 elementor-section-boxed elementor-section-height-default elementor-section-height-default\" data-id=\"fe67b83\" data-element_type=\"section\">\n\t\t\t\t\t\t<div class=\"elementor-container elementor-column-gap-default\">\n\t\t\t\t\t\t\t<div class=\"elementor-row\">\n\t\t\t\t\t<div class=\"elementor-column elementor-col-66 elementor-top-column elementor-element elementor-element-449e1c1\" data-id=\"449e1c1\" data-element_type=\"column\">\n\t\t\t<div class=\"elementor-column-wrap elementor-element-populated\">\n\t\t\t\t\t\t\t<div class=\"elementor-widget-wrap\">\n\t\t\t\t\t\t<div class=\"elementor-element elementor-element-068789a elementor-widget elementor-widget-text-editor\" data-id=\"068789a\" data-element_type=\"widget\" data-widget_type=\"text-editor.default\">\n\t\t\t\t<div class=\"elementor-widget-container\">\n\t\t\t\t\t<div class=\"elementor-text-editor elementor-clearfix\"><h4 class=\"gmail-fusion-responsive-typography-calculated\">Tutor\u00edas de Estudiantes. Tutor\u00edas entre Pares.<\/h4><p>Universidad de la Rep\u00fablica, Comisi\u00f3n Sectorial de Ense\u00f1anza, 2010. <strong><a href=\"https:\/\/www.cse.udelar.edu.uy\/progresa\/wp-content\/uploads\/sites\/11\/2022\/03\/Tutorias-de-estudiantes.TEP_.-Progresa-Udelar.pdf\">Descargar.<\/a><\/strong><\/p><\/div>\n\t\t\t\t<\/div>\n\t\t\t\t<\/div>\n\t\t\t\t\t\t<\/div>\n\t\t\t\t\t<\/div>\n\t\t<\/div>\n\t\t\t\t<div class=\"elementor-column elementor-col-33 elementor-top-column elementor-element elementor-element-9667185\" data-id=\"9667185\" data-element_type=\"column\">\n\t\t\t<div class=\"elementor-column-wrap elementor-element-populated\">\n\t\t\t\t\t\t\t<div class=\"elementor-widget-wrap\">\n\t\t\t\t\t\t<div class=\"elementor-element elementor-element-049332a elementor-widget elementor-widget-image\" data-id=\"049332a\" data-element_type=\"widget\" data-widget_type=\"image.default\">\n\t\t\t\t<div class=\"elementor-widget-container\">\n\t\t\t\t\t<div class=\"elementor-image\">\n\t\t\t\t\t\t\t\t\t\t<img width=\"419\" height=\"624\" src=\"https:\/\/www.cse.udelar.edu.uy\/progresa\/wp-content\/uploads\/sites\/11\/2019\/05\/tep-libro-portada.png\" class=\"attachment-large size-large\" alt=\"\" loading=\"lazy\" srcset=\"https:\/\/www.cse.udelar.edu.uy\/progresa\/wp-content\/uploads\/sites\/11\/2019\/05\/tep-libro-portada-134x200.png 134w, https:\/\/www.cse.udelar.edu.uy\/progresa\/wp-content\/uploads\/sites\/11\/2019\/05\/tep-libro-portada-201x300.png 201w, https:\/\/www.cse.udelar.edu.uy\/progresa\/wp-content\/uploads\/sites\/11\/2019\/05\/tep-libro-portada.png 419w\" sizes=\"(max-width: 419px) 100vw, 419px\" \/>\t\t\t\t\t\t\t\t\t\t\t<\/div>\n\t\t\t\t<\/div>\n\t\t\t\t<\/div>\n\t\t\t\t\t\t<\/div>\n\t\t\t\t\t<\/div>\n\t\t<\/div>\n\t\t\t\t\t\t\t\t<\/div>\n\t\t\t\t\t<\/div>\n\t\t<\/section>\n\t\t\t\t<section class=\"elementor-section elementor-top-section elementor-element elementor-element-1b290d1 elementor-section-boxed elementor-section-height-default elementor-section-height-default\" data-id=\"1b290d1\" data-element_type=\"section\">\n\t\t\t\t\t\t<div class=\"elementor-container elementor-column-gap-default\">\n\t\t\t\t\t\t\t<div class=\"elementor-row\">\n\t\t\t\t\t<div class=\"elementor-column elementor-col-66 elementor-top-column elementor-element elementor-element-3000005\" data-id=\"3000005\" data-element_type=\"column\">\n\t\t\t<div class=\"elementor-column-wrap elementor-element-populated\">\n\t\t\t\t\t\t\t<div class=\"elementor-widget-wrap\">\n\t\t\t\t\t\t<div class=\"elementor-element elementor-element-fddcb8a elementor-widget elementor-widget-text-editor\" data-id=\"fddcb8a\" data-element_type=\"widget\" data-widget_type=\"text-editor.default\">\n\t\t\t\t<div class=\"elementor-widget-container\">\n\t\t\t\t\t<div class=\"elementor-text-editor elementor-clearfix\"><h4 class=\"gmail-fusion-responsive-typography-calculated\">Conceptos y herramientas para aportar a la orientaci\u00f3n vocacional ocupacional de los j\u00f3venes.<\/h4><p><strong>Carina Santiviago y Aldo Mosca De Mori (comps.)<\/strong><\/p><p>Universidad de la Rep\u00fablica, Comisi\u00f3n Sectorial de Ense\u00f1anza, 2010. <a href=\"https:\/\/www.cse.udelar.edu.uy\/progresa\/wp-content\/uploads\/sites\/11\/2019\/08\/MANUAL-CONCEPTOS-Y-HERRAMIENTAS-OVO-1-1.pdf\"><strong>Descargar.<\/strong><\/a><\/p><\/div>\n\t\t\t\t<\/div>\n\t\t\t\t<\/div>\n\t\t\t\t\t\t<\/div>\n\t\t\t\t\t<\/div>\n\t\t<\/div>\n\t\t\t\t<div class=\"elementor-column elementor-col-33 elementor-top-column elementor-element elementor-element-9df6336\" data-id=\"9df6336\" data-element_type=\"column\">\n\t\t\t<div class=\"elementor-column-wrap elementor-element-populated\">\n\t\t\t\t\t\t\t<div class=\"elementor-widget-wrap\">\n\t\t\t\t\t\t<div class=\"elementor-element elementor-element-2e18290 elementor-widget elementor-widget-image\" data-id=\"2e18290\" data-element_type=\"widget\" data-widget_type=\"image.default\">\n\t\t\t\t<div class=\"elementor-widget-container\">\n\t\t\t\t\t<div class=\"elementor-image\">\n\t\t\t\t\t\t\t\t\t\t<img width=\"475\" height=\"631\" src=\"https:\/\/www.cse.udelar.edu.uy\/progresa\/wp-content\/uploads\/sites\/11\/2019\/05\/portada-OVO.png\" class=\"attachment-large size-large\" alt=\"\" loading=\"lazy\" srcset=\"https:\/\/www.cse.udelar.edu.uy\/progresa\/wp-content\/uploads\/sites\/11\/2019\/05\/portada-OVO-151x200.png 151w, https:\/\/www.cse.udelar.edu.uy\/progresa\/wp-content\/uploads\/sites\/11\/2019\/05\/portada-OVO-226x300.png 226w, https:\/\/www.cse.udelar.edu.uy\/progresa\/wp-content\/uploads\/sites\/11\/2019\/05\/portada-OVO.png 475w\" sizes=\"(max-width: 475px) 100vw, 475px\" \/>\t\t\t\t\t\t\t\t\t\t\t<\/div>\n\t\t\t\t<\/div>\n\t\t\t\t<\/div>\n\t\t\t\t\t\t<\/div>\n\t\t\t\t\t<\/div>\n\t\t<\/div>\n\t\t\t\t\t\t\t\t<\/div>\n\t\t\t\t\t<\/div>\n\t\t<\/section>\n\t\t\t\t\t\t<\/div>\n\t\t\t\t\t\t<\/div>\n\t\t\t\t\t<\/div>\n\t\t","protected":false},"excerpt":{"rendered":"<p>Orientaciones ante posibles situaciones de riesgo en el trabajo con estudiantes. Carina Santiviago\u00a0y\u00a0Vanessa Lujambio\u00a0(comps.) Universidad de la Rep\u00fablica, Comisi\u00f3n Sectorial de Ense\u00f1anza, 2022. Descargar. Monteviniendo. Trayectorias educativas y migraciones estudiantiles. Carina Santiviago Ansuberro y Jorge Maceiras Besnati (comps.) Universidad de la Rep\u00fablica, Comisi\u00f3n Sectorial de Ense\u00f1anza, 2019. Descargar. Las tutor\u00edas &hellip;<\/p>\n","protected":false},"author":1,"featured_media":0,"parent":0,"menu_order":0,"comment_status":"closed","ping_status":"closed","template":"","meta":[],"_links":{"self":[{"href":"https:\/\/www.cse.udelar.edu.uy\/progresa\/wp-json\/wp\/v2\/pages\/37"}],"collection":[{"href":"https:\/\/www.cse.udelar.edu.uy\/progresa\/wp-json\/wp\/v2\/pages"}],"about":[{"href":"https:\/\/www.cse.udelar.edu.uy\/progresa\/wp-json\/wp\/v2\/types\/page"}],"author":[{"embeddable":true,"href":"https:\/\/www.cse.udelar.edu.uy\/progresa\/wp-json\/wp\/v2\/users\/1"}],"replies":[{"embeddable":true,"href":"https:\/\/www.cse.udelar.edu.uy\/progresa\/wp-json\/wp\/v2\/comments?post=37"}],"version-history":[{"count":81,"href":"https:\/\/www.cse.udelar.edu.uy\/progresa\/wp-json\/wp\/v2\/pages\/37\/revisions"}],"predecessor-version":[{"id":3017,"href":"https:\/\/www.cse.udelar.edu.uy\/progresa\/wp-json\/wp\/v2\/pages\/37\/revisions\/3017"}],"wp:attachment":[{"href":"https:\/\/www.cse.udelar.edu.uy\/progresa\/wp-json\/wp\/v2\/media?parent=37"}],"curies":[{"name":"wp","href":"https:\/\/api.w.org\/{rel}","templated":true}]}}