{"id":27628,"date":"2020-05-04T18:26:07","date_gmt":"2020-05-04T18:26:07","guid":{"rendered":"https:\/\/www.cse.udelar.edu.uy\/recursos\/?page_id=27628"},"modified":"2020-05-21T14:00:55","modified_gmt":"2020-05-21T14:00:55","slug":"sitios-de-interes","status":"publish","type":"page","link":"https:\/\/www.cse.udelar.edu.uy\/recursos\/sitios-de-interes\/","title":{"rendered":"Documentos \/ Sitios de inter\u00e9s"},"content":{"rendered":"<div class=\"fusion-fullwidth fullwidth-box fusion-builder-row-1 nonhundred-percent-fullwidth non-hundred-percent-height-scrolling\" style=\"background-color: rgba(255,255,255,0);background-position: center center;background-repeat: no-repeat;padding-top:0px;padding-right:0px;padding-bottom:0px;padding-left:0px;margin-bottom: 0px;margin-top: 0px;border-width: 0px 0px 0px 0px;border-color:#e7e4e2;border-style:solid;\" ><div class=\"fusion-builder-row fusion-row\"><div class=\"fusion-layout-column fusion_builder_column fusion-builder-column-0 fusion_builder_column_1_3 1_3 fusion-one-third fusion-column-first\" style=\"width:30.6666%; margin-right: 4%;margin-top:0px;margin-bottom:0px;\"><div class=\"fusion-column-wrapper fusion-flex-column-wrapper-legacy\" style=\"background-position:left top;background-repeat:no-repeat;-webkit-background-size:cover;-moz-background-size:cover;-o-background-size:cover;background-size:cover;padding: 0px 0px 0px 0px;\"><style type=\"text\/css\"><\/style><div class=\"fusion-title title fusion-title-1 fusion-sep-none fusion-title-center fusion-title-text fusion-title-size-two\" style=\"margin-top:0px;margin-bottom:30px;\"><h2 class=\"title-heading-center\" style=\"margin:0;color:#ef9a3d;\">Pol\u00edticas de educaci\u00f3n superior<\/h2><\/div><div class=\"fusion-text fusion-text-1\"><div style=\"text-align: center;\"><br\/><a href=\"http:\/\/grupomontevideo.org\/sitio\/noticias-universitarias\/\"><img src=https:\/\/www.cse.udelar.edu.uy\/recursos\/wp-content\/uploads\/sites\/16\/2020\/05\/unnamed-2.jpg style=\"max-height:150px; max-width:150px;\"> <p>Grupo Montevideo, Noticias universitarias en relaci\u00f3n al Covid-19<\/p><\/a> <br\/><hr style=\"border: 1px solid gray; border-collapse: collapse\"><br\/><a href=\"http:\/\/www.iesalc.unesco.org\/\"><img src=https:\/\/www.cse.udelar.edu.uy\/recursos\/wp-content\/uploads\/sites\/16\/2020\/05\/Logo-UNESCO-IESALCCRES_ENGL-scaled.jpg style=\"max-height:150px; max-width:150px;\"> <p>IESALC, Unesco<\/p><\/a> <br\/><hr style=\"border: 1px solid gray; border-collapse: collapse\"><br\/><a href=\"https:\/\/www.xataka.com\/otros\/verse-obligadas-a-dar-clases-online-universidades-deberan-afrontar-nuevo-reto-hacer-examenes-internet\"><img src=https:\/\/www.cse.udelar.edu.uy\/recursos\/wp-content\/uploads\/sites\/16\/2020\/05\/450_1000.jpg style=\"max-height:150px; max-width:150px;\"> <p>Redes espa\u00f1olas<\/p><\/a> <br\/><hr style=\"border: 1px solid gray; border-collapse: collapse\"><br\/><a href=\"https:\/\/tec.mx\/es\/coronavirus-covid-19\"><img src=https:\/\/www.cse.udelar.edu.uy\/recursos\/wp-content\/uploads\/sites\/16\/2020\/05\/tec-de-monterrey-logo.png style=\"max-height:150px; max-width:150px;\"> <p>TEC de Monterrey, M\u00e9xico<\/p><\/a> <br\/><hr style=\"border: 1px solid gray; border-collapse: collapse\"><br\/><a href=\"http:\/\/citep.rec.uba.ar\/covid-19\/\"><img src=https:\/\/www.cse.udelar.edu.uy\/recursos\/wp-content\/uploads\/sites\/16\/2020\/05\/unnamed.png style=\"max-height:150px; max-width:150px;\"> <p>UBA Citep- recursos. Asesor\u00eda. Formaci\u00f3n.<\/p><\/a> <br\/><hr style=\"border: 1px solid gray; border-collapse: collapse\"><br\/><a href=\"https:\/\/es.unesco.org\/covid19\"><img src=https:\/\/www.cse.udelar.edu.uy\/recursos\/wp-content\/uploads\/sites\/16\/2020\/05\/unesco_logo_bw_en.png style=\"max-height:150px; max-width:150px;\"> <p>Unesco, Respuestas y recursos, Sitio Covid-19<\/p><\/a> <br\/><hr style=\"border: 1px solid gray; border-collapse: collapse\"><\/div>\n<\/div><div class=\"fusion-clearfix\"><\/div><\/div><\/div><div class=\"fusion-layout-column fusion_builder_column fusion-builder-column-1 fusion_builder_column_1_3 1_3 fusion-one-third\" style=\"width:30.6666%; margin-right: 4%;margin-top:0px;margin-bottom:0px;\"><div class=\"fusion-column-wrapper fusion-flex-column-wrapper-legacy\" style=\"background-position:left top;background-repeat:no-repeat;-webkit-background-size:cover;-moz-background-size:cover;-o-background-size:cover;background-size:cover;padding: 0px 0px 0px 0px;\"><style type=\"text\/css\"><\/style><div class=\"fusion-title title fusion-title-2 fusion-sep-none fusion-title-center fusion-title-text fusion-title-size-two\" style=\"margin-top:0px;margin-bottom:30px;\"><h2 class=\"title-heading-center\" style=\"margin:0;color:#ef9a3d;\">Herramientas<\/h2><\/div><div class=\"fusion-text fusion-text-2\"><div style=\"text-align: center;\"><br\/><a href=\"https:\/\/www.educaciontrespuntocero.com\/recursos\/herramientas-para-corregir-examenes\/\"><img src=https:\/\/www.cse.udelar.edu.uy\/recursos\/wp-content\/uploads\/sites\/16\/2020\/05\/logo-educacion-3.0-pc.png style=\"max-height:150px; max-width:150px;\"> <p>15 herramientas para crear y corregir ex\u00e1menes de forma \u00e1gil<\/p><\/a> <br\/><hr style=\"border: 1px solid gray; border-collapse: collapse\"><br\/><a href=\"https:\/\/tecnologia-y-proyectos-educativos.zeef.com\/es\/citep.uba\"><img src=https:\/\/www.cse.udelar.edu.uy\/recursos\/wp-content\/uploads\/sites\/16\/2020\/05\/unnamed.jpg style=\"max-height:150px; max-width:150px;\"> <p>Aplicaciones y recursos digitales. Citep-UBA<\/p><\/a> <br\/><hr style=\"border: 1px solid gray; border-collapse: collapse\"><br\/><a href=\"https:\/\/campusdigital.uib.es\/\"><img src=https:\/\/www.cse.udelar.edu.uy\/recursos\/wp-content\/uploads\/sites\/16\/2020\/05\/338734_logo-uib-vertical-color_300.png style=\"max-height:150px; max-width:150px;\"> <p>Aulas digitales y videoconferencias. Recursos. Campus digital Universidad de Islas Baleares, Espa\u00f1a<\/p><\/a> <br\/><hr style=\"border: 1px solid gray; border-collapse: collapse\"><br\/><a href=\"https:\/\/www.youtube.com\/channel\/UCm3FGJTmlb30B71183Pza4A\"><img src=https:\/\/www.cse.udelar.edu.uy\/recursos\/wp-content\/uploads\/sites\/16\/2020\/05\/UOC_Masterbrand.jpg style=\"max-height:150px; max-width:150px;\"> <p>Canal youtube de la UOC, Docencia no presencial de emergencia<\/p><\/a> <br\/><hr style=\"border: 1px solid gray; border-collapse: collapse\"><br\/><a href=\"https:\/\/mediateca.educa.madrid.org\/resultados.php?q=tutoriales&Field=6\"><img src=https:\/\/www.cse.udelar.edu.uy\/recursos\/wp-content\/uploads\/sites\/16\/2020\/05\/Logotipo_del_Gobierno_de_la_Comunidad_de_Madrid.svg.png style=\"max-height:150px; max-width:150px;\"> <p>Comunidad Madrid. Subido por los centros<\/p><\/a> <br\/><hr style=\"border: 1px solid gray; border-collapse: collapse\"><br\/><a href=\"https:\/\/www.uned.es\/universidad\/inicio\/uned_uoc_solidaria.html\"><img src=https:\/\/www.cse.udelar.edu.uy\/recursos\/wp-content\/uploads\/sites\/16\/2020\/05\/jcr-content.jpg style=\"max-height:150px; max-width:150px;\"> <p>Conectad@s: la universidad en casa, portal de recursos para el aprendizaje dise\u00f1ado y mantenido por la UNED y la UOC<\/p><\/a> <br\/><hr style=\"border: 1px solid gray; border-collapse: collapse\"><br\/><a href=\"https:\/\/paper.li\/manuel_area#\/\"><img src=https:\/\/www.cse.udelar.edu.uy\/recursos\/wp-content\/uploads\/sites\/16\/2020\/05\/diarioTwitter.jpg style=\"max-height:150px; max-width:150px;\"> <p>DiarioTwitt Educativo, de @manuel_area<\/p><\/a> <br\/><hr style=\"border: 1px solid gray; border-collapse: collapse\"><br\/><a href=\"https:\/\/www.youtube.com\/watch?v=-7-64js75Fg&feature=em-lbrm\"><img src=https:\/\/www.cse.udelar.edu.uy\/recursos\/wp-content\/uploads\/sites\/16\/2020\/05\/logo-universidad-nacional-de-rio-cuarto.png style=\"max-height:150px; max-width:150px;\"> <p>Dra. Alejandra Zangara, Autorregulaci\u00f3n: \u00bfC\u00f3mo estudiar desde casa?, 4to. Webinar organizada por la Coordinaci\u00f3n de Educaci\u00f3n a Distancia y Tecnolog\u00eda Educativa de la Secretar\u00eda Acad\u00e9mica perteneciente a la Universidad Nacional de R\u00edo Cuarto. C\u00f3rdoba. Argentina. 14-5-2020<\/p><\/a> <br\/><hr style=\"border: 1px solid gray; border-collapse: collapse\"><br\/><a href=\"https:\/\/www.youtube.com\/watch?v=NFnSaFNLimk&feature=youtu.be\"><img src=https:\/\/www.cse.udelar.edu.uy\/recursos\/wp-content\/uploads\/sites\/16\/2020\/05\/1200px-YouTube_full-color_icon_2017.svg.png style=\"max-height:150px; max-width:150px;\"> <p>Dra. Carina Lion, Aprendizaje Mediado por Tecnolog\u00edas y Gamificaci\u00f3n, Ciclo \u201cDi\u00e1logos que nos inspiran\u201d en Did\u00e1ctica General. 15-5-2020<\/p><\/a> <br\/><hr style=\"border: 1px solid gray; border-collapse: collapse\"><br\/><a href=\"https:\/\/www.youtube.com\/watch?v=8uqfKK75zew&t=681s\"><img src=https:\/\/www.cse.udelar.edu.uy\/recursos\/wp-content\/uploads\/sites\/16\/2020\/05\/1200px-YouTube_full-color_icon_2017.svg.png style=\"max-height:150px; max-width:150px;\"> <p>Dra. Mariana Maggio, Tiempos de pandemia: oportunidad para reinventar la clase, canal de la Facultad de Enfermer\u00eda, 22-4-2020<\/p><\/a> <br\/><hr style=\"border: 1px solid gray; border-collapse: collapse\"><br\/><a href=\"https:\/\/www.youtube.com\/watch?v=Yt5d-yVBqOY\"><img src=https:\/\/www.cse.udelar.edu.uy\/recursos\/wp-content\/uploads\/sites\/16\/2020\/05\/1200px-YouTube_full-color_icon_2017.svg.png style=\"max-height:150px; max-width:150px;\"> <p>Dra. Nati Cabrera, Dra. Maite Fern\u00e1ndez-Ferrer.  6 claves para una evaluaci\u00f3n en linea sencilla y efectiva,  Webinar de la UOC, 17-4-2020<\/p><\/a> <br\/><hr style=\"border: 1px solid gray; border-collapse: collapse\"><br\/><a href=\"https:\/\/youtu.be\/NcGg83spO8k\"><img src=https:\/\/www.cse.udelar.edu.uy\/recursos\/wp-content\/uploads\/sites\/16\/2020\/05\/Captura-de-Pantalla-2020-05-04-a-las-16.51.46.png style=\"max-height:150px; max-width:150px;\"> <p>FCEA &#8211; Udelar | En l\u00ednea y en persona<\/p><\/a> <br\/><hr style=\"border: 1px solid gray; border-collapse: collapse\"><br\/><a href=\"https:\/\/www.tonybates.ca\/2020\/05\/14\/five-webinar-recordings-on-the-myths-and-realities-of-online-learning-now-publicly-available\/\"><img src=https:\/\/www.cse.udelar.edu.uy\/recursos\/wp-content\/uploads\/sites\/16\/2020\/05\/1200px-YouTube_full-color_icon_2017.svg.png style=\"max-height:150px; max-width:150px;\"> <p>Five webinar recordings on the myths and realities of online learning now publicly available, Online Learning and Distance Education Resources, Moderated by Tony Bates, Contact North, 14-5-2020<\/p><\/a> <br\/><hr style=\"border: 1px solid gray; border-collapse: collapse\"><br\/><a href=\"https:\/\/www.uned.es\/universidad\/inicio\/uned_uoc_solidaria\/elearning.html\"><img src=https:\/\/www.cse.udelar.edu.uy\/recursos\/wp-content\/uploads\/sites\/16\/2020\/05\/1200px-YouTube_full-color_icon_2017.svg.png style=\"max-height:150px; max-width:150px;\"> <p>Gu\u00eda r\u00e1pida para preparar tu curso en l\u00ednea paso a paso, Ense\u00f1ar y aprender en l\u00ednea, disponible en: Conectad@s: la universidad en casa<\/p><\/a> <br\/><hr style=\"border: 1px solid gray; border-collapse: collapse\"><br\/><a href=\"https:\/\/www.youtube.com\/watch?v=JQ-OycDX1O4\"><img src=https:\/\/www.cse.udelar.edu.uy\/recursos\/wp-content\/uploads\/sites\/16\/2020\/05\/1200px-YouTube_full-color_icon_2017.svg.png style=\"max-height:150px; max-width:150px;\"> <p>Mag. Rebeca Anijovich. C\u00f3mo sabemos que nuestros estudiantes est\u00e1n aprendiendo. Conferencia por zoom, Profesorado Instituto del Rosario, 14-5-2020<\/p><\/a> <br\/><hr style=\"border: 1px solid gray; border-collapse: collapse\"><br\/><a href=\"http:\/\/openaccess.uoc.edu\/webapps\/o2\/bitstream\/10609\/111108\/1\/Info_Metodologies_docents_ES.pdf\"><img src=https:\/\/www.cse.udelar.edu.uy\/recursos\/wp-content\/uploads\/sites\/16\/2020\/05\/UOC_Masterbrand.jpg style=\"max-height:150px; max-width:150px;\"> <p>Metodolog\u00edas docentes, infograf\u00eda, 2017, e-learn center, UOC<\/p><\/a> <br\/><hr style=\"border: 1px solid gray; border-collapse: collapse\"><br\/><a href=\"https:\/\/www.intecca.uned.es\/inteccainfo\/proyectos\/proyectos\/repositorio-contenidos\/\"><img src=https:\/\/www.cse.udelar.edu.uy\/recursos\/wp-content\/uploads\/sites\/16\/2020\/05\/10559406.jpg style=\"max-height:150px; max-width:150px;\"> <p>Repositorio de contenidos digitales. UNED. Innovaci\u00f3n y Desarrollo Tecnol\u00f3gico de los centros asociados<\/p><\/a> <br\/><hr style=\"border: 1px solid gray; border-collapse: collapse\"><br\/><a href=\"https:\/\/www.ungs.edu.ar\/new\/servicio-de-aulas-virtuales-de-la-ungs-activa-ungs\"><img src=https:\/\/www.cse.udelar.edu.uy\/recursos\/wp-content\/uploads\/sites\/16\/2020\/05\/ungs.jpg style=\"max-height:150px; max-width:150px;\"> <p>Universidad Nacional de General Sarmiento<\/p><\/a> <br\/><hr style=\"border: 1px solid gray; border-collapse: collapse\"><\/div>\n<\/div><div class=\"fusion-clearfix\"><\/div><\/div><\/div><div class=\"fusion-layout-column fusion_builder_column fusion-builder-column-2 fusion_builder_column_1_3 1_3 fusion-one-third fusion-column-last\" style=\"width:30.6666%;margin-top:0px;margin-bottom:0px;\"><div class=\"fusion-column-wrapper fusion-flex-column-wrapper-legacy\" style=\"background-position:left top;background-repeat:no-repeat;-webkit-background-size:cover;-moz-background-size:cover;-o-background-size:cover;background-size:cover;padding: 0px 0px 0px 0px;\"><style type=\"text\/css\"><\/style><div class=\"fusion-title title fusion-title-3 fusion-sep-none fusion-title-center fusion-title-text fusion-title-size-two\" style=\"margin-top:0px;margin-bottom:30px;\"><h2 class=\"title-heading-center\" style=\"margin:0;color:#ef9a3d;\">Documentos<\/h2><\/div><div class=\"fusion-text fusion-text-3\"><div style=\"text-align: center;\"><br\/><a href=\"https:\/\/www.cse.udelar.edu.uy\/recursos\/wp-content\/uploads\/sites\/16\/2020\/05\/EVALUACION-EN-LINEA-final_UAECURE.pdf\"><img src=https:\/\/www.cse.udelar.edu.uy\/recursos\/wp-content\/uploads\/sites\/16\/2020\/05\/Logo_CURE.jpg style=\"max-height:150px; max-width:150px;\"> <p>Pautas para la evaluaci\u00f3n a distancia &#8211; Pilar Rodr\u00edguez &#8211; UAE CURE<\/p><\/a> <br\/><hr style=\"border: 1px solid gray; border-collapse: collapse\"><br\/><a href=\"https:\/\/www.cse.udelar.edu.uy\/wp-content\/uploads\/2020\/04\/UdelarEnLinea-OrientacionesBasicas.pdf\"><img src=https:\/\/www.cse.udelar.edu.uy\/recursos\/wp-content\/uploads\/sites\/16\/2020\/04\/cse-udelar.png style=\"max-height:150px; max-width:150px;\"> <p>Udelar en l\u00ednea Orientaciones b\u00e1sicas para el desarrollo de la ense\u00f1anza y la evaluaci\u00f3n<\/p><\/a> <br\/><hr style=\"border: 1px solid gray; border-collapse: collapse\"><\/div>\n<\/div><div class=\"fusion-text fusion-text-4\"><div style=\"text-align: center;\"><br\/><a href=\"https:\/\/www.publiconsulting.com\/wordpress\/teaching\/front-matter\/escenarioa\/\"><img src=https:\/\/www.cse.udelar.edu.uy\/recursos\/wp-content\/uploads\/sites\/16\/2020\/05\/275px-FIUBA_gris_transparente.png style=\"max-height:150px; max-width:150px;\"> <p>Anthony William Bates (2019, 2d. Ed.) \u201cTeaching in a Digital Age\u201d\u00a0, libro abierto, versi\u00f3n en espa\u00f1ol de la obra original, realizada por el Centro de Educaci\u00f3n a Distancia y el Departamento de Idiomas de la Facultad de Ingenier\u00eda \u2013 Universidad de Buenos Aires<\/p><\/a> <br\/><hr style=\"border: 1px solid gray; border-collapse: collapse\"><br\/><a href=\"https:\/\/www.cse.udelar.edu.uy\/recursos\/wp-content\/uploads\/sites\/16\/2020\/05\/Construccion-\u00edtems-m\u00faltiple-opci\u00f3n.pdf\"><img src=https:\/\/www.cse.udelar.edu.uy\/recursos\/wp-content\/uploads\/sites\/16\/2020\/05\/publicaciones-psicothema-instituto-avanza-beatriz-plans.jpg style=\"max-height:150px; max-width:150px;\"> <p>Construccion \u00edtems m\u00faltiple opci\u00f3n<\/p><\/a> <br\/><hr style=\"border: 1px solid gray; border-collapse: collapse\"><br\/><a href=\"https:\/\/psico.edu.uy\/covid\/teletrabajo-y-entorno\"><img src=https:\/\/www.cse.udelar.edu.uy\/recursos\/wp-content\/uploads\/sites\/16\/2020\/05\/images.jpeg style=\"max-height:150px; max-width:150px;\"> <p>Psicolog\u00eda<\/p><\/a> <br\/><hr style=\"border: 1px solid gray; border-collapse: collapse\"><br\/><a href=\"https:\/\/coronavirus.udelar.edu.uy\/recomendaciones-para-elaborar-materiales-inclusivos\/\"><img src=https:\/\/www.cse.udelar.edu.uy\/recursos\/wp-content\/uploads\/sites\/16\/2020\/05\/logo-udelar.png style=\"max-height:150px; max-width:150px;\"> <p>Recomendaciones para elaborar materiales inclusivos<\/p><\/a> <br\/><hr style=\"border: 1px solid gray; border-collapse: collapse\"><\/div>\n<\/div><div class=\"fusion-clearfix\"><\/div><\/div><\/div><\/div><\/div>\n","protected":false},"excerpt":{"rendered":"","protected":false},"author":2,"featured_media":0,"parent":0,"menu_order":0,"comment_status":"closed","ping_status":"closed","template":"","meta":[],"_links":{"self":[{"href":"https:\/\/www.cse.udelar.edu.uy\/recursos\/wp-json\/wp\/v2\/pages\/27628"}],"collection":[{"href":"https:\/\/www.cse.udelar.edu.uy\/recursos\/wp-json\/wp\/v2\/pages"}],"about":[{"href":"https:\/\/www.cse.udelar.edu.uy\/recursos\/wp-json\/wp\/v2\/types\/page"}],"author":[{"embeddable":true,"href":"https:\/\/www.cse.udelar.edu.uy\/recursos\/wp-json\/wp\/v2\/users\/2"}],"replies":[{"embeddable":true,"href":"https:\/\/www.cse.udelar.edu.uy\/recursos\/wp-json\/wp\/v2\/comments?post=27628"}],"version-history":[{"count":15,"href":"https:\/\/www.cse.udelar.edu.uy\/recursos\/wp-json\/wp\/v2\/pages\/27628\/revisions"}],"predecessor-version":[{"id":28062,"href":"https:\/\/www.cse.udelar.edu.uy\/recursos\/wp-json\/wp\/v2\/pages\/27628\/revisions\/28062"}],"wp:attachment":[{"href":"https:\/\/www.cse.udelar.edu.uy\/recursos\/wp-json\/wp\/v2\/media?parent=27628"}],"curies":[{"name":"wp","href":"https:\/\/api.w.org\/{rel}","templated":true}]}}